{"id":3420,"date":"2018-06-29T06:50:28","date_gmt":"2018-06-29T04:50:28","guid":{"rendered":"http:\/\/www.musedolomiti.it\/?post_type=tribe_events&#038;p=3420"},"modified":"2018-06-29T07:15:17","modified_gmt":"2018-06-29T05:15:17","slug":"2018-il-coro","status":"publish","type":"tribe_events","link":"https:\/\/www.musedolomiti.it\/en\/evento\/2018-il-coro\/","title":{"rendered":"Il Coro"},"content":{"rendered":"<h5 class=\"p1\"><strong><span class=\"s1\">Domenica 8 Luglio 2018, ore 21 | Chiesa di S.Simon, Localit\u00e0 Sachet, Vallada Agordina<span class=\"Apple-converted-space\">\u00a0<\/span>| INGRESSO LIBERO<\/span><\/strong><\/h5>\n<hr \/>\n<p class=\"p2\"><span class=\"s1\"><b>Ensemble Canticum Novum, diretto dal M.<\/b><\/span><span class=\"s2\"><b><sup>o<\/sup><\/b><\/span><span class=\"s1\"><b> Ilario Defrancesco<\/b><\/span><\/p>\n<p class=\"p2\"><span class=\"s1\">A richiesta di molti, torna per la seconda volta l\u2019Ensemble Canticum Novum di Moena, che unisce coristi dalle Valli di Fiemme e Fassa. In occasione del loro debutto a San Simon nel Luglio 2017 il pubblico scrisse: \u201cmeravigliosa serata\u201d &#8211; \u201cconcerto ricco di bellezza e di emozioni\u201d &#8211; \u201cserata emozionante\u201d. Quindi l\u2019esibizione dell\u2019Ensemble Canticum Novum costituisce, sia per il livello artistico sia per l\u2019originale scelta di repertorio, un appuntamento imperdibile. Il 2018 rappresenta un anno speciale per la corale, che festeggia il suo 25<\/span><span class=\"s2\"><sup>o<\/sup><\/span><span class=\"s1\"> anno di attivit\u00e0 anche con l\u2019uscita del nuovo CD,<span class=\"Apple-converted-space\">\u00a0 <\/span>composto da brani sacri multiculturali. <\/span><\/p>\n<p class=\"p2\"><span class=\"s1\">Alla fine della serata, nella stupenda location segue rinfresco.<\/span><\/p>\n<p>&nbsp;<\/p>\n<div class=\"gdlr-shortcode-wrapper\"><div class=\"gdlr-item gdlr-accordion-item style-1\"  ><div class=\"accordion-tab\" ><h4 class=\"accordion-title\" ><i class=\"icon-plus\" ><\/i><span>Scopri il Curriculum di Ensemble Canticum Novum<\/span><\/h4><div class=\"accordion-content\"><p>L\u2019<strong>Ensemble Canticum Novum<\/strong>, coro misto costituito a Moena (Tn) alla fine del 1993, \u00e8 composto da 37 elementi provenienti dalle valli di Fiemme e Fassa. Fondato e diretto dal M\u00b0 Ilario Defrancesco, nei venticinque anni di attivit\u00e0 ha tenuto oltre trecento concerti nelle\u00a0 due valli e numerose uscite in ambito regionale, nazionale e internazionale (Svezia 2007, Olanda 2016, Germania 2018).<\/p>\n<p>Tra l\u2019altro ha preso parte al <em>Requiem Op. 48<\/em> di G. Faur\u00e9, alla <em>Missa Brevis Sancti Joannis de Deo<\/em> di J. Haydn, ha eseguito il <em>Requiem<\/em> di J. Rutter, e nell\u2019ambito del 41\u00b0 Festival di Musica Sacra ha cantato la <em>Messa in sol maggiore <\/em>di F. Schubert assieme al coro ed orchestra di S. Cristina Valgardena. Ha collaborato alla registrazione di brani liturgici per la rivista \u201cMusica e Assemblea\u201d (Ed. Dehoniane, Bologna) ed ha inciso un CD di canti sacri per le Edizioni Carrara. Nel 2008 ha registrato dal vivo il CD <em>Ciantie da devozion II<\/em>, realizzato dall\u2019Istituto Culturale Ladino in occasione del centenario della nascita del compositore moenese Luigi Canori. In ambito profano ha partecipato alle opere per soli, coro e orchestra <em>Laurin<\/em>, di Luigi Canori, e <em>Conturina<\/em> di Claudio Vadagnini, delle quali sono stati registrati CD dal vivo.<\/p>\n<p>Negli anni l\u2019Ensemble si \u00e8 proposto di affiancare al repertorio concertistico sacro anche un programma di carattere etnico, andando alla scoperta di nuove sonorit\u00e0 tipiche dei canti tradizionali di altre culture, europee e non solo. In questa ricerca \u00e8 stata significativa la collaborazione con il M\u00b0 Sebastian Korn, docente e compositore di fama internazionale, sotto la cui direzione l\u2019Ensemble, nel 2003, ha partecipato all\u2019incisione live di un CD di canti natalizi. Recentemente ha anche approfondito alcuni aspetti della vocalit\u00e0 con la cantante Oda Hochscheid.<\/p>\n<p>In pi\u00f9 occasioni ha affiancato l\u2019orchestra d\u2019archi della Scuola di Musica \u201cIl Pentagramma\u201d di Fiemme e Fassa &#8211; composta quasi interamente da giovani allievi &#8211; per proporre concerti in cui il repertorio a cappella si alterna con composizioni che prevedono la presenza strumentale.<\/p>\n<p>Ha inciso i CD \u201cMosaico Vocale\u201d (2005) che crea un percorso tra canti etnico-folclorici di diverse culture e tradizioni, \u201cSeguendo la stella\u201d (2009) con canti natalizi e \u201cIn Sacro Silenzio\u201d (2018).<\/p>\n<p>La provenienza di una parte dei coristi, oltre al maestro, dal paese di Moena e da altri paesi della Valle di Fassa ha fatto s\u00ec che in tutti gli anni di attivit\u00e0 siano stati e tuttora vengano presentati canti in lingua ladina, provenienti dalla tradizione o brani contemporanei con testi in ladino, scritti da autori quali padre Frumenzio Ghetta o Stefano Dell\u2019Antonio, musicati per coro misto dal direttore Ilario Defrancesco.<\/p>\n<\/div><\/div><div class=\"accordion-tab\" ><h4 class=\"accordion-title\" ><i class=\"icon-plus\" ><\/i><span>Scopri il Curriculum del M.o Ilario Defrancesco<\/span><\/h4><div class=\"accordion-content\"><h4><strong>Ilario Defrancesco<\/strong><\/h4>\n<p>Nato a Moena (Tn) nel 1970, si \u00e8 diplomato al Conservatorio \u201cF. A. Bonporti\u201d di Trento in <em>Pianoforte<\/em> con la prof.ssa Maddalena Giese, e in <em>Musica corale e direzione di coro<\/em> sotto la guida della prof.ssa Cecilia Vettorazzi. Nel 1993 ha fondato l\u2019Ensemble Canticum Novum di Moena, coro polifonico misto che tuttora dirige.<\/p>\n<p>Dal 1998 insegna <em>Formazione musicale<\/em> e <em>Musica corale<\/em> presso la Scuola di Musica \u201cIl Pentagramma\u201d delle valli di Fiemme e Fassa, con sede a Tesero (Tn).<\/p>\n<p>Oltre ad aver partecipato ad un master in direzione orchestrale e corale con il M\u00b0 Maurizio Dini Ciacci, nel campo della didattica musicale ha seguito numerosi corsi con i prof. Carlo Delfrati, Giovanni Piazza e, in particolare, ha collaborato con il M\u00b0 Sebastian Korn. Condivide la metodologia del M\u00b0 Nicola Conci sviluppandola in nuovi percorsi. In quest\u2019ultimo periodo sta sperimentando anche lo stretto legame tra musica e movimento attraverso la Body Percussion.<\/p>\n<p>Ha fatto parte della Commissione tecnico-artistica della Federazione Cori del Trentino ed \u00e8 stato membro di giuria di alcuni concorsi di composizione corale.<\/p>\n<p>Come compositore di musica vocale ha infatti ottenuto diversi riconoscimenti tra cui la segnalazione d\u2019onore al IX Concorso Internazionale di Composizione ed Elaborazione Corale di Trento; la segnalazione al V Concorso di Composizione \u201cCantar Saba\u201d di Trieste ed una menzione onorifica nella V edizione del \u201cPremio a la Composici\u00f3n y Expresi\u00f3n Coral\u201d di Las Palmas de Gran Canaria (Spagna). Nel 2013 ha inoltre conseguito il primo premio al Concorso Nazionale di Composizione Corale \u201cEdizioniCorali.it\u201d.<\/p>\n<p>Suoi brani sono stati pubblicati in svariate raccolte curate dalla Federazione Cori del Trentino, dall\u2019ASAC Veneto, dalle Edizioni Pizzicato &#8211; Verlag Helvetia, Carrara, Ut Orpheus e in un\u2019edizione promossa dal Governo delle Isole Canarie. Nel 2006 ha pubblicato \u201cP\u00ecsola, R\u00ecsola Tirapec\u00e9\u201d una raccolta di circa 50 canti con finalit\u00e0 didattica per voci bianche, su testi in ladino di Stefano Dell\u2019Antonio (ed. Union di Ladins de Fascia). Ha inoltre ideato il progetto didattico \u201cMemorizza col canto\u201d volto a fornire nuovi canti per l\u2019insegnamento veicolare della lingua ladina fassana, poi raccolti in una pubblicazione di carattere didattico ed adattati anche alle lingue minoritarie mochena e cimbra. La Federazione Nazionale Italiana Associazioni Regionali Corali (Feniarco) ha inoltre selezionato e pubblicato undici sue composizioni nei volumi \u201cGiro Giro Canto\u201d 3, 4 e 6, \u201cMelos\u201d 2 e 3, e \u201cTeenc@nta\u201d 2. Recentemente la Federazione Cori del Trentino ha inserito undici suoi brani nelle raccolte \u201cUn Coro in ogni Scuola\u201d I e II, distribuite a tutte le scuole della provincia.<\/p>\n<p>Come autore di musiche per spettacoli teatrali ha composto \u201cI Monti Pallidi\u201d (2010), \u201cIstad\u00e8la Comand\u00e8la \/ Il viaggio dei giovani aquiloni\u201d (2011) e \u201cElges \/ Occhi\u201d (2012).<\/p>\n<p>Il suo brano \u201cScoita l\u2019ega ciantar\u201d \u00e8 stato eseguito nell\u2019ambito di EuroChoir 2011 e scelto dal M\u00b0 Gary Graden per l\u2019<em>Atelier Made in Italy<\/em> di Europa Cantat XVIII (Festival di musica corale europeo) svoltosi a Torino nell\u2019estate 2012. Negli ultimi anni le sue composizioni sono state eseguite da numerosi cori sia in ambito nazionale che internazionale.<\/p>\n<\/div><\/div><\/div><\/div>\n<p>&nbsp;<\/p>\n<p><strong>\u00a0<\/strong><a href=\"http:\/\/www.canticumoena.it\/\"><strong>www.canticumoena.it<\/strong><\/a><\/p>\n","protected":false},"excerpt":{"rendered":"<p>Domenica 8 Luglio 2018, ore 21 | Chiesa di S.Simon, Localit\u00e0 Sachet, Vallada Agordina\u00a0| INGRESSO LIBERO Ensemble Canticum Novum, diretto dal M.o Ilario Defrancesco A richiesta di molti, torna per&#8230; <\/p>\n<div class=\"clear\"><\/div>\n<p><a href=\"https:\/\/www.musedolomiti.it\/en\/evento\/2018-il-coro\/\" class=\"gdlr-button with-border excerpt-read-more\">Read More<\/a><\/p>\n","protected":false},"author":1,"featured_media":3426,"template":"","meta":{"_acf_changed":false,"_tribe_events_status":"","_tribe_events_status_reason":"","footnotes":""},"tags":[],"tribe_events_cat":[60],"class_list":["post-3420","tribe_events","type-tribe_events","status-publish","has-post-thumbnail","hentry","tribe_events_cat-vi-edizione-2018","cat_vi-edizione-2018"],"acf":[],"yoast_head":"<!-- This site is optimized with the Yoast SEO plugin v27.1.1 - https:\/\/yoast.com\/product\/yoast-seo-wordpress\/ -->\n<title>Il Coro - Le Muse e le Dolomiti<\/title>\n<meta name=\"description\" content=\"Scopri tutti gli eventi di Musica Classica organizzati dall&#039;Associazione &quot;Le Muse e le Dolomiti&quot;.\" \/>\n<meta name=\"robots\" content=\"index, follow, max-snippet:-1, max-image-preview:large, max-video-preview:-1\" \/>\n<link rel=\"canonical\" href=\"https:\/\/www.musedolomiti.it\/evento\/2018-il-coro\/\" \/>\n<meta property=\"og:locale\" content=\"en_US\" \/>\n<meta property=\"og:type\" content=\"article\" \/>\n<meta property=\"og:title\" content=\"Il Coro - Le Muse e le Dolomiti\" \/>\n<meta property=\"og:description\" content=\"Scopri tutti gli eventi di Musica Classica organizzati dall&#039;Associazione &quot;Le Muse e le Dolomiti&quot;.\" \/>\n<meta property=\"og:url\" content=\"https:\/\/www.musedolomiti.it\/evento\/2018-il-coro\/\" \/>\n<meta property=\"og:site_name\" content=\"Le Muse e le Dolomiti\" \/>\n<meta property=\"article:publisher\" content=\"https:\/\/it-it.facebook.com\/musedolomiti\/\" \/>\n<meta property=\"article:modified_time\" content=\"2018-06-29T05:15:17+00:00\" \/>\n<meta property=\"og:image\" content=\"https:\/\/www.musedolomiti.it\/wp-content\/uploads\/2018\/06\/CanticumNovum.jpg\" \/>\n\t<meta property=\"og:image:width\" content=\"1800\" \/>\n\t<meta property=\"og:image:height\" content=\"1200\" \/>\n\t<meta property=\"og:image:type\" content=\"image\/jpeg\" \/>\n<meta name=\"twitter:card\" content=\"summary_large_image\" \/>\n<meta name=\"twitter:label1\" content=\"Est. reading time\" \/>\n\t<meta name=\"twitter:data1\" content=\"5 minutes\" \/>\n<script type=\"application\/ld+json\" class=\"yoast-schema-graph\">{\"@context\":\"https:\/\/schema.org\",\"@graph\":[{\"@type\":\"WebPage\",\"@id\":\"https:\/\/www.musedolomiti.it\/evento\/2018-il-coro\/\",\"url\":\"https:\/\/www.musedolomiti.it\/evento\/2018-il-coro\/\",\"name\":\"Il Coro - Le Muse e le Dolomiti\",\"isPartOf\":{\"@id\":\"https:\/\/www.musedolomiti.it\/en\/#website\"},\"primaryImageOfPage\":{\"@id\":\"https:\/\/www.musedolomiti.it\/evento\/2018-il-coro\/#primaryimage\"},\"image\":{\"@id\":\"https:\/\/www.musedolomiti.it\/evento\/2018-il-coro\/#primaryimage\"},\"thumbnailUrl\":\"https:\/\/www.musedolomiti.it\/wp-content\/uploads\/2018\/06\/CanticumNovum.jpg\",\"datePublished\":\"2018-06-29T04:50:28+00:00\",\"dateModified\":\"2018-06-29T05:15:17+00:00\",\"description\":\"Scopri tutti gli eventi di Musica Classica organizzati dall'Associazione \\\"Le Muse e le Dolomiti\\\".\",\"breadcrumb\":{\"@id\":\"https:\/\/www.musedolomiti.it\/evento\/2018-il-coro\/#breadcrumb\"},\"inLanguage\":\"en-US\",\"potentialAction\":[{\"@type\":\"ReadAction\",\"target\":[\"https:\/\/www.musedolomiti.it\/evento\/2018-il-coro\/\"]}]},{\"@type\":\"ImageObject\",\"inLanguage\":\"en-US\",\"@id\":\"https:\/\/www.musedolomiti.it\/evento\/2018-il-coro\/#primaryimage\",\"url\":\"https:\/\/www.musedolomiti.it\/wp-content\/uploads\/2018\/06\/CanticumNovum.jpg\",\"contentUrl\":\"https:\/\/www.musedolomiti.it\/wp-content\/uploads\/2018\/06\/CanticumNovum.jpg\",\"width\":1800,\"height\":1200},{\"@type\":\"BreadcrumbList\",\"@id\":\"https:\/\/www.musedolomiti.it\/evento\/2018-il-coro\/#breadcrumb\",\"itemListElement\":[{\"@type\":\"ListItem\",\"position\":1,\"name\":\"Home\",\"item\":\"https:\/\/www.musedolomiti.it\/en\/\"},{\"@type\":\"ListItem\",\"position\":2,\"name\":\"Eventi\",\"item\":\"https:\/\/www.musedolomiti.it\/calendario\/\"},{\"@type\":\"ListItem\",\"position\":3,\"name\":\"Il Coro\"}]},{\"@type\":\"WebSite\",\"@id\":\"https:\/\/www.musedolomiti.it\/en\/#website\",\"url\":\"https:\/\/www.musedolomiti.it\/en\/\",\"name\":\"Le Muse e le Dolomiti\",\"description\":\"Da Nord a Sud, da Est a Ovest, la Musica e il Belcanto uniscono il mondo.\",\"potentialAction\":[{\"@type\":\"SearchAction\",\"target\":{\"@type\":\"EntryPoint\",\"urlTemplate\":\"https:\/\/www.musedolomiti.it\/en\/?s={search_term_string}\"},\"query-input\":{\"@type\":\"PropertyValueSpecification\",\"valueRequired\":true,\"valueName\":\"search_term_string\"}}],\"inLanguage\":\"en-US\"}]}<\/script>\n<!-- \/ Yoast SEO plugin. -->","yoast_head_json":{"title":"Il Coro - Le Muse e le Dolomiti","description":"Scopri tutti gli eventi di Musica Classica organizzati dall'Associazione \"Le Muse e le Dolomiti\".","robots":{"index":"index","follow":"follow","max-snippet":"max-snippet:-1","max-image-preview":"max-image-preview:large","max-video-preview":"max-video-preview:-1"},"canonical":"https:\/\/www.musedolomiti.it\/evento\/2018-il-coro\/","og_locale":"en_US","og_type":"article","og_title":"Il Coro - Le Muse e le Dolomiti","og_description":"Scopri tutti gli eventi di Musica Classica organizzati dall'Associazione \"Le Muse e le Dolomiti\".","og_url":"https:\/\/www.musedolomiti.it\/evento\/2018-il-coro\/","og_site_name":"Le Muse e le Dolomiti","article_publisher":"https:\/\/it-it.facebook.com\/musedolomiti\/","article_modified_time":"2018-06-29T05:15:17+00:00","og_image":[{"width":1800,"height":1200,"url":"https:\/\/www.musedolomiti.it\/wp-content\/uploads\/2018\/06\/CanticumNovum.jpg","type":"image\/jpeg"}],"twitter_card":"summary_large_image","twitter_misc":{"Est. reading time":"5 minutes"},"schema":{"@context":"https:\/\/schema.org","@graph":[{"@type":"WebPage","@id":"https:\/\/www.musedolomiti.it\/evento\/2018-il-coro\/","url":"https:\/\/www.musedolomiti.it\/evento\/2018-il-coro\/","name":"Il Coro - Le Muse e le Dolomiti","isPartOf":{"@id":"https:\/\/www.musedolomiti.it\/en\/#website"},"primaryImageOfPage":{"@id":"https:\/\/www.musedolomiti.it\/evento\/2018-il-coro\/#primaryimage"},"image":{"@id":"https:\/\/www.musedolomiti.it\/evento\/2018-il-coro\/#primaryimage"},"thumbnailUrl":"https:\/\/www.musedolomiti.it\/wp-content\/uploads\/2018\/06\/CanticumNovum.jpg","datePublished":"2018-06-29T04:50:28+00:00","dateModified":"2018-06-29T05:15:17+00:00","description":"Scopri tutti gli eventi di Musica Classica organizzati dall'Associazione \"Le Muse e le Dolomiti\".","breadcrumb":{"@id":"https:\/\/www.musedolomiti.it\/evento\/2018-il-coro\/#breadcrumb"},"inLanguage":"en-US","potentialAction":[{"@type":"ReadAction","target":["https:\/\/www.musedolomiti.it\/evento\/2018-il-coro\/"]}]},{"@type":"ImageObject","inLanguage":"en-US","@id":"https:\/\/www.musedolomiti.it\/evento\/2018-il-coro\/#primaryimage","url":"https:\/\/www.musedolomiti.it\/wp-content\/uploads\/2018\/06\/CanticumNovum.jpg","contentUrl":"https:\/\/www.musedolomiti.it\/wp-content\/uploads\/2018\/06\/CanticumNovum.jpg","width":1800,"height":1200},{"@type":"BreadcrumbList","@id":"https:\/\/www.musedolomiti.it\/evento\/2018-il-coro\/#breadcrumb","itemListElement":[{"@type":"ListItem","position":1,"name":"Home","item":"https:\/\/www.musedolomiti.it\/en\/"},{"@type":"ListItem","position":2,"name":"Eventi","item":"https:\/\/www.musedolomiti.it\/calendario\/"},{"@type":"ListItem","position":3,"name":"Il Coro"}]},{"@type":"WebSite","@id":"https:\/\/www.musedolomiti.it\/en\/#website","url":"https:\/\/www.musedolomiti.it\/en\/","name":"Le Muse e le Dolomiti","description":"Da Nord a Sud, da Est a Ovest, la Musica e il Belcanto uniscono il mondo.","potentialAction":[{"@type":"SearchAction","target":{"@type":"EntryPoint","urlTemplate":"https:\/\/www.musedolomiti.it\/en\/?s={search_term_string}"},"query-input":{"@type":"PropertyValueSpecification","valueRequired":true,"valueName":"search_term_string"}}],"inLanguage":"en-US"}]}},"_links":{"self":[{"href":"https:\/\/www.musedolomiti.it\/en\/wp-json\/wp\/v2\/tribe_events\/3420","targetHints":{"allow":["GET"]}}],"collection":[{"href":"https:\/\/www.musedolomiti.it\/en\/wp-json\/wp\/v2\/tribe_events"}],"about":[{"href":"https:\/\/www.musedolomiti.it\/en\/wp-json\/wp\/v2\/types\/tribe_events"}],"author":[{"embeddable":true,"href":"https:\/\/www.musedolomiti.it\/en\/wp-json\/wp\/v2\/users\/1"}],"version-history":[{"count":10,"href":"https:\/\/www.musedolomiti.it\/en\/wp-json\/wp\/v2\/tribe_events\/3420\/revisions"}],"predecessor-version":[{"id":3484,"href":"https:\/\/www.musedolomiti.it\/en\/wp-json\/wp\/v2\/tribe_events\/3420\/revisions\/3484"}],"wp:featuredmedia":[{"embeddable":true,"href":"https:\/\/www.musedolomiti.it\/en\/wp-json\/wp\/v2\/media\/3426"}],"wp:attachment":[{"href":"https:\/\/www.musedolomiti.it\/en\/wp-json\/wp\/v2\/media?parent=3420"}],"wp:term":[{"taxonomy":"post_tag","embeddable":true,"href":"https:\/\/www.musedolomiti.it\/en\/wp-json\/wp\/v2\/tags?post=3420"},{"taxonomy":"tribe_events_cat","embeddable":true,"href":"https:\/\/www.musedolomiti.it\/en\/wp-json\/wp\/v2\/tribe_events_cat?post=3420"}],"curies":[{"name":"wp","href":"https:\/\/api.w.org\/{rel}","templated":true}]}}