{"id":4182,"date":"2019-05-29T22:21:54","date_gmt":"2019-05-29T20:21:54","guid":{"rendered":"http:\/\/www.musedolomiti.it\/?post_type=tribe_events&#038;p=4182"},"modified":"2019-07-18T22:18:35","modified_gmt":"2019-07-18T20:18:35","slug":"vii-edizione-2019-dietro-le-quinte","status":"publish","type":"tribe_events","link":"https:\/\/www.musedolomiti.it\/en\/evento\/vii-edizione-2019-dietro-le-quinte\/","title":{"rendered":"VII Edizione 2019 &#8211; Dietro le Quinte"},"content":{"rendered":"<h5 class=\"p1\"><span class=\"s1\">Luned\u00ec 15 &#8211; Venerd\u00ec 26 Luglio 2019 | Scuola Primaria &#8220;Padre Felice Cappello&#8221;, Falcade |<span class=\"Apple-converted-space\">\u00a0 <\/span>INGRESSO LIBERO<\/span><\/h5>\n<hr \/>\n<p><b><a href=\"http:\/\/www.musedolomiti.it\/wp-content\/uploads\/2019\/05\/MuseDolomiti_2019.jpg\"><img loading=\"lazy\" decoding=\"async\" class=\"alignleft wp-image-4263 size-medium\" src=\"http:\/\/www.musedolomiti.it\/wp-content\/uploads\/2019\/05\/MuseDolomiti_2019-210x300.jpg\" alt=\"\" width=\"210\" height=\"300\" srcset=\"https:\/\/www.musedolomiti.it\/wp-content\/uploads\/2019\/05\/MuseDolomiti_2019-210x300.jpg 210w, https:\/\/www.musedolomiti.it\/wp-content\/uploads\/2019\/05\/MuseDolomiti_2019-768x1096.jpg 768w, https:\/\/www.musedolomiti.it\/wp-content\/uploads\/2019\/05\/MuseDolomiti_2019-717x1024.jpg 717w, https:\/\/www.musedolomiti.it\/wp-content\/uploads\/2019\/05\/MuseDolomiti_2019.jpg 1240w\" sizes=\"auto, (max-width: 210px) 100vw, 210px\" \/><\/a>Masterclass Internazionale di Canto Lirico, tenuta dalla Maestra<\/b><b><sup>\u00a0<\/sup><\/b><b>Tabiadon e dal Maestro<\/b><b><sup>\u00a0<\/sup><\/b><b>Peverada. Le lezioni della mattina e del pomeriggio sono aperte al pubblico gratuitamente.<br \/>\n<\/b><b>Per info chiamare 342 9147711<\/b><\/p>\n<p>Torna anche quest\u2019anno la <b>Masterclass Internazionale \u201cOpera, Liederistica e Musica Sacra\u201d <\/b>tenuta dal soprano <b>Adelisa Tabiadon<\/b> e dal pianista\/maestro di repertorio <b>Loris Peverada.<\/b><\/p>\n<p>Adelisa Tabiadon, le cui origini familiari sono a Tabiadon di Val, frazione del Comune di Falcade, \u00e8 un famoso soprano lirico-spinto. Ha cantato nei teatri pi\u00f9 importanti d&#8217;Italia e del mondo, interpretando i ruoli principali del repertorio verdiano, sempre a fianco di artisti importanti come Luciano Pavarotti, Leo Nucci, Riccardo Chailly e molti altri. Adelisa Tabiadon insegna presso la Scuola Civica \u201cC. Abbado\u201d di Milano e il Conservatorio \u201cG. Nicolini\u201d di Piacenza ed \u00e8 insegnante della Masterclass Internazionale dal 2013, anno di inizio del progetto.<\/p>\n<p>Loris Peverada \u00e8 pianista e maestro collaboratore di esperienza trentennale nel mondo della lirica, ha collaborato con artisti del pi\u00f9 alto livello e con numerosi teatri ed enti importanti, come quelli di Macerata, Montepulciano, L\u2019Aquila, Trieste, Nizza, Lugano oltre alla Radio della Svizzera Italiana.<\/p>\n<p>Nel periodo 15-26 Luglio, i maestri Adelisa e Loris terranno le lezioni di canto presso la Scuola Primaria \u201cPadre Felice Cappello\u201d in Via Marmolada, Falcade.<span class=\"Apple-converted-space\">\u00a0<\/span><\/p>\n<p>Le lezioni saranno aperte, sempre in forma gratuita, al pubblico, che potr\u00e0 cos\u00ec scoprire il lavoro dietro le quinte: non \u00e8 solo talento che porta al palcoscenico!<span class=\"Apple-converted-space\">\u00a0<\/span><\/p>\n<p>Orari: tutti giorni (escluso il 21 luglio, per concerto) dalle 10 alle 12.30 e dalle 14 alle 18.<span class=\"Apple-converted-space\">\u00a0<\/span><\/p>\n<p>Per ulteriori informazioni, rivolgersi al 342 9147711.<\/p>\n<p><em>Le Muse e le Dolomiti ringrazia:<\/em><br \/>\n<i>Comune di Falcade, Istituto comprensivo di Cencenighe, Istituto &#8220;U. Follador &#8211; A. de Rossi&#8221; di Agordo<\/i><\/p>\n","protected":false},"excerpt":{"rendered":"<p>Luned\u00ec 15 &#8211; Venerd\u00ec 26 Luglio 2019 | Scuola Primaria &#8220;Padre Felice Cappello&#8221;, Falcade |\u00a0 INGRESSO LIBERO Masterclass Internazionale di Canto Lirico, tenuta dalla Maestra\u00a0Tabiadon e dal Maestro\u00a0Peverada. Le lezioni&#8230; <\/p>\n<div class=\"clear\"><\/div>\n<p><a href=\"https:\/\/www.musedolomiti.it\/en\/evento\/vii-edizione-2019-dietro-le-quinte\/\" class=\"gdlr-button with-border excerpt-read-more\">Read More<\/a><\/p>\n","protected":false},"author":2,"featured_media":3841,"template":"","meta":{"_acf_changed":false,"_tribe_events_status":"","_tribe_events_status_reason":"","footnotes":""},"tags":[],"tribe_events_cat":[73],"class_list":["post-4182","tribe_events","type-tribe_events","status-publish","has-post-thumbnail","hentry","tribe_events_cat-vii-edizione-2019","cat_vii-edizione-2019"],"acf":[],"yoast_head":"<!-- This site is optimized with the Yoast SEO plugin v27.1.1 - https:\/\/yoast.com\/product\/yoast-seo-wordpress\/ -->\n<title>VII Edizione 2019 - Dietro le Quinte - Le Muse e le Dolomiti<\/title>\n<meta name=\"description\" content=\"Scopri tutti gli eventi di Musica Classica organizzati dall&#039;Associazione &quot;Le Muse e le Dolomiti&quot;.\" \/>\n<meta name=\"robots\" content=\"index, follow, max-snippet:-1, max-image-preview:large, max-video-preview:-1\" \/>\n<link rel=\"canonical\" href=\"https:\/\/www.musedolomiti.it\/evento\/vii-edizione-2019-dietro-le-quinte\/\" \/>\n<meta property=\"og:locale\" content=\"en_US\" \/>\n<meta property=\"og:type\" content=\"article\" \/>\n<meta property=\"og:title\" content=\"VII Edizione 2019 - Dietro le Quinte - Le Muse e le Dolomiti\" \/>\n<meta property=\"og:description\" content=\"Scopri tutti gli eventi di Musica Classica organizzati dall&#039;Associazione &quot;Le Muse e le Dolomiti&quot;.\" \/>\n<meta property=\"og:url\" content=\"https:\/\/www.musedolomiti.it\/evento\/vii-edizione-2019-dietro-le-quinte\/\" \/>\n<meta property=\"og:site_name\" content=\"Le Muse e le Dolomiti\" \/>\n<meta property=\"article:publisher\" content=\"https:\/\/it-it.facebook.com\/musedolomiti\/\" \/>\n<meta property=\"article:modified_time\" content=\"2019-07-18T20:18:35+00:00\" \/>\n<meta property=\"og:image\" content=\"https:\/\/www.musedolomiti.it\/wp-content\/uploads\/2018\/06\/3_DIETROLEQUINTE.jpg\" \/>\n\t<meta property=\"og:image:width\" content=\"1800\" \/>\n\t<meta property=\"og:image:height\" content=\"1200\" \/>\n\t<meta property=\"og:image:type\" content=\"image\/jpeg\" \/>\n<meta name=\"twitter:card\" content=\"summary_large_image\" \/>\n<meta name=\"twitter:label1\" content=\"Est. reading time\" \/>\n\t<meta name=\"twitter:data1\" content=\"1 minute\" \/>\n<script type=\"application\/ld+json\" class=\"yoast-schema-graph\">{\"@context\":\"https:\/\/schema.org\",\"@graph\":[{\"@type\":\"WebPage\",\"@id\":\"https:\/\/www.musedolomiti.it\/evento\/vii-edizione-2019-dietro-le-quinte\/\",\"url\":\"https:\/\/www.musedolomiti.it\/evento\/vii-edizione-2019-dietro-le-quinte\/\",\"name\":\"VII Edizione 2019 - Dietro le Quinte - Le Muse e le Dolomiti\",\"isPartOf\":{\"@id\":\"https:\/\/www.musedolomiti.it\/en\/#website\"},\"primaryImageOfPage\":{\"@id\":\"https:\/\/www.musedolomiti.it\/evento\/vii-edizione-2019-dietro-le-quinte\/#primaryimage\"},\"image\":{\"@id\":\"https:\/\/www.musedolomiti.it\/evento\/vii-edizione-2019-dietro-le-quinte\/#primaryimage\"},\"thumbnailUrl\":\"https:\/\/www.musedolomiti.it\/wp-content\/uploads\/2018\/06\/3_DIETROLEQUINTE.jpg\",\"datePublished\":\"2019-05-29T20:21:54+00:00\",\"dateModified\":\"2019-07-18T20:18:35+00:00\",\"description\":\"Scopri tutti gli eventi di Musica Classica organizzati dall'Associazione \\\"Le Muse e le Dolomiti\\\".\",\"breadcrumb\":{\"@id\":\"https:\/\/www.musedolomiti.it\/evento\/vii-edizione-2019-dietro-le-quinte\/#breadcrumb\"},\"inLanguage\":\"en-US\",\"potentialAction\":[{\"@type\":\"ReadAction\",\"target\":[\"https:\/\/www.musedolomiti.it\/evento\/vii-edizione-2019-dietro-le-quinte\/\"]}]},{\"@type\":\"ImageObject\",\"inLanguage\":\"en-US\",\"@id\":\"https:\/\/www.musedolomiti.it\/evento\/vii-edizione-2019-dietro-le-quinte\/#primaryimage\",\"url\":\"https:\/\/www.musedolomiti.it\/wp-content\/uploads\/2018\/06\/3_DIETROLEQUINTE.jpg\",\"contentUrl\":\"https:\/\/www.musedolomiti.it\/wp-content\/uploads\/2018\/06\/3_DIETROLEQUINTE.jpg\",\"width\":1800,\"height\":1200},{\"@type\":\"BreadcrumbList\",\"@id\":\"https:\/\/www.musedolomiti.it\/evento\/vii-edizione-2019-dietro-le-quinte\/#breadcrumb\",\"itemListElement\":[{\"@type\":\"ListItem\",\"position\":1,\"name\":\"Home\",\"item\":\"https:\/\/www.musedolomiti.it\/en\/\"},{\"@type\":\"ListItem\",\"position\":2,\"name\":\"Eventi\",\"item\":\"https:\/\/www.musedolomiti.it\/calendario\/\"},{\"@type\":\"ListItem\",\"position\":3,\"name\":\"VII Edizione 2019 &#8211; Dietro le Quinte\"}]},{\"@type\":\"WebSite\",\"@id\":\"https:\/\/www.musedolomiti.it\/en\/#website\",\"url\":\"https:\/\/www.musedolomiti.it\/en\/\",\"name\":\"Le Muse e le Dolomiti\",\"description\":\"Da Nord a Sud, da Est a Ovest, la Musica e il Belcanto uniscono il mondo.\",\"potentialAction\":[{\"@type\":\"SearchAction\",\"target\":{\"@type\":\"EntryPoint\",\"urlTemplate\":\"https:\/\/www.musedolomiti.it\/en\/?s={search_term_string}\"},\"query-input\":{\"@type\":\"PropertyValueSpecification\",\"valueRequired\":true,\"valueName\":\"search_term_string\"}}],\"inLanguage\":\"en-US\"}]}<\/script>\n<!-- \/ Yoast SEO plugin. -->","yoast_head_json":{"title":"VII Edizione 2019 - Dietro le Quinte - Le Muse e le Dolomiti","description":"Scopri tutti gli eventi di Musica Classica organizzati dall'Associazione \"Le Muse e le Dolomiti\".","robots":{"index":"index","follow":"follow","max-snippet":"max-snippet:-1","max-image-preview":"max-image-preview:large","max-video-preview":"max-video-preview:-1"},"canonical":"https:\/\/www.musedolomiti.it\/evento\/vii-edizione-2019-dietro-le-quinte\/","og_locale":"en_US","og_type":"article","og_title":"VII Edizione 2019 - Dietro le Quinte - Le Muse e le Dolomiti","og_description":"Scopri tutti gli eventi di Musica Classica organizzati dall'Associazione \"Le Muse e le Dolomiti\".","og_url":"https:\/\/www.musedolomiti.it\/evento\/vii-edizione-2019-dietro-le-quinte\/","og_site_name":"Le Muse e le Dolomiti","article_publisher":"https:\/\/it-it.facebook.com\/musedolomiti\/","article_modified_time":"2019-07-18T20:18:35+00:00","og_image":[{"width":1800,"height":1200,"url":"https:\/\/www.musedolomiti.it\/wp-content\/uploads\/2018\/06\/3_DIETROLEQUINTE.jpg","type":"image\/jpeg"}],"twitter_card":"summary_large_image","twitter_misc":{"Est. reading time":"1 minute"},"schema":{"@context":"https:\/\/schema.org","@graph":[{"@type":"WebPage","@id":"https:\/\/www.musedolomiti.it\/evento\/vii-edizione-2019-dietro-le-quinte\/","url":"https:\/\/www.musedolomiti.it\/evento\/vii-edizione-2019-dietro-le-quinte\/","name":"VII Edizione 2019 - Dietro le Quinte - Le Muse e le Dolomiti","isPartOf":{"@id":"https:\/\/www.musedolomiti.it\/en\/#website"},"primaryImageOfPage":{"@id":"https:\/\/www.musedolomiti.it\/evento\/vii-edizione-2019-dietro-le-quinte\/#primaryimage"},"image":{"@id":"https:\/\/www.musedolomiti.it\/evento\/vii-edizione-2019-dietro-le-quinte\/#primaryimage"},"thumbnailUrl":"https:\/\/www.musedolomiti.it\/wp-content\/uploads\/2018\/06\/3_DIETROLEQUINTE.jpg","datePublished":"2019-05-29T20:21:54+00:00","dateModified":"2019-07-18T20:18:35+00:00","description":"Scopri tutti gli eventi di Musica Classica organizzati dall'Associazione \"Le Muse e le Dolomiti\".","breadcrumb":{"@id":"https:\/\/www.musedolomiti.it\/evento\/vii-edizione-2019-dietro-le-quinte\/#breadcrumb"},"inLanguage":"en-US","potentialAction":[{"@type":"ReadAction","target":["https:\/\/www.musedolomiti.it\/evento\/vii-edizione-2019-dietro-le-quinte\/"]}]},{"@type":"ImageObject","inLanguage":"en-US","@id":"https:\/\/www.musedolomiti.it\/evento\/vii-edizione-2019-dietro-le-quinte\/#primaryimage","url":"https:\/\/www.musedolomiti.it\/wp-content\/uploads\/2018\/06\/3_DIETROLEQUINTE.jpg","contentUrl":"https:\/\/www.musedolomiti.it\/wp-content\/uploads\/2018\/06\/3_DIETROLEQUINTE.jpg","width":1800,"height":1200},{"@type":"BreadcrumbList","@id":"https:\/\/www.musedolomiti.it\/evento\/vii-edizione-2019-dietro-le-quinte\/#breadcrumb","itemListElement":[{"@type":"ListItem","position":1,"name":"Home","item":"https:\/\/www.musedolomiti.it\/en\/"},{"@type":"ListItem","position":2,"name":"Eventi","item":"https:\/\/www.musedolomiti.it\/calendario\/"},{"@type":"ListItem","position":3,"name":"VII Edizione 2019 &#8211; Dietro le Quinte"}]},{"@type":"WebSite","@id":"https:\/\/www.musedolomiti.it\/en\/#website","url":"https:\/\/www.musedolomiti.it\/en\/","name":"Le Muse e le Dolomiti","description":"Da Nord a Sud, da Est a Ovest, la Musica e il Belcanto uniscono il mondo.","potentialAction":[{"@type":"SearchAction","target":{"@type":"EntryPoint","urlTemplate":"https:\/\/www.musedolomiti.it\/en\/?s={search_term_string}"},"query-input":{"@type":"PropertyValueSpecification","valueRequired":true,"valueName":"search_term_string"}}],"inLanguage":"en-US"}]}},"_links":{"self":[{"href":"https:\/\/www.musedolomiti.it\/en\/wp-json\/wp\/v2\/tribe_events\/4182","targetHints":{"allow":["GET"]}}],"collection":[{"href":"https:\/\/www.musedolomiti.it\/en\/wp-json\/wp\/v2\/tribe_events"}],"about":[{"href":"https:\/\/www.musedolomiti.it\/en\/wp-json\/wp\/v2\/types\/tribe_events"}],"author":[{"embeddable":true,"href":"https:\/\/www.musedolomiti.it\/en\/wp-json\/wp\/v2\/users\/2"}],"version-history":[{"count":6,"href":"https:\/\/www.musedolomiti.it\/en\/wp-json\/wp\/v2\/tribe_events\/4182\/revisions"}],"predecessor-version":[{"id":4277,"href":"https:\/\/www.musedolomiti.it\/en\/wp-json\/wp\/v2\/tribe_events\/4182\/revisions\/4277"}],"wp:featuredmedia":[{"embeddable":true,"href":"https:\/\/www.musedolomiti.it\/en\/wp-json\/wp\/v2\/media\/3841"}],"wp:attachment":[{"href":"https:\/\/www.musedolomiti.it\/en\/wp-json\/wp\/v2\/media?parent=4182"}],"wp:term":[{"taxonomy":"post_tag","embeddable":true,"href":"https:\/\/www.musedolomiti.it\/en\/wp-json\/wp\/v2\/tags?post=4182"},{"taxonomy":"tribe_events_cat","embeddable":true,"href":"https:\/\/www.musedolomiti.it\/en\/wp-json\/wp\/v2\/tribe_events_cat?post=4182"}],"curies":[{"name":"wp","href":"https:\/\/api.w.org\/{rel}","templated":true}]}}