{"id":4202,"date":"2019-05-29T22:45:45","date_gmt":"2019-05-29T20:45:45","guid":{"rendered":"http:\/\/www.musedolomiti.it\/?post_type=tribe_events&#038;p=4202"},"modified":"2019-06-10T22:56:41","modified_gmt":"2019-06-10T20:56:41","slug":"vii-edizione-2019-alba-e-crepuscolo","status":"publish","type":"tribe_events","link":"https:\/\/www.musedolomiti.it\/en\/evento\/vii-edizione-2019-alba-e-crepuscolo\/","title":{"rendered":"VII Edizione 2019 &#8211; Alba e Crepuscolo"},"content":{"rendered":"<h5 class=\"p1\"><span class=\"s1\">Venerd\u00ec 2 Agosto 2019, ore 21 | Chiesa monumentale di San Simon, Vallada Agordina |<span class=\"Apple-converted-space\">\u00a0 <\/span>INGRESSO LIBERO<\/span><\/h5>\n<hr \/>\n<p><strong><a href=\"http:\/\/www.musedolomiti.it\/wp-content\/uploads\/2019\/05\/MuseDolomiti_2019.jpg\"><img loading=\"lazy\" decoding=\"async\" class=\"alignleft wp-image-4263 size-medium\" src=\"http:\/\/www.musedolomiti.it\/wp-content\/uploads\/2019\/05\/MuseDolomiti_2019-210x300.jpg\" alt=\"\" width=\"210\" height=\"300\" srcset=\"https:\/\/www.musedolomiti.it\/wp-content\/uploads\/2019\/05\/MuseDolomiti_2019-210x300.jpg 210w, https:\/\/www.musedolomiti.it\/wp-content\/uploads\/2019\/05\/MuseDolomiti_2019-768x1096.jpg 768w, https:\/\/www.musedolomiti.it\/wp-content\/uploads\/2019\/05\/MuseDolomiti_2019-717x1024.jpg 717w, https:\/\/www.musedolomiti.it\/wp-content\/uploads\/2019\/05\/MuseDolomiti_2019.jpg 1240w\" sizes=\"auto, (max-width: 210px) 100vw, 210px\" \/><\/a>Musiche di Handel, Bach, Elgar, Barber e altri<\/strong><\/p>\n<p>Oda Zoe Hochscheid, mezzosoprano<br \/>\nIvo Crepaldi, primo violino<br \/>\nAnna Capovilla, secondo violino<br \/>\nEzio Vinante, viola<br \/>\nIvo Brigadoi, violoncello<br \/>\nAi Yoshida, clavicembalo e organo<\/p>\n<p>Ad aprire questo concerto, l\u2019aria virtuosa <i>\u201cDopo notte\u201d<\/i> tratta dall\u2019Opera Lirica <i>\u201cAriodante\u201d<\/i> di Handel, con tutti i musicisti e le musiciste coinvolti. L\u2019aria racconta il trionfo del protagonista Ariodante e annuncia la fine felice della vicenda: <i>\u201cDopo notte atra e funesta splende in ciel pi\u00f9 vago il sole<\/i>\u201d.<span class=\"Apple-converted-space\">\u00a0<\/span><\/p>\n<p>A chiudere il concerto, l\u2019emozionante <i>\u201cDover Beach\u201d<\/i>, composto da Samuel Barber per quartetto d\u2019archi e baritono o mezzosoprano, sulla poesia di Matthew Arnold. <i>\u201cDover Beach\u201d<\/i> dipinge le scogliere di Calais illuminate dal sole al tramonto e vuole essere un elogio all\u2019amore di coppia.<\/p>\n<p>Oltre a questi due brani, appartenenti a linguaggi musicali diversissimi, saranno eseguite musiche strumentali e vocali di Bach, Mozart, Elgar e altri ancora; Ai Yoshida suoner\u00e0 l\u2019organo Gaetano Callido costruito nel 1802, gemello dell\u2019organo presente nella Chiesa di San Tomaso. Il concerto presenter\u00e0 quindi una grande ricchezza e diversit\u00e0 di suoni in uno splendido luogo, che pu\u00f2 essere chiamato senza dubbio il monumento storico-artistico pi\u00f9 importante della Valle del Biois.<\/p>\n<p>All\u2019interno del programma, in collaborazione con la Fondazione Papa Luciani, verr\u00e0 presentato dall\u2019autore Antonio Preziosi il libro \u201cIndimenticabile\u201d, che ricostruisce con rigore giornalistico la portata innovativa del breve pontificato di Albino Luciani.<span class=\"Apple-converted-space\">\u00a0<\/span><\/p>\n<p>Al termine del concerto verr\u00e0 offerto un rinfresco presso Ristorante-Bar \u201cL\u2019Ariet\u201d nella localit\u00e0 Sachet, Vallada Agordina.<span class=\"Apple-converted-space\">\u00a0<\/span><\/p>\n<p><em>Le Muse e le Dolomiti ringrazia la<\/em><em>\u00a0Proloco, la\u00a0<i>Parrocchia e il Comune di Vallada Agordina.<\/i><\/em><\/p>\n","protected":false},"excerpt":{"rendered":"<p>Venerd\u00ec 2 Agosto 2019, ore 21 | Chiesa monumentale di San Simon, Vallada Agordina |\u00a0 INGRESSO LIBERO Musiche di Handel, Bach, Elgar, Barber e altri Oda Zoe Hochscheid, mezzosoprano Ivo&#8230; <\/p>\n<div class=\"clear\"><\/div>\n<p><a href=\"https:\/\/www.musedolomiti.it\/en\/evento\/vii-edizione-2019-alba-e-crepuscolo\/\" class=\"gdlr-button with-border excerpt-read-more\">Read More<\/a><\/p>\n","protected":false},"author":2,"featured_media":4203,"template":"","meta":{"_acf_changed":false,"_tribe_events_status":"","_tribe_events_status_reason":"","footnotes":""},"tags":[],"tribe_events_cat":[73],"class_list":["post-4202","tribe_events","type-tribe_events","status-publish","has-post-thumbnail","hentry","tribe_events_cat-vii-edizione-2019","cat_vii-edizione-2019"],"acf":[],"yoast_head":"<!-- This site is optimized with the Yoast SEO plugin v27.1.1 - https:\/\/yoast.com\/product\/yoast-seo-wordpress\/ -->\n<title>VII Edizione 2019 - Alba e Crepuscolo - Le Muse e le Dolomiti<\/title>\n<meta name=\"description\" content=\"Scopri tutti gli eventi di Musica Classica organizzati dall&#039;Associazione &quot;Le Muse e le Dolomiti&quot;.\" \/>\n<meta name=\"robots\" content=\"index, follow, max-snippet:-1, max-image-preview:large, max-video-preview:-1\" \/>\n<link rel=\"canonical\" href=\"https:\/\/www.musedolomiti.it\/en\/evento\/vii-edizione-2019-alba-e-crepuscolo\/\" \/>\n<meta property=\"og:locale\" content=\"en_US\" \/>\n<meta property=\"og:type\" content=\"article\" \/>\n<meta property=\"og:title\" content=\"VII Edizione 2019 - Alba e Crepuscolo - Le Muse e le Dolomiti\" \/>\n<meta property=\"og:description\" content=\"Scopri tutti gli eventi di Musica Classica organizzati dall&#039;Associazione &quot;Le Muse e le Dolomiti&quot;.\" \/>\n<meta property=\"og:url\" content=\"https:\/\/www.musedolomiti.it\/en\/evento\/vii-edizione-2019-alba-e-crepuscolo\/\" \/>\n<meta property=\"og:site_name\" content=\"Le Muse e le Dolomiti\" \/>\n<meta property=\"article:publisher\" content=\"https:\/\/it-it.facebook.com\/musedolomiti\/\" \/>\n<meta property=\"article:modified_time\" content=\"2019-06-10T20:56:41+00:00\" \/>\n<meta property=\"og:image\" content=\"https:\/\/www.musedolomiti.it\/wp-content\/uploads\/2019\/05\/3agosto2019.jpg\" \/>\n\t<meta property=\"og:image:width\" content=\"2048\" \/>\n\t<meta property=\"og:image:height\" content=\"1365\" \/>\n\t<meta property=\"og:image:type\" content=\"image\/jpeg\" \/>\n<meta name=\"twitter:card\" content=\"summary_large_image\" \/>\n<meta name=\"twitter:label1\" content=\"Est. reading time\" \/>\n\t<meta name=\"twitter:data1\" content=\"1 minute\" \/>\n<script type=\"application\/ld+json\" class=\"yoast-schema-graph\">{\"@context\":\"https:\/\/schema.org\",\"@graph\":[{\"@type\":\"WebPage\",\"@id\":\"https:\/\/www.musedolomiti.it\/en\/evento\/vii-edizione-2019-alba-e-crepuscolo\/\",\"url\":\"https:\/\/www.musedolomiti.it\/en\/evento\/vii-edizione-2019-alba-e-crepuscolo\/\",\"name\":\"VII Edizione 2019 - Alba e Crepuscolo - Le Muse e le Dolomiti\",\"isPartOf\":{\"@id\":\"https:\/\/www.musedolomiti.it\/en\/#website\"},\"primaryImageOfPage\":{\"@id\":\"https:\/\/www.musedolomiti.it\/en\/evento\/vii-edizione-2019-alba-e-crepuscolo\/#primaryimage\"},\"image\":{\"@id\":\"https:\/\/www.musedolomiti.it\/en\/evento\/vii-edizione-2019-alba-e-crepuscolo\/#primaryimage\"},\"thumbnailUrl\":\"https:\/\/www.musedolomiti.it\/wp-content\/uploads\/2019\/05\/3agosto2019.jpg\",\"datePublished\":\"2019-05-29T20:45:45+00:00\",\"dateModified\":\"2019-06-10T20:56:41+00:00\",\"description\":\"Scopri tutti gli eventi di Musica Classica organizzati dall'Associazione \\\"Le Muse e le Dolomiti\\\".\",\"breadcrumb\":{\"@id\":\"https:\/\/www.musedolomiti.it\/en\/evento\/vii-edizione-2019-alba-e-crepuscolo\/#breadcrumb\"},\"inLanguage\":\"en-US\",\"potentialAction\":[{\"@type\":\"ReadAction\",\"target\":[\"https:\/\/www.musedolomiti.it\/en\/evento\/vii-edizione-2019-alba-e-crepuscolo\/\"]}]},{\"@type\":\"ImageObject\",\"inLanguage\":\"en-US\",\"@id\":\"https:\/\/www.musedolomiti.it\/en\/evento\/vii-edizione-2019-alba-e-crepuscolo\/#primaryimage\",\"url\":\"https:\/\/www.musedolomiti.it\/wp-content\/uploads\/2019\/05\/3agosto2019.jpg\",\"contentUrl\":\"https:\/\/www.musedolomiti.it\/wp-content\/uploads\/2019\/05\/3agosto2019.jpg\",\"width\":2048,\"height\":1365},{\"@type\":\"BreadcrumbList\",\"@id\":\"https:\/\/www.musedolomiti.it\/en\/evento\/vii-edizione-2019-alba-e-crepuscolo\/#breadcrumb\",\"itemListElement\":[{\"@type\":\"ListItem\",\"position\":1,\"name\":\"Home\",\"item\":\"https:\/\/www.musedolomiti.it\/en\/\"},{\"@type\":\"ListItem\",\"position\":2,\"name\":\"Eventi\",\"item\":\"https:\/\/www.musedolomiti.it\/calendario\/\"},{\"@type\":\"ListItem\",\"position\":3,\"name\":\"VII Edizione 2019 &#8211; Alba e Crepuscolo\"}]},{\"@type\":\"WebSite\",\"@id\":\"https:\/\/www.musedolomiti.it\/en\/#website\",\"url\":\"https:\/\/www.musedolomiti.it\/en\/\",\"name\":\"Le Muse e le Dolomiti\",\"description\":\"Da Nord a Sud, da Est a Ovest, la Musica e il Belcanto uniscono il mondo.\",\"potentialAction\":[{\"@type\":\"SearchAction\",\"target\":{\"@type\":\"EntryPoint\",\"urlTemplate\":\"https:\/\/www.musedolomiti.it\/en\/?s={search_term_string}\"},\"query-input\":{\"@type\":\"PropertyValueSpecification\",\"valueRequired\":true,\"valueName\":\"search_term_string\"}}],\"inLanguage\":\"en-US\"}]}<\/script>\n<!-- \/ Yoast SEO plugin. -->","yoast_head_json":{"title":"VII Edizione 2019 - Alba e Crepuscolo - Le Muse e le Dolomiti","description":"Scopri tutti gli eventi di Musica Classica organizzati dall'Associazione \"Le Muse e le Dolomiti\".","robots":{"index":"index","follow":"follow","max-snippet":"max-snippet:-1","max-image-preview":"max-image-preview:large","max-video-preview":"max-video-preview:-1"},"canonical":"https:\/\/www.musedolomiti.it\/en\/evento\/vii-edizione-2019-alba-e-crepuscolo\/","og_locale":"en_US","og_type":"article","og_title":"VII Edizione 2019 - Alba e Crepuscolo - Le Muse e le Dolomiti","og_description":"Scopri tutti gli eventi di Musica Classica organizzati dall'Associazione \"Le Muse e le Dolomiti\".","og_url":"https:\/\/www.musedolomiti.it\/en\/evento\/vii-edizione-2019-alba-e-crepuscolo\/","og_site_name":"Le Muse e le Dolomiti","article_publisher":"https:\/\/it-it.facebook.com\/musedolomiti\/","article_modified_time":"2019-06-10T20:56:41+00:00","og_image":[{"width":2048,"height":1365,"url":"https:\/\/www.musedolomiti.it\/wp-content\/uploads\/2019\/05\/3agosto2019.jpg","type":"image\/jpeg"}],"twitter_card":"summary_large_image","twitter_misc":{"Est. reading time":"1 minute"},"schema":{"@context":"https:\/\/schema.org","@graph":[{"@type":"WebPage","@id":"https:\/\/www.musedolomiti.it\/en\/evento\/vii-edizione-2019-alba-e-crepuscolo\/","url":"https:\/\/www.musedolomiti.it\/en\/evento\/vii-edizione-2019-alba-e-crepuscolo\/","name":"VII Edizione 2019 - Alba e Crepuscolo - Le Muse e le Dolomiti","isPartOf":{"@id":"https:\/\/www.musedolomiti.it\/en\/#website"},"primaryImageOfPage":{"@id":"https:\/\/www.musedolomiti.it\/en\/evento\/vii-edizione-2019-alba-e-crepuscolo\/#primaryimage"},"image":{"@id":"https:\/\/www.musedolomiti.it\/en\/evento\/vii-edizione-2019-alba-e-crepuscolo\/#primaryimage"},"thumbnailUrl":"https:\/\/www.musedolomiti.it\/wp-content\/uploads\/2019\/05\/3agosto2019.jpg","datePublished":"2019-05-29T20:45:45+00:00","dateModified":"2019-06-10T20:56:41+00:00","description":"Scopri tutti gli eventi di Musica Classica organizzati dall'Associazione \"Le Muse e le Dolomiti\".","breadcrumb":{"@id":"https:\/\/www.musedolomiti.it\/en\/evento\/vii-edizione-2019-alba-e-crepuscolo\/#breadcrumb"},"inLanguage":"en-US","potentialAction":[{"@type":"ReadAction","target":["https:\/\/www.musedolomiti.it\/en\/evento\/vii-edizione-2019-alba-e-crepuscolo\/"]}]},{"@type":"ImageObject","inLanguage":"en-US","@id":"https:\/\/www.musedolomiti.it\/en\/evento\/vii-edizione-2019-alba-e-crepuscolo\/#primaryimage","url":"https:\/\/www.musedolomiti.it\/wp-content\/uploads\/2019\/05\/3agosto2019.jpg","contentUrl":"https:\/\/www.musedolomiti.it\/wp-content\/uploads\/2019\/05\/3agosto2019.jpg","width":2048,"height":1365},{"@type":"BreadcrumbList","@id":"https:\/\/www.musedolomiti.it\/en\/evento\/vii-edizione-2019-alba-e-crepuscolo\/#breadcrumb","itemListElement":[{"@type":"ListItem","position":1,"name":"Home","item":"https:\/\/www.musedolomiti.it\/en\/"},{"@type":"ListItem","position":2,"name":"Eventi","item":"https:\/\/www.musedolomiti.it\/calendario\/"},{"@type":"ListItem","position":3,"name":"VII Edizione 2019 &#8211; Alba e Crepuscolo"}]},{"@type":"WebSite","@id":"https:\/\/www.musedolomiti.it\/en\/#website","url":"https:\/\/www.musedolomiti.it\/en\/","name":"Le Muse e le Dolomiti","description":"Da Nord a Sud, da Est a Ovest, la Musica e il Belcanto uniscono il mondo.","potentialAction":[{"@type":"SearchAction","target":{"@type":"EntryPoint","urlTemplate":"https:\/\/www.musedolomiti.it\/en\/?s={search_term_string}"},"query-input":{"@type":"PropertyValueSpecification","valueRequired":true,"valueName":"search_term_string"}}],"inLanguage":"en-US"}]}},"_links":{"self":[{"href":"https:\/\/www.musedolomiti.it\/en\/wp-json\/wp\/v2\/tribe_events\/4202","targetHints":{"allow":["GET"]}}],"collection":[{"href":"https:\/\/www.musedolomiti.it\/en\/wp-json\/wp\/v2\/tribe_events"}],"about":[{"href":"https:\/\/www.musedolomiti.it\/en\/wp-json\/wp\/v2\/types\/tribe_events"}],"author":[{"embeddable":true,"href":"https:\/\/www.musedolomiti.it\/en\/wp-json\/wp\/v2\/users\/2"}],"version-history":[{"count":4,"href":"https:\/\/www.musedolomiti.it\/en\/wp-json\/wp\/v2\/tribe_events\/4202\/revisions"}],"predecessor-version":[{"id":4270,"href":"https:\/\/www.musedolomiti.it\/en\/wp-json\/wp\/v2\/tribe_events\/4202\/revisions\/4270"}],"wp:featuredmedia":[{"embeddable":true,"href":"https:\/\/www.musedolomiti.it\/en\/wp-json\/wp\/v2\/media\/4203"}],"wp:attachment":[{"href":"https:\/\/www.musedolomiti.it\/en\/wp-json\/wp\/v2\/media?parent=4202"}],"wp:term":[{"taxonomy":"post_tag","embeddable":true,"href":"https:\/\/www.musedolomiti.it\/en\/wp-json\/wp\/v2\/tags?post=4202"},{"taxonomy":"tribe_events_cat","embeddable":true,"href":"https:\/\/www.musedolomiti.it\/en\/wp-json\/wp\/v2\/tribe_events_cat?post=4202"}],"curies":[{"name":"wp","href":"https:\/\/api.w.org\/{rel}","templated":true}]}}