{"id":4478,"date":"2020-06-26T10:43:20","date_gmt":"2020-06-26T08:43:20","guid":{"rendered":"http:\/\/www.musedolomiti.it\/?post_type=tribe_events&#038;p=4478"},"modified":"2020-07-02T09:54:02","modified_gmt":"2020-07-02T07:54:02","slug":"viii-edizione-2020-lirica-aperto","status":"publish","type":"tribe_events","link":"https:\/\/www.musedolomiti.it\/en\/evento\/viii-edizione-2020-lirica-aperto\/","title":{"rendered":"VIII Edizione 2020 &#8211; Lirica all&#8217;aperto"},"content":{"rendered":"<h5 class=\"p1\"><span class=\"s1\">Marted\u00ec 28 Luglio 2020, ore 17 e replica alle ore 21 | Piazza Augusto Murer, Molino (Falcade) |<span class=\"Apple-converted-space\">\u00a0 <\/span>INGRESSO LIBERO<\/span><\/h5>\n<hr \/>\n<p><img loading=\"lazy\" decoding=\"async\" class=\"alignleft wp-image-4473\" src=\"http:\/\/www.musedolomiti.it\/wp-content\/uploads\/2020\/06\/A3_Muse-e-le-Dolomiti_2020-212x300.jpg\" alt=\"\" width=\"500\" height=\"707\" srcset=\"https:\/\/www.musedolomiti.it\/wp-content\/uploads\/2020\/06\/A3_Muse-e-le-Dolomiti_2020-212x300.jpg 212w, https:\/\/www.musedolomiti.it\/wp-content\/uploads\/2020\/06\/A3_Muse-e-le-Dolomiti_2020-724x1024.jpg 724w, https:\/\/www.musedolomiti.it\/wp-content\/uploads\/2020\/06\/A3_Muse-e-le-Dolomiti_2020-768x1087.jpg 768w, https:\/\/www.musedolomiti.it\/wp-content\/uploads\/2020\/06\/A3_Muse-e-le-Dolomiti_2020-1086x1536.jpg 1086w, https:\/\/www.musedolomiti.it\/wp-content\/uploads\/2020\/06\/A3_Muse-e-le-Dolomiti_2020.jpg 1357w\" sizes=\"auto, (max-width: 500px) 100vw, 500px\" \/><b><\/b><\/p>\n<p><strong>Concerto lirico con gli artisti e le artiste della Masterclass internazionale tenuta dalla M<sup>a<\/sup> Adelisa Tabiadon e dal M<sup>o<\/sup> Loris Peverada<\/strong><\/p>\n<p>Sin dal lancio di \u201cLe Muse e le Dolomiti\u201d, la Lirica \u00e8 stata una parte significativa del progetto. Organizziamo infatti dal 2013 una Masterclass internazionale di canto lirico, che fino ad ora ha portato circa 150 cantanti, provenienti da sei nazioni diverse, a Falcade.<span class=\"Apple-converted-space\">\u00a0<\/span><\/p>\n<p>L\u2019insegnante della Master \u00e8 Adelisa Tabiadon: famosissimo soprano lirico-spinto che ha cantato nei pi\u00f9 prestigiosi teatri d&#8217;Italia e del mondo, interpretando ruoli principali del repertorio verdiano, sempre a fianco di figure importanti come Luciano Pavarotti, Leo Nucci e Riccardo Chailly.<br \/>\nSiamo fortunati di avere con noi anche il Maestro accompagnatore Loris Peverada, che ha collaborato con artisti del livello pi\u00f9 alto e con numerosi teatri ed enti importanti, come quelli di Macerata, Montepulciano, L\u2019Aquila, Trieste, Nizza, Lugano oltre alla Radio della Svizzera Italiana.<\/p>\n<p>Quest\u2019anno, l\u2019organizzazione della Masterclass \u00e8 stata a rischio, perch\u00e9 gran parte dei\/delle cantanti internazionali, che gi\u00e0 a febbraio avevano comunicato l\u2019intenzione di partecipare, si sono visti impediti a volare verso l\u2019Italia a causa della pandemia.<span class=\"Apple-converted-space\"><br \/>\n<\/span>Come avremmo, per\u00f2, potuto rinunciare a questo progetto chiave della nostra Associazione?<\/p>\n<p>Sar\u00e0 quindi realizzata una Masterclass di durata pi\u00f9 breve del solito con sei cantanti, tutte giovani donne, provenienti dall\u2019Italia e dalla Cina, ma attualmente residenti nel nostro paese. Le cantanti proporranno uno spettacolo di Lirica, per la prima volta all\u2019aria aperta, nella storica &#8211; e bellissima &#8211; piazza Augusto Murer della frazione Molino di Falcade.<span class=\"Apple-converted-space\">\u00a0<\/span><\/p>\n<p>Il maltempo potrebbe causare la cancellazione di una o entrambe le repliche dello spettacolo.<span class=\"Apple-converted-space\"><br \/>\n<\/span>Si prega di tenersi informati tramite la nostra pagina facebook oppure chiamando il numero indicato di seguito per le prenotazioni.<\/p>\n<p>Due precisazioni per chi segue con interesse la Masterclass da pi\u00f9 anni.<\/p>\n<p>La prima: le lezioni della Master si terranno come al solito nella Scuola Elementare in Via Marmolada dal 22 al 27 luglio; purtroppo quest\u2019anno l\u2019atteso evento \u201cDietro le Quinte\u201d, ovvero la possibilit\u00e0 di partecipare gratuitamente alle lezioni in qualit\u00e0 di uditore, non si potr\u00e0 realizzare a causa delle precauzioni anti COVID19. Nella scuola potranno entrare soltanto maestri, cantanti e organizzatori.<br \/>\nLa seconda precisazione, una novit\u00e0: dal gennaio 2019, la Presidente della nostra Associazione, Oda Zoe Hochscheid, tiene un corso di canto durante l\u2019anno, rivolto a interessate e interessati locali di tutte le et\u00e0. Visto il ridotto numero di cantanti professionali di quest\u2019anno, i due Maestri si sono resi disponibili a fare lezione ad alcuni\/e studenti selezionati del corso amatoriale tenuto da Oda. Una grande opportunit\u00e0 che permette di creare un ponte tra la passione dei corsisti e delle corsiste \u201cdilettanti\u201d e quella dei professionisti.<\/p>\n<p><strong>Precauzioni anti-COVID19 (aggiornate al 1 luglio 2020):<\/strong><\/p>\n<ul>\n<li>E&#8217; consigliata la prenotazione (al 340 2305439 o via mail:\u00a0<a href=\"mailto:ufficio@musedolomiti.it\">ufficio@musedolomiti.it<\/a>);<\/li>\n<li>Chiediamo gentilmente di ricordarsi la mascherina;<\/li>\n<li>Vi preghiamo di igienizzare le mani con gel alcoolico messo a disposizione dall\u2019Associazione all&#8217;arrivo in piazza;<\/li>\n<li>Sar\u00e0 possibile sedersi solo nei posti predisposti a distanza di sicurezza di un metro; membri dello stesso nucleo famigliare possono sedersi vicini, ma si prega di avvertire gli organizzatori presenti;<\/li>\n<li>Registreremo e conserveremo le vostre generalit\u00e0, la data di nascita e un contatto (mail e telefono) per 14 giorni, secondo le disposizioni vigenti.<\/li>\n<\/ul>\n<p>Segnaliamo che potr\u00e0 essere rilevata la temperatura corporea.<br \/>\nL\u2019Associazione si prender\u00e0 cura della sanificazione delle sedie prima e dopo l\u2019evento.<\/p>\n<p><em>Le Muse e le Dolomiti ringraziano il Comune di Falcade, la ProLoco e gli Alpini di Caviola, l&#8217;Hotel Stella Alpina di Falcade e l&#8217;Istituto Comprensivo di Cencenighe.<\/em><\/p>\n<p>&nbsp;<\/p>\n","protected":false},"excerpt":{"rendered":"<p>Marted\u00ec 28 Luglio 2020, ore 17 e replica alle ore 21 | Piazza Augusto Murer, Molino (Falcade) |\u00a0 INGRESSO LIBERO Concerto lirico con gli artisti e le artiste della Masterclass&#8230; <\/p>\n<div class=\"clear\"><\/div>\n<p><a href=\"https:\/\/www.musedolomiti.it\/en\/evento\/viii-edizione-2020-lirica-aperto\/\" class=\"gdlr-button with-border excerpt-read-more\">Read More<\/a><\/p>\n","protected":false},"author":2,"featured_media":4479,"template":"","meta":{"_acf_changed":false,"_tribe_events_status":"","_tribe_events_status_reason":"","footnotes":""},"tags":[],"tribe_events_cat":[74],"class_list":["post-4478","tribe_events","type-tribe_events","status-publish","has-post-thumbnail","hentry","tribe_events_cat-viii-edizione-2020","cat_viii-edizione-2020"],"acf":[],"yoast_head":"<!-- This site is optimized with the Yoast SEO plugin v27.1.1 - https:\/\/yoast.com\/product\/yoast-seo-wordpress\/ -->\n<title>VIII Edizione 2020 - Lirica all&#039;aperto - Le Muse e le Dolomiti<\/title>\n<meta name=\"description\" content=\"Scopri tutti gli eventi di Musica Classica organizzati dall&#039;Associazione &quot;Le Muse e le Dolomiti&quot;.\" \/>\n<meta name=\"robots\" content=\"index, follow, max-snippet:-1, max-image-preview:large, max-video-preview:-1\" \/>\n<link rel=\"canonical\" href=\"https:\/\/www.musedolomiti.it\/en\/evento\/viii-edizione-2020-lirica-aperto\/2020-07-28\/\" \/>\n<meta property=\"og:locale\" content=\"en_US\" \/>\n<meta property=\"og:type\" content=\"article\" \/>\n<meta property=\"og:title\" content=\"VIII Edizione 2020 - Lirica all&#039;aperto - Le Muse e le Dolomiti\" \/>\n<meta property=\"og:description\" content=\"Scopri tutti gli eventi di Musica Classica organizzati dall&#039;Associazione &quot;Le Muse e le Dolomiti&quot;.\" \/>\n<meta property=\"og:url\" content=\"https:\/\/www.musedolomiti.it\/en\/evento\/viii-edizione-2020-lirica-aperto\/2020-07-28\/\" \/>\n<meta property=\"og:site_name\" content=\"Le Muse e le Dolomiti\" \/>\n<meta property=\"article:publisher\" content=\"https:\/\/it-it.facebook.com\/musedolomiti\/\" \/>\n<meta property=\"article:modified_time\" content=\"2020-07-02T07:54:02+00:00\" \/>\n<meta property=\"og:image\" content=\"https:\/\/www.musedolomiti.it\/wp-content\/uploads\/2020\/06\/F.26.07.19._216s-e1593332383717.jpg\" \/>\n\t<meta property=\"og:image:width\" content=\"1100\" \/>\n\t<meta property=\"og:image:height\" content=\"804\" \/>\n\t<meta property=\"og:image:type\" content=\"image\/jpeg\" \/>\n<meta name=\"twitter:card\" content=\"summary_large_image\" \/>\n<meta name=\"twitter:label1\" content=\"Est. reading time\" \/>\n\t<meta name=\"twitter:data1\" content=\"3 minutes\" \/>\n<script type=\"application\/ld+json\" class=\"yoast-schema-graph\">{\"@context\":\"https:\/\/schema.org\",\"@graph\":[{\"@type\":\"WebPage\",\"@id\":\"https:\/\/www.musedolomiti.it\/en\/evento\/viii-edizione-2020-lirica-aperto\/2020-07-28\/\",\"url\":\"https:\/\/www.musedolomiti.it\/en\/evento\/viii-edizione-2020-lirica-aperto\/2020-07-28\/\",\"name\":\"VIII Edizione 2020 - Lirica all'aperto - Le Muse e le Dolomiti\",\"isPartOf\":{\"@id\":\"https:\/\/www.musedolomiti.it\/en\/#website\"},\"primaryImageOfPage\":{\"@id\":\"https:\/\/www.musedolomiti.it\/en\/evento\/viii-edizione-2020-lirica-aperto\/2020-07-28\/#primaryimage\"},\"image\":{\"@id\":\"https:\/\/www.musedolomiti.it\/en\/evento\/viii-edizione-2020-lirica-aperto\/2020-07-28\/#primaryimage\"},\"thumbnailUrl\":\"https:\/\/www.musedolomiti.it\/wp-content\/uploads\/2020\/06\/F.26.07.19._216s-e1593332383717.jpg\",\"datePublished\":\"2020-06-26T08:43:20+00:00\",\"dateModified\":\"2020-07-02T07:54:02+00:00\",\"description\":\"Scopri tutti gli eventi di Musica Classica organizzati dall'Associazione \\\"Le Muse e le Dolomiti\\\".\",\"breadcrumb\":{\"@id\":\"https:\/\/www.musedolomiti.it\/en\/evento\/viii-edizione-2020-lirica-aperto\/2020-07-28\/#breadcrumb\"},\"inLanguage\":\"en-US\",\"potentialAction\":[{\"@type\":\"ReadAction\",\"target\":[\"https:\/\/www.musedolomiti.it\/en\/evento\/viii-edizione-2020-lirica-aperto\/2020-07-28\/\"]}]},{\"@type\":\"ImageObject\",\"inLanguage\":\"en-US\",\"@id\":\"https:\/\/www.musedolomiti.it\/en\/evento\/viii-edizione-2020-lirica-aperto\/2020-07-28\/#primaryimage\",\"url\":\"https:\/\/www.musedolomiti.it\/wp-content\/uploads\/2020\/06\/F.26.07.19._216s-e1593332383717.jpg\",\"contentUrl\":\"https:\/\/www.musedolomiti.it\/wp-content\/uploads\/2020\/06\/F.26.07.19._216s-e1593332383717.jpg\",\"width\":1100,\"height\":804},{\"@type\":\"BreadcrumbList\",\"@id\":\"https:\/\/www.musedolomiti.it\/en\/evento\/viii-edizione-2020-lirica-aperto\/2020-07-28\/#breadcrumb\",\"itemListElement\":[{\"@type\":\"ListItem\",\"position\":1,\"name\":\"Home\",\"item\":\"https:\/\/www.musedolomiti.it\/en\/\"},{\"@type\":\"ListItem\",\"position\":2,\"name\":\"Eventi\",\"item\":\"https:\/\/www.musedolomiti.it\/calendario\/\"},{\"@type\":\"ListItem\",\"position\":3,\"name\":\"VIII Edizione 2020 &#8211; Lirica all&#8217;aperto\"}]},{\"@type\":\"WebSite\",\"@id\":\"https:\/\/www.musedolomiti.it\/en\/#website\",\"url\":\"https:\/\/www.musedolomiti.it\/en\/\",\"name\":\"Le Muse e le Dolomiti\",\"description\":\"Da Nord a Sud, da Est a Ovest, la Musica e il Belcanto uniscono il mondo.\",\"potentialAction\":[{\"@type\":\"SearchAction\",\"target\":{\"@type\":\"EntryPoint\",\"urlTemplate\":\"https:\/\/www.musedolomiti.it\/en\/?s={search_term_string}\"},\"query-input\":{\"@type\":\"PropertyValueSpecification\",\"valueRequired\":true,\"valueName\":\"search_term_string\"}}],\"inLanguage\":\"en-US\"}]}<\/script>\n<!-- \/ Yoast SEO plugin. -->","yoast_head_json":{"title":"VIII Edizione 2020 - Lirica all'aperto - Le Muse e le Dolomiti","description":"Scopri tutti gli eventi di Musica Classica organizzati dall'Associazione \"Le Muse e le Dolomiti\".","robots":{"index":"index","follow":"follow","max-snippet":"max-snippet:-1","max-image-preview":"max-image-preview:large","max-video-preview":"max-video-preview:-1"},"canonical":"https:\/\/www.musedolomiti.it\/en\/evento\/viii-edizione-2020-lirica-aperto\/2020-07-28\/","og_locale":"en_US","og_type":"article","og_title":"VIII Edizione 2020 - Lirica all'aperto - Le Muse e le Dolomiti","og_description":"Scopri tutti gli eventi di Musica Classica organizzati dall'Associazione \"Le Muse e le Dolomiti\".","og_url":"https:\/\/www.musedolomiti.it\/en\/evento\/viii-edizione-2020-lirica-aperto\/2020-07-28\/","og_site_name":"Le Muse e le Dolomiti","article_publisher":"https:\/\/it-it.facebook.com\/musedolomiti\/","article_modified_time":"2020-07-02T07:54:02+00:00","og_image":[{"width":1100,"height":804,"url":"https:\/\/www.musedolomiti.it\/wp-content\/uploads\/2020\/06\/F.26.07.19._216s-e1593332383717.jpg","type":"image\/jpeg"}],"twitter_card":"summary_large_image","twitter_misc":{"Est. reading time":"3 minutes"},"schema":{"@context":"https:\/\/schema.org","@graph":[{"@type":"WebPage","@id":"https:\/\/www.musedolomiti.it\/en\/evento\/viii-edizione-2020-lirica-aperto\/2020-07-28\/","url":"https:\/\/www.musedolomiti.it\/en\/evento\/viii-edizione-2020-lirica-aperto\/2020-07-28\/","name":"VIII Edizione 2020 - Lirica all'aperto - Le Muse e le Dolomiti","isPartOf":{"@id":"https:\/\/www.musedolomiti.it\/en\/#website"},"primaryImageOfPage":{"@id":"https:\/\/www.musedolomiti.it\/en\/evento\/viii-edizione-2020-lirica-aperto\/2020-07-28\/#primaryimage"},"image":{"@id":"https:\/\/www.musedolomiti.it\/en\/evento\/viii-edizione-2020-lirica-aperto\/2020-07-28\/#primaryimage"},"thumbnailUrl":"https:\/\/www.musedolomiti.it\/wp-content\/uploads\/2020\/06\/F.26.07.19._216s-e1593332383717.jpg","datePublished":"2020-06-26T08:43:20+00:00","dateModified":"2020-07-02T07:54:02+00:00","description":"Scopri tutti gli eventi di Musica Classica organizzati dall'Associazione \"Le Muse e le Dolomiti\".","breadcrumb":{"@id":"https:\/\/www.musedolomiti.it\/en\/evento\/viii-edizione-2020-lirica-aperto\/2020-07-28\/#breadcrumb"},"inLanguage":"en-US","potentialAction":[{"@type":"ReadAction","target":["https:\/\/www.musedolomiti.it\/en\/evento\/viii-edizione-2020-lirica-aperto\/2020-07-28\/"]}]},{"@type":"ImageObject","inLanguage":"en-US","@id":"https:\/\/www.musedolomiti.it\/en\/evento\/viii-edizione-2020-lirica-aperto\/2020-07-28\/#primaryimage","url":"https:\/\/www.musedolomiti.it\/wp-content\/uploads\/2020\/06\/F.26.07.19._216s-e1593332383717.jpg","contentUrl":"https:\/\/www.musedolomiti.it\/wp-content\/uploads\/2020\/06\/F.26.07.19._216s-e1593332383717.jpg","width":1100,"height":804},{"@type":"BreadcrumbList","@id":"https:\/\/www.musedolomiti.it\/en\/evento\/viii-edizione-2020-lirica-aperto\/2020-07-28\/#breadcrumb","itemListElement":[{"@type":"ListItem","position":1,"name":"Home","item":"https:\/\/www.musedolomiti.it\/en\/"},{"@type":"ListItem","position":2,"name":"Eventi","item":"https:\/\/www.musedolomiti.it\/calendario\/"},{"@type":"ListItem","position":3,"name":"VIII Edizione 2020 &#8211; Lirica all&#8217;aperto"}]},{"@type":"WebSite","@id":"https:\/\/www.musedolomiti.it\/en\/#website","url":"https:\/\/www.musedolomiti.it\/en\/","name":"Le Muse e le Dolomiti","description":"Da Nord a Sud, da Est a Ovest, la Musica e il Belcanto uniscono il mondo.","potentialAction":[{"@type":"SearchAction","target":{"@type":"EntryPoint","urlTemplate":"https:\/\/www.musedolomiti.it\/en\/?s={search_term_string}"},"query-input":{"@type":"PropertyValueSpecification","valueRequired":true,"valueName":"search_term_string"}}],"inLanguage":"en-US"}]}},"_links":{"self":[{"href":"https:\/\/www.musedolomiti.it\/en\/wp-json\/wp\/v2\/tribe_events\/4478","targetHints":{"allow":["GET"]}}],"collection":[{"href":"https:\/\/www.musedolomiti.it\/en\/wp-json\/wp\/v2\/tribe_events"}],"about":[{"href":"https:\/\/www.musedolomiti.it\/en\/wp-json\/wp\/v2\/types\/tribe_events"}],"author":[{"embeddable":true,"href":"https:\/\/www.musedolomiti.it\/en\/wp-json\/wp\/v2\/users\/2"}],"version-history":[{"count":10,"href":"https:\/\/www.musedolomiti.it\/en\/wp-json\/wp\/v2\/tribe_events\/4478\/revisions"}],"predecessor-version":[{"id":4599,"href":"https:\/\/www.musedolomiti.it\/en\/wp-json\/wp\/v2\/tribe_events\/4478\/revisions\/4599"}],"wp:featuredmedia":[{"embeddable":true,"href":"https:\/\/www.musedolomiti.it\/en\/wp-json\/wp\/v2\/media\/4479"}],"wp:attachment":[{"href":"https:\/\/www.musedolomiti.it\/en\/wp-json\/wp\/v2\/media?parent=4478"}],"wp:term":[{"taxonomy":"post_tag","embeddable":true,"href":"https:\/\/www.musedolomiti.it\/en\/wp-json\/wp\/v2\/tags?post=4478"},{"taxonomy":"tribe_events_cat","embeddable":true,"href":"https:\/\/www.musedolomiti.it\/en\/wp-json\/wp\/v2\/tribe_events_cat?post=4478"}],"curies":[{"name":"wp","href":"https:\/\/api.w.org\/{rel}","templated":true}]}}