{"id":4889,"date":"2021-06-03T09:12:00","date_gmt":"2021-06-03T07:12:00","guid":{"rendered":"https:\/\/www.musedolomiti.it\/?post_type=tribe_events&#038;p=4889"},"modified":"2021-06-27T15:49:29","modified_gmt":"2021-06-27T13:49:29","slug":"ix-edizione-2021-caleidoscopio-feltre","status":"publish","type":"tribe_events","link":"https:\/\/www.musedolomiti.it\/en\/evento\/ix-edizione-2021-caleidoscopio-feltre\/","title":{"rendered":"IX Edizione 2021 &#8211; Il Caleidoscopio Ensemble"},"content":{"rendered":"<h5 class=\"p1\"><span class=\"s1\">Domenica 11 Giugno 2021, ore 18 | Chiostro del Santuario dei Ss. Vittore e Corona a Feltre |<span class=\"Apple-converted-space\">\u00a0 <\/span>INGRESSO LIBERO<\/span><\/h5>\n<hr \/>\n<p><a href=\"https:\/\/www.musedolomiti.it\/wp-content\/uploads\/2021\/06\/A3_CaleidoscopioFeltre_piccolo.pdf\" target=\"_blank\" rel=\"noopener\"><img loading=\"lazy\" decoding=\"async\" class=\"alignleft wp-image-5000\" src=\"https:\/\/www.musedolomiti.it\/wp-content\/uploads\/2021\/06\/A3_Caleidoscopio-11_07_2021-213x300.jpg\" alt=\"\" width=\"450\" height=\"635\" srcset=\"https:\/\/www.musedolomiti.it\/wp-content\/uploads\/2021\/06\/A3_Caleidoscopio-11_07_2021-213x300.jpg 213w, https:\/\/www.musedolomiti.it\/wp-content\/uploads\/2021\/06\/A3_Caleidoscopio-11_07_2021-725x1024.jpg 725w, https:\/\/www.musedolomiti.it\/wp-content\/uploads\/2021\/06\/A3_Caleidoscopio-11_07_2021-768x1084.jpg 768w, https:\/\/www.musedolomiti.it\/wp-content\/uploads\/2021\/06\/A3_Caleidoscopio-11_07_2021-1088x1536.jpg 1088w, https:\/\/www.musedolomiti.it\/wp-content\/uploads\/2021\/06\/A3_Caleidoscopio-11_07_2021.jpg 1360w\" sizes=\"auto, (max-width: 450px) 100vw, 450px\" \/><\/a><b><\/b><\/p>\n<p><em>Concerto in collaborazione con &#8220;La Via al Santuario &#8211;\u00a0Itinerario musicale, poetico e di conoscenza&#8221; &#8211; \u00a0XVI edizione<\/em><\/p>\n<p><strong>Il Caleidoscopio Ensemble<\/strong><\/p>\n<p><strong>Lathika Vithanage, violino barocco<br \/>\n<\/strong><strong>Noelia Reverte Reche, viola da gamba<br \/>\nFlora Papadopoulos, arpa doppia<\/strong><\/p>\n<p><strong>Il Caleidoscopio Ensemble<\/strong>, gruppo riconosciuto a livello internazionale, propone il grande repertorio barocco incrociando voci e sonorit\u00e0 con modalit\u00e0 sempre diverse e innovative. Sar\u00e0 possibile ascoltare il loro programma <strong>For several friends<\/strong>, che prende il nome dall\u2019omonimo brano del compositore inglese seicentesco Locke. <strong>For several friends<\/strong> spazia dal secondo &#8216;500 al primo &#8216;700 attraverso compositori austriaci, inglesi, italiani, spagnoli e francesi: un programma davvero vario che rispecchia la ricchezza musicale dell&#8217;Europa nell\u2019Epoca Barocca.<\/p>\n<p>Il concerto si terr\u00e0 all&#8217;area aperta nel chiostro del meraviglioso Santuario, alle ore 18 a seguito della Messa Vespertina.<\/p>\n<p>In caso di maltempo, il concerto si terr\u00e0 nella Sala Binotto del Santuario.<\/p>\n<p><i>Un sentito ringraziamento\u00a0al Santuario dei Ss. Vittore e Corona, al <a href=\"http:\/\/www.centrostudiclaviere.it\/eventi\/la-via-al-santuario\/\" target=\"_blank\" rel=\"noopener\">Centro Studi Claviere<\/a>, organizzatore de <em><a href=\"http:\/\/www.centrostudiclaviere.it\/eventi\/la-via-al-santuario\/\" target=\"_blank\" rel=\"noopener\">&#8220;La Via al Santuario &#8211;\u00a0Itinerario musicale, poetico e di conoscenza&#8221; &#8211; \u00a0XVI edizione<\/a>\u00a0e al Comune di Feltre\u00a0<\/em>per aver accolto con entusiasmo la nostra proposta in questo luogo stupendo!<\/i><\/p>\n<p><b>Precauzioni anti-COVID19:<\/b><\/p>\n<ul>\n<li>Prenotazione gradita<br \/>\ntramite whatsapp al 340 230 5439<br \/>\no via mail: ufficio@musedolomiti.it<\/li>\n<li>Chiediamo gentilmente di ricordarsi la mascherina;<\/li>\n<li>Registreremo e conserveremo le vostre generalit\u00e0 e un contatto (mail e telefono) per 14 giorni;<\/li>\n<li>Sar\u00e0 possibile sedersi solo nei posti predisposti a distanza di sicurezza di un metro.<\/li>\n<\/ul>\n<p>Segnaliamo che potr\u00e0 essere rilevata la temperatura corporea.<\/p>\n","protected":false},"excerpt":{"rendered":"<p>Domenica 11 Giugno 2021, ore 18 | Chiostro del Santuario dei Ss. Vittore e Corona a Feltre |\u00a0 INGRESSO LIBERO Concerto in collaborazione con &#8220;La Via al Santuario &#8211;\u00a0Itinerario musicale,&#8230; <\/p>\n<div class=\"clear\"><\/div>\n<p><a href=\"https:\/\/www.musedolomiti.it\/en\/evento\/ix-edizione-2021-caleidoscopio-feltre\/\" class=\"gdlr-button with-border excerpt-read-more\">Read More<\/a><\/p>\n","protected":false},"author":2,"featured_media":4890,"template":"","meta":{"_acf_changed":false,"_tribe_events_status":"","_tribe_events_status_reason":"","footnotes":""},"tags":[],"tribe_events_cat":[75],"class_list":["post-4889","tribe_events","type-tribe_events","status-publish","has-post-thumbnail","hentry","tribe_events_cat-ix-edizione-2021","cat_ix-edizione-2021"],"acf":[],"yoast_head":"<!-- This site is optimized with the Yoast SEO plugin v27.1.1 - https:\/\/yoast.com\/product\/yoast-seo-wordpress\/ -->\n<title>IX Edizione 2021 - Il Caleidoscopio Ensemble - Le Muse e le Dolomiti<\/title>\n<meta name=\"description\" content=\"Scopri tutti gli eventi di Musica Classica organizzati dall&#039;Associazione &quot;Le Muse e le Dolomiti&quot;.\" \/>\n<meta name=\"robots\" content=\"index, follow, max-snippet:-1, max-image-preview:large, max-video-preview:-1\" \/>\n<link rel=\"canonical\" href=\"https:\/\/www.musedolomiti.it\/evento\/ix-edizione-2021-caleidoscopio-feltre\/\" \/>\n<meta property=\"og:locale\" content=\"en_US\" \/>\n<meta property=\"og:type\" content=\"article\" \/>\n<meta property=\"og:title\" content=\"IX Edizione 2021 - Il Caleidoscopio Ensemble - Le Muse e le Dolomiti\" \/>\n<meta property=\"og:description\" content=\"Scopri tutti gli eventi di Musica Classica organizzati dall&#039;Associazione &quot;Le Muse e le Dolomiti&quot;.\" \/>\n<meta property=\"og:url\" content=\"https:\/\/www.musedolomiti.it\/evento\/ix-edizione-2021-caleidoscopio-feltre\/\" \/>\n<meta property=\"og:site_name\" content=\"Le Muse e le Dolomiti\" \/>\n<meta property=\"article:publisher\" content=\"https:\/\/it-it.facebook.com\/musedolomiti\/\" \/>\n<meta property=\"article:modified_time\" content=\"2021-06-27T13:49:29+00:00\" \/>\n<meta property=\"og:image\" content=\"https:\/\/www.musedolomiti.it\/wp-content\/uploads\/2021\/06\/caleidoscopio21.jpg\" \/>\n\t<meta property=\"og:image:width\" content=\"791\" \/>\n\t<meta property=\"og:image:height\" content=\"280\" \/>\n\t<meta property=\"og:image:type\" content=\"image\/jpeg\" \/>\n<meta name=\"twitter:card\" content=\"summary_large_image\" \/>\n<meta name=\"twitter:label1\" content=\"Est. reading time\" \/>\n\t<meta name=\"twitter:data1\" content=\"2 minutes\" \/>\n<script type=\"application\/ld+json\" class=\"yoast-schema-graph\">{\"@context\":\"https:\/\/schema.org\",\"@graph\":[{\"@type\":\"WebPage\",\"@id\":\"https:\/\/www.musedolomiti.it\/evento\/ix-edizione-2021-caleidoscopio-feltre\/\",\"url\":\"https:\/\/www.musedolomiti.it\/evento\/ix-edizione-2021-caleidoscopio-feltre\/\",\"name\":\"IX Edizione 2021 - Il Caleidoscopio Ensemble - Le Muse e le Dolomiti\",\"isPartOf\":{\"@id\":\"https:\/\/www.musedolomiti.it\/en\/#website\"},\"primaryImageOfPage\":{\"@id\":\"https:\/\/www.musedolomiti.it\/evento\/ix-edizione-2021-caleidoscopio-feltre\/#primaryimage\"},\"image\":{\"@id\":\"https:\/\/www.musedolomiti.it\/evento\/ix-edizione-2021-caleidoscopio-feltre\/#primaryimage\"},\"thumbnailUrl\":\"https:\/\/www.musedolomiti.it\/wp-content\/uploads\/2021\/06\/caleidoscopio21.jpg\",\"datePublished\":\"2021-06-03T07:12:00+00:00\",\"dateModified\":\"2021-06-27T13:49:29+00:00\",\"description\":\"Scopri tutti gli eventi di Musica Classica organizzati dall'Associazione \\\"Le Muse e le Dolomiti\\\".\",\"breadcrumb\":{\"@id\":\"https:\/\/www.musedolomiti.it\/evento\/ix-edizione-2021-caleidoscopio-feltre\/#breadcrumb\"},\"inLanguage\":\"en-US\",\"potentialAction\":[{\"@type\":\"ReadAction\",\"target\":[\"https:\/\/www.musedolomiti.it\/evento\/ix-edizione-2021-caleidoscopio-feltre\/\"]}]},{\"@type\":\"ImageObject\",\"inLanguage\":\"en-US\",\"@id\":\"https:\/\/www.musedolomiti.it\/evento\/ix-edizione-2021-caleidoscopio-feltre\/#primaryimage\",\"url\":\"https:\/\/www.musedolomiti.it\/wp-content\/uploads\/2021\/06\/caleidoscopio21.jpg\",\"contentUrl\":\"https:\/\/www.musedolomiti.it\/wp-content\/uploads\/2021\/06\/caleidoscopio21.jpg\",\"width\":791,\"height\":280},{\"@type\":\"BreadcrumbList\",\"@id\":\"https:\/\/www.musedolomiti.it\/evento\/ix-edizione-2021-caleidoscopio-feltre\/#breadcrumb\",\"itemListElement\":[{\"@type\":\"ListItem\",\"position\":1,\"name\":\"Home\",\"item\":\"https:\/\/www.musedolomiti.it\/en\/\"},{\"@type\":\"ListItem\",\"position\":2,\"name\":\"Eventi\",\"item\":\"https:\/\/www.musedolomiti.it\/calendario\/\"},{\"@type\":\"ListItem\",\"position\":3,\"name\":\"IX Edizione 2021 &#8211; Il Caleidoscopio Ensemble\"}]},{\"@type\":\"WebSite\",\"@id\":\"https:\/\/www.musedolomiti.it\/en\/#website\",\"url\":\"https:\/\/www.musedolomiti.it\/en\/\",\"name\":\"Le Muse e le Dolomiti\",\"description\":\"Da Nord a Sud, da Est a Ovest, la Musica e il Belcanto uniscono il mondo.\",\"potentialAction\":[{\"@type\":\"SearchAction\",\"target\":{\"@type\":\"EntryPoint\",\"urlTemplate\":\"https:\/\/www.musedolomiti.it\/en\/?s={search_term_string}\"},\"query-input\":{\"@type\":\"PropertyValueSpecification\",\"valueRequired\":true,\"valueName\":\"search_term_string\"}}],\"inLanguage\":\"en-US\"}]}<\/script>\n<!-- \/ Yoast SEO plugin. -->","yoast_head_json":{"title":"IX Edizione 2021 - Il Caleidoscopio Ensemble - Le Muse e le Dolomiti","description":"Scopri tutti gli eventi di Musica Classica organizzati dall'Associazione \"Le Muse e le Dolomiti\".","robots":{"index":"index","follow":"follow","max-snippet":"max-snippet:-1","max-image-preview":"max-image-preview:large","max-video-preview":"max-video-preview:-1"},"canonical":"https:\/\/www.musedolomiti.it\/evento\/ix-edizione-2021-caleidoscopio-feltre\/","og_locale":"en_US","og_type":"article","og_title":"IX Edizione 2021 - Il Caleidoscopio Ensemble - Le Muse e le Dolomiti","og_description":"Scopri tutti gli eventi di Musica Classica organizzati dall'Associazione \"Le Muse e le Dolomiti\".","og_url":"https:\/\/www.musedolomiti.it\/evento\/ix-edizione-2021-caleidoscopio-feltre\/","og_site_name":"Le Muse e le Dolomiti","article_publisher":"https:\/\/it-it.facebook.com\/musedolomiti\/","article_modified_time":"2021-06-27T13:49:29+00:00","og_image":[{"width":791,"height":280,"url":"https:\/\/www.musedolomiti.it\/wp-content\/uploads\/2021\/06\/caleidoscopio21.jpg","type":"image\/jpeg"}],"twitter_card":"summary_large_image","twitter_misc":{"Est. reading time":"2 minutes"},"schema":{"@context":"https:\/\/schema.org","@graph":[{"@type":"WebPage","@id":"https:\/\/www.musedolomiti.it\/evento\/ix-edizione-2021-caleidoscopio-feltre\/","url":"https:\/\/www.musedolomiti.it\/evento\/ix-edizione-2021-caleidoscopio-feltre\/","name":"IX Edizione 2021 - Il Caleidoscopio Ensemble - Le Muse e le Dolomiti","isPartOf":{"@id":"https:\/\/www.musedolomiti.it\/en\/#website"},"primaryImageOfPage":{"@id":"https:\/\/www.musedolomiti.it\/evento\/ix-edizione-2021-caleidoscopio-feltre\/#primaryimage"},"image":{"@id":"https:\/\/www.musedolomiti.it\/evento\/ix-edizione-2021-caleidoscopio-feltre\/#primaryimage"},"thumbnailUrl":"https:\/\/www.musedolomiti.it\/wp-content\/uploads\/2021\/06\/caleidoscopio21.jpg","datePublished":"2021-06-03T07:12:00+00:00","dateModified":"2021-06-27T13:49:29+00:00","description":"Scopri tutti gli eventi di Musica Classica organizzati dall'Associazione \"Le Muse e le Dolomiti\".","breadcrumb":{"@id":"https:\/\/www.musedolomiti.it\/evento\/ix-edizione-2021-caleidoscopio-feltre\/#breadcrumb"},"inLanguage":"en-US","potentialAction":[{"@type":"ReadAction","target":["https:\/\/www.musedolomiti.it\/evento\/ix-edizione-2021-caleidoscopio-feltre\/"]}]},{"@type":"ImageObject","inLanguage":"en-US","@id":"https:\/\/www.musedolomiti.it\/evento\/ix-edizione-2021-caleidoscopio-feltre\/#primaryimage","url":"https:\/\/www.musedolomiti.it\/wp-content\/uploads\/2021\/06\/caleidoscopio21.jpg","contentUrl":"https:\/\/www.musedolomiti.it\/wp-content\/uploads\/2021\/06\/caleidoscopio21.jpg","width":791,"height":280},{"@type":"BreadcrumbList","@id":"https:\/\/www.musedolomiti.it\/evento\/ix-edizione-2021-caleidoscopio-feltre\/#breadcrumb","itemListElement":[{"@type":"ListItem","position":1,"name":"Home","item":"https:\/\/www.musedolomiti.it\/en\/"},{"@type":"ListItem","position":2,"name":"Eventi","item":"https:\/\/www.musedolomiti.it\/calendario\/"},{"@type":"ListItem","position":3,"name":"IX Edizione 2021 &#8211; Il Caleidoscopio Ensemble"}]},{"@type":"WebSite","@id":"https:\/\/www.musedolomiti.it\/en\/#website","url":"https:\/\/www.musedolomiti.it\/en\/","name":"Le Muse e le Dolomiti","description":"Da Nord a Sud, da Est a Ovest, la Musica e il Belcanto uniscono il mondo.","potentialAction":[{"@type":"SearchAction","target":{"@type":"EntryPoint","urlTemplate":"https:\/\/www.musedolomiti.it\/en\/?s={search_term_string}"},"query-input":{"@type":"PropertyValueSpecification","valueRequired":true,"valueName":"search_term_string"}}],"inLanguage":"en-US"}]}},"_links":{"self":[{"href":"https:\/\/www.musedolomiti.it\/en\/wp-json\/wp\/v2\/tribe_events\/4889","targetHints":{"allow":["GET"]}}],"collection":[{"href":"https:\/\/www.musedolomiti.it\/en\/wp-json\/wp\/v2\/tribe_events"}],"about":[{"href":"https:\/\/www.musedolomiti.it\/en\/wp-json\/wp\/v2\/types\/tribe_events"}],"author":[{"embeddable":true,"href":"https:\/\/www.musedolomiti.it\/en\/wp-json\/wp\/v2\/users\/2"}],"version-history":[{"count":8,"href":"https:\/\/www.musedolomiti.it\/en\/wp-json\/wp\/v2\/tribe_events\/4889\/revisions"}],"predecessor-version":[{"id":5037,"href":"https:\/\/www.musedolomiti.it\/en\/wp-json\/wp\/v2\/tribe_events\/4889\/revisions\/5037"}],"wp:featuredmedia":[{"embeddable":true,"href":"https:\/\/www.musedolomiti.it\/en\/wp-json\/wp\/v2\/media\/4890"}],"wp:attachment":[{"href":"https:\/\/www.musedolomiti.it\/en\/wp-json\/wp\/v2\/media?parent=4889"}],"wp:term":[{"taxonomy":"post_tag","embeddable":true,"href":"https:\/\/www.musedolomiti.it\/en\/wp-json\/wp\/v2\/tags?post=4889"},{"taxonomy":"tribe_events_cat","embeddable":true,"href":"https:\/\/www.musedolomiti.it\/en\/wp-json\/wp\/v2\/tribe_events_cat?post=4889"}],"curies":[{"name":"wp","href":"https:\/\/api.w.org\/{rel}","templated":true}]}}