{"id":5680,"date":"2022-08-22T19:07:50","date_gmt":"2022-08-22T17:07:50","guid":{"rendered":"https:\/\/www.musedolomiti.it\/?post_type=tribe_events&#038;p=5680"},"modified":"2022-09-08T21:10:06","modified_gmt":"2022-09-08T19:10:06","slug":"miracolo2022","status":"publish","type":"tribe_events","link":"https:\/\/www.musedolomiti.it\/en\/evento\/miracolo2022\/","title":{"rendered":"Una Guarigione Miracolosa"},"content":{"rendered":"<h5 class=\"p1\"><span class=\"s1\">Sabato 10 Settembre 2022, ore 20:30 | Chiesa Arcipretale di Canale d&#8217;Agordo |<span class=\"Apple-converted-space\">\u00a0 <\/span>INGRESSO LIBERO<\/span><\/h5>\n<hr \/>\n<h2><strong><em>Ultimi aggiornamenti del 08.09.2022<\/em><\/strong><br \/>\n<strong><em>Candela Giarda, a causa di un infortunio, non \u00e8 stata in grado di raggiungere l&#8217;Europa, ma la sua testimonianza e quella della sua mamma Roxana verranno proposte tramite video. Presente a Canale d&#8217;Agordo sar\u00e0 invece il Parroco di Candela, Don Jos\u00e9 Dabusti. Vi aspettiamo per una serata toccante di grande spiritualit\u00e0!<\/em><\/strong><\/h2>\n<p>La protagonista di questa serata, prevista in data 10 settembre presso la Chiesa arcipretale a Canale d\u2019Agordo, non \u00e8 la musica. I veri protagonisti sono <strong>Albino Luciani<\/strong>, che nacque a Canale, e la guarigione miracolosa, avvenuta grazie alla Sua intercessione, di <strong>Candela Giarda<\/strong>. La giovane argentina racconter\u00e0 come lei, gravemente ammalata, \u00e8 tornata miracolosamente in salute. Condivideranno il racconto anche <strong>Roxana<\/strong>, mamma di Candela, e il parroco <strong>Don Jos\u00e9 Dabusti<\/strong>, testimoni dell\u2019impressionante guarigione.<span class=\"Apple-converted-space\">\u00a0<\/span><\/p>\n<p>Moderer\u00e0 l&#8217;incontro <strong>Loris Serafini<\/strong>, direttore della Fondazione Papa Luciani di Canale d\u2019Agordo; sar\u00e0 presente inoltre la Vice postulatrice della Causa di Canonizzazione di Albino Luciani, <strong>Stefania Falasca<\/strong>.<span class=\"Apple-converted-space\">\u00a0<\/span><\/p>\n<p>All\u2019Associazione \u201c<i>Le Muse e le Dolomiti\u201d<\/i>, unico operatore professionale della zona nell\u2019ambito della musica classica, \u00e8 stato richiesto, da parte della Fondazione Papa Luciani, un quadro musicale a supporto dell\u2019esposizione del miracolo. I musicisti coinvolti, infatti, canteranno e suoneranno brani sacri che preparino il pubblico all\u2019ascolto di un racconto talmente particolare, lo accompagnino ad<span class=\"Apple-converted-space\">\u00a0 <\/span>accoglierlo e soprattutto che elevino la gioia immensa che l\u2019accaduto provoca.<span class=\"Apple-converted-space\">\u00a0<\/span><\/p>\n<p>La scaletta musicale prevede la partecipazione del <strong>\u201cCoro Citt\u00e0 di Piazzola sul Brenta\u201d<\/strong>, una delle formazioni corali pi\u00f9 affermate del Veneto, che proporr\u00e0, tra altri brani, il primo movimento del \u201cGloria\u201d RV 589 di Antonio Vivaldi e l\u2019altrettanto famoso \u201cAlleluia\u201d di Georg Friedrich H\u00e4ndel. Ci saranno inoltre il mezzosoprano <strong>Oda Zoe Hochscheid<\/strong>, la violinista <strong>Myriam Dal Don<\/strong>, entrambe musiciste di fama internazionale residenti nel territorio bellunese e <strong>Alberto Boischio<\/strong>, rinomato pianista e collaboratore del Teatro \u201cLa Fenice\u201d.<span class=\"Apple-converted-space\"><br \/>\n<\/span>Un ruolo speciale avr\u00e0 l\u2019organista <strong>Ai Yoshida<\/strong>, che suoner\u00e0 non solo l\u2019organo \u201cGaetano Callido\u201d presente nella Chiesa arcipretale, ma anche l\u2019armonium, lo stesso suonato dal giovane Albino Luciani. Si sa che Papa Luciani amava la musica e in molteplici suoi scritti la musica viene rappresentata come un potenziale ponte verso Dio.<br \/>\nIn un\u2019occasione talmente gioiosa non potevano mancare le <strong>voci bianche<\/strong>. Per la prima volta si esibiranno allievi e allieve della nuovissima <strong>\u201cScuola Interregionale di Canto e Teatro\u201d<\/strong> per bambini dai sei anni in poi, lanciata da pochi mesi da Oda Zoe Hochscheid per \u201c<i>Le Muse e le Dolomiti\u201d.<span class=\"Apple-converted-space\">\u00a0<\/span><\/i> La nuova scuola interregionale ha quattro sedi che sono Cavalese, Moena, Vallada Agordina e Agordo. Assieme ad alcuni colleghi dei <strong>\u201cBelluno Young Voices\u201d di Radmila Visentin,<\/strong> gli allievi e le allieve si esibiranno per la prima volta: un grande onore e un\u2019esperienza che sicuramente non dimenticheranno.<\/p>\n<p>Un sentito ringraziamento alla Fondazione Papa Luciani e al Comune di Canale d&#8217;Agordo.<\/p>\n<p><i>______________________<\/i><\/p>\n<p><strong>Un pensiero sulla situazione pandemica:<\/strong><\/p>\n<p>Al momento non \u00e8 obbligatorio rispettare la distanza di sicurezza e\/o indossare mascherine. Tuttavia consigliamo l\u2019uso della mascherina e invitiamo chi preferisce un posto distanziato a prenotarselo (whatsapp 340 230 5439 o via mail: ufficio@musedolomiti.it).<\/p>\n<p>Vi preghiamo gentilmente di igienizzare le mani con gel alcoolico messo a disposizione dall\u2019Associazione all\u2019ingresso della chiesa.<\/p>\n<p>L\u2019Associazione si prender\u00e0 cura della sanificazione delle panche prima e dopo l\u2019evento.<\/p>\n<p><a href=\"https:\/\/www.musedolomiti.it\/evento\/stabatmater2022\/musedolomiti_guarigionemiracolosa\/\" target=\"_blank\" rel=\"attachment noopener wp-att-5666\"><img loading=\"lazy\" decoding=\"async\" class=\"alignleft wp-image-5666 size-large\" src=\"https:\/\/www.musedolomiti.it\/wp-content\/uploads\/2022\/08\/MuseDolomiti_GuarigioneMiracolosa-728x1024.jpg\" alt=\"\" width=\"728\" height=\"1024\" srcset=\"https:\/\/www.musedolomiti.it\/wp-content\/uploads\/2022\/08\/MuseDolomiti_GuarigioneMiracolosa-728x1024.jpg 728w, https:\/\/www.musedolomiti.it\/wp-content\/uploads\/2022\/08\/MuseDolomiti_GuarigioneMiracolosa-213x300.jpg 213w, https:\/\/www.musedolomiti.it\/wp-content\/uploads\/2022\/08\/MuseDolomiti_GuarigioneMiracolosa-768x1080.jpg 768w, https:\/\/www.musedolomiti.it\/wp-content\/uploads\/2022\/08\/MuseDolomiti_GuarigioneMiracolosa.jpg 853w\" sizes=\"auto, (max-width: 728px) 100vw, 728px\" \/><\/a><\/p>\n","protected":false},"excerpt":{"rendered":"<p>Sabato 10 Settembre 2022, ore 20:30 | Chiesa Arcipretale di Canale d&#8217;Agordo |\u00a0 INGRESSO LIBERO Ultimi aggiornamenti del 08.09.2022 Candela Giarda, a causa di un infortunio, non \u00e8 stata in&#8230; <\/p>\n<div class=\"clear\"><\/div>\n<p><a href=\"https:\/\/www.musedolomiti.it\/en\/evento\/miracolo2022\/\" class=\"gdlr-button with-border excerpt-read-more\">Read More<\/a><\/p>\n","protected":false},"author":2,"featured_media":5664,"template":"","meta":{"_acf_changed":false,"_tribe_events_status":"","_tribe_events_status_reason":"","footnotes":""},"tags":[],"tribe_events_cat":[76],"class_list":["post-5680","tribe_events","type-tribe_events","status-publish","has-post-thumbnail","hentry","tribe_events_cat-decennale","cat_decennale"],"acf":[],"yoast_head":"<!-- This site is optimized with the Yoast SEO plugin v27.1.1 - https:\/\/yoast.com\/product\/yoast-seo-wordpress\/ -->\n<title>Una Guarigione Miracolosa - Le Muse e le Dolomiti<\/title>\n<meta name=\"description\" content=\"Scopri tutti gli eventi di Musica Classica organizzati dall&#039;Associazione &quot;Le Muse e le Dolomiti&quot;.\" \/>\n<meta name=\"robots\" content=\"index, follow, max-snippet:-1, max-image-preview:large, max-video-preview:-1\" \/>\n<link rel=\"canonical\" href=\"https:\/\/www.musedolomiti.it\/en\/evento\/miracolo2022\/\" \/>\n<meta property=\"og:locale\" content=\"en_US\" \/>\n<meta property=\"og:type\" content=\"article\" \/>\n<meta property=\"og:title\" content=\"Una Guarigione Miracolosa - Le Muse e le Dolomiti\" \/>\n<meta property=\"og:description\" content=\"Scopri tutti gli eventi di Musica Classica organizzati dall&#039;Associazione &quot;Le Muse e le Dolomiti&quot;.\" \/>\n<meta property=\"og:url\" content=\"https:\/\/www.musedolomiti.it\/en\/evento\/miracolo2022\/\" \/>\n<meta property=\"og:site_name\" content=\"Le Muse e le Dolomiti\" \/>\n<meta property=\"article:publisher\" content=\"https:\/\/it-it.facebook.com\/musedolomiti\/\" \/>\n<meta property=\"article:modified_time\" content=\"2022-09-08T19:10:06+00:00\" \/>\n<meta property=\"og:image\" content=\"https:\/\/www.musedolomiti.it\/wp-content\/uploads\/2022\/08\/1500x100px_Muse-e-le-Dolomiti_La-guarigione-miracolosa.jpg\" \/>\n\t<meta property=\"og:image:width\" content=\"1920\" \/>\n\t<meta property=\"og:image:height\" content=\"1280\" \/>\n\t<meta property=\"og:image:type\" content=\"image\/jpeg\" \/>\n<meta name=\"twitter:card\" content=\"summary_large_image\" \/>\n<meta name=\"twitter:label1\" content=\"Est. reading time\" \/>\n\t<meta name=\"twitter:data1\" content=\"4 minutes\" \/>\n<script type=\"application\/ld+json\" class=\"yoast-schema-graph\">{\"@context\":\"https:\/\/schema.org\",\"@graph\":[{\"@type\":\"WebPage\",\"@id\":\"https:\/\/www.musedolomiti.it\/en\/evento\/miracolo2022\/\",\"url\":\"https:\/\/www.musedolomiti.it\/en\/evento\/miracolo2022\/\",\"name\":\"Una Guarigione Miracolosa - Le Muse e le Dolomiti\",\"isPartOf\":{\"@id\":\"https:\/\/www.musedolomiti.it\/en\/#website\"},\"primaryImageOfPage\":{\"@id\":\"https:\/\/www.musedolomiti.it\/en\/evento\/miracolo2022\/#primaryimage\"},\"image\":{\"@id\":\"https:\/\/www.musedolomiti.it\/en\/evento\/miracolo2022\/#primaryimage\"},\"thumbnailUrl\":\"https:\/\/www.musedolomiti.it\/wp-content\/uploads\/2022\/08\/1500x100px_Muse-e-le-Dolomiti_La-guarigione-miracolosa.jpg\",\"datePublished\":\"2022-08-22T17:07:50+00:00\",\"dateModified\":\"2022-09-08T19:10:06+00:00\",\"description\":\"Scopri tutti gli eventi di Musica Classica organizzati dall'Associazione \\\"Le Muse e le Dolomiti\\\".\",\"breadcrumb\":{\"@id\":\"https:\/\/www.musedolomiti.it\/en\/evento\/miracolo2022\/#breadcrumb\"},\"inLanguage\":\"en-US\",\"potentialAction\":[{\"@type\":\"ReadAction\",\"target\":[\"https:\/\/www.musedolomiti.it\/en\/evento\/miracolo2022\/\"]}]},{\"@type\":\"ImageObject\",\"inLanguage\":\"en-US\",\"@id\":\"https:\/\/www.musedolomiti.it\/en\/evento\/miracolo2022\/#primaryimage\",\"url\":\"https:\/\/www.musedolomiti.it\/wp-content\/uploads\/2022\/08\/1500x100px_Muse-e-le-Dolomiti_La-guarigione-miracolosa.jpg\",\"contentUrl\":\"https:\/\/www.musedolomiti.it\/wp-content\/uploads\/2022\/08\/1500x100px_Muse-e-le-Dolomiti_La-guarigione-miracolosa.jpg\",\"width\":1920,\"height\":1280},{\"@type\":\"BreadcrumbList\",\"@id\":\"https:\/\/www.musedolomiti.it\/en\/evento\/miracolo2022\/#breadcrumb\",\"itemListElement\":[{\"@type\":\"ListItem\",\"position\":1,\"name\":\"Home\",\"item\":\"https:\/\/www.musedolomiti.it\/en\/\"},{\"@type\":\"ListItem\",\"position\":2,\"name\":\"Eventi\",\"item\":\"https:\/\/www.musedolomiti.it\/calendario\/\"},{\"@type\":\"ListItem\",\"position\":3,\"name\":\"Una Guarigione Miracolosa\"}]},{\"@type\":\"WebSite\",\"@id\":\"https:\/\/www.musedolomiti.it\/en\/#website\",\"url\":\"https:\/\/www.musedolomiti.it\/en\/\",\"name\":\"Le Muse e le Dolomiti\",\"description\":\"Da Nord a Sud, da Est a Ovest, la Musica e il Belcanto uniscono il mondo.\",\"potentialAction\":[{\"@type\":\"SearchAction\",\"target\":{\"@type\":\"EntryPoint\",\"urlTemplate\":\"https:\/\/www.musedolomiti.it\/en\/?s={search_term_string}\"},\"query-input\":{\"@type\":\"PropertyValueSpecification\",\"valueRequired\":true,\"valueName\":\"search_term_string\"}}],\"inLanguage\":\"en-US\"}]}<\/script>\n<!-- \/ Yoast SEO plugin. -->","yoast_head_json":{"title":"Una Guarigione Miracolosa - Le Muse e le Dolomiti","description":"Scopri tutti gli eventi di Musica Classica organizzati dall'Associazione \"Le Muse e le Dolomiti\".","robots":{"index":"index","follow":"follow","max-snippet":"max-snippet:-1","max-image-preview":"max-image-preview:large","max-video-preview":"max-video-preview:-1"},"canonical":"https:\/\/www.musedolomiti.it\/en\/evento\/miracolo2022\/","og_locale":"en_US","og_type":"article","og_title":"Una Guarigione Miracolosa - Le Muse e le Dolomiti","og_description":"Scopri tutti gli eventi di Musica Classica organizzati dall'Associazione \"Le Muse e le Dolomiti\".","og_url":"https:\/\/www.musedolomiti.it\/en\/evento\/miracolo2022\/","og_site_name":"Le Muse e le Dolomiti","article_publisher":"https:\/\/it-it.facebook.com\/musedolomiti\/","article_modified_time":"2022-09-08T19:10:06+00:00","og_image":[{"width":1920,"height":1280,"url":"https:\/\/www.musedolomiti.it\/wp-content\/uploads\/2022\/08\/1500x100px_Muse-e-le-Dolomiti_La-guarigione-miracolosa.jpg","type":"image\/jpeg"}],"twitter_card":"summary_large_image","twitter_misc":{"Est. reading time":"4 minutes"},"schema":{"@context":"https:\/\/schema.org","@graph":[{"@type":"WebPage","@id":"https:\/\/www.musedolomiti.it\/en\/evento\/miracolo2022\/","url":"https:\/\/www.musedolomiti.it\/en\/evento\/miracolo2022\/","name":"Una Guarigione Miracolosa - Le Muse e le Dolomiti","isPartOf":{"@id":"https:\/\/www.musedolomiti.it\/en\/#website"},"primaryImageOfPage":{"@id":"https:\/\/www.musedolomiti.it\/en\/evento\/miracolo2022\/#primaryimage"},"image":{"@id":"https:\/\/www.musedolomiti.it\/en\/evento\/miracolo2022\/#primaryimage"},"thumbnailUrl":"https:\/\/www.musedolomiti.it\/wp-content\/uploads\/2022\/08\/1500x100px_Muse-e-le-Dolomiti_La-guarigione-miracolosa.jpg","datePublished":"2022-08-22T17:07:50+00:00","dateModified":"2022-09-08T19:10:06+00:00","description":"Scopri tutti gli eventi di Musica Classica organizzati dall'Associazione \"Le Muse e le Dolomiti\".","breadcrumb":{"@id":"https:\/\/www.musedolomiti.it\/en\/evento\/miracolo2022\/#breadcrumb"},"inLanguage":"en-US","potentialAction":[{"@type":"ReadAction","target":["https:\/\/www.musedolomiti.it\/en\/evento\/miracolo2022\/"]}]},{"@type":"ImageObject","inLanguage":"en-US","@id":"https:\/\/www.musedolomiti.it\/en\/evento\/miracolo2022\/#primaryimage","url":"https:\/\/www.musedolomiti.it\/wp-content\/uploads\/2022\/08\/1500x100px_Muse-e-le-Dolomiti_La-guarigione-miracolosa.jpg","contentUrl":"https:\/\/www.musedolomiti.it\/wp-content\/uploads\/2022\/08\/1500x100px_Muse-e-le-Dolomiti_La-guarigione-miracolosa.jpg","width":1920,"height":1280},{"@type":"BreadcrumbList","@id":"https:\/\/www.musedolomiti.it\/en\/evento\/miracolo2022\/#breadcrumb","itemListElement":[{"@type":"ListItem","position":1,"name":"Home","item":"https:\/\/www.musedolomiti.it\/en\/"},{"@type":"ListItem","position":2,"name":"Eventi","item":"https:\/\/www.musedolomiti.it\/calendario\/"},{"@type":"ListItem","position":3,"name":"Una Guarigione Miracolosa"}]},{"@type":"WebSite","@id":"https:\/\/www.musedolomiti.it\/en\/#website","url":"https:\/\/www.musedolomiti.it\/en\/","name":"Le Muse e le Dolomiti","description":"Da Nord a Sud, da Est a Ovest, la Musica e il Belcanto uniscono il mondo.","potentialAction":[{"@type":"SearchAction","target":{"@type":"EntryPoint","urlTemplate":"https:\/\/www.musedolomiti.it\/en\/?s={search_term_string}"},"query-input":{"@type":"PropertyValueSpecification","valueRequired":true,"valueName":"search_term_string"}}],"inLanguage":"en-US"}]}},"_links":{"self":[{"href":"https:\/\/www.musedolomiti.it\/en\/wp-json\/wp\/v2\/tribe_events\/5680","targetHints":{"allow":["GET"]}}],"collection":[{"href":"https:\/\/www.musedolomiti.it\/en\/wp-json\/wp\/v2\/tribe_events"}],"about":[{"href":"https:\/\/www.musedolomiti.it\/en\/wp-json\/wp\/v2\/types\/tribe_events"}],"author":[{"embeddable":true,"href":"https:\/\/www.musedolomiti.it\/en\/wp-json\/wp\/v2\/users\/2"}],"version-history":[{"count":10,"href":"https:\/\/www.musedolomiti.it\/en\/wp-json\/wp\/v2\/tribe_events\/5680\/revisions"}],"predecessor-version":[{"id":5703,"href":"https:\/\/www.musedolomiti.it\/en\/wp-json\/wp\/v2\/tribe_events\/5680\/revisions\/5703"}],"wp:featuredmedia":[{"embeddable":true,"href":"https:\/\/www.musedolomiti.it\/en\/wp-json\/wp\/v2\/media\/5664"}],"wp:attachment":[{"href":"https:\/\/www.musedolomiti.it\/en\/wp-json\/wp\/v2\/media?parent=5680"}],"wp:term":[{"taxonomy":"post_tag","embeddable":true,"href":"https:\/\/www.musedolomiti.it\/en\/wp-json\/wp\/v2\/tags?post=5680"},{"taxonomy":"tribe_events_cat","embeddable":true,"href":"https:\/\/www.musedolomiti.it\/en\/wp-json\/wp\/v2\/tribe_events_cat?post=5680"}],"curies":[{"name":"wp","href":"https:\/\/api.w.org\/{rel}","templated":true}]}}