{"id":6186,"date":"2023-08-28T09:19:30","date_gmt":"2023-08-28T07:19:30","guid":{"rendered":"https:\/\/www.musedolomiti.it\/?post_type=tribe_events&#038;p=6186"},"modified":"2023-09-18T20:44:44","modified_gmt":"2023-09-18T18:44:44","slug":"addolorata2023","status":"publish","type":"tribe_events","link":"https:\/\/www.musedolomiti.it\/en\/evento\/addolorata2023\/","title":{"rendered":"CONCERTO PER L&#8217;ADDOLORATA DI FIEMME"},"content":{"rendered":"<h5 class=\"p1\"><span class=\"s1\">Sabato 16 Settembre 2023, ore 21 | Pieve di S. Maria Assunta a Cavalese |<span class=\"Apple-converted-space\">\u00a0 <\/span>INGRESSO LIBERO<\/span><\/h5>\n<hr \/>\n<h1><b>CONCERTO PER L&#8217; ADDOLORATA DI FIEMME<\/b><\/h1>\n<p><em>Concerto in occasione del secondo Pellegrinaggio di Valle al santuario della Madonna Addolorata di Cavalese<\/em><\/p>\n<h3><strong>Ensemble vocale-strumentale Continuum<\/strong><\/h3>\n<h3><strong>Dir.\u00a0M<sup>o\u00a0<\/sup>\u00a0Luigi Azzolini<\/strong><\/h3>\n<p><em>Opere di Durante, H\u00e4ndel, Elgar, P\u00e4rt, Faur\u00e9, Haydn e Buxtehude<\/em><\/p>\n<p>Per la prima volta il concerto \u00e8 parte integrante di un evento di notevole rilievo in onore della B. Vergine Maria Addolorata di Cavalese, la cui effige \u00e8 venerata in tutta la Val di Fiemme.<\/p>\n<p>L\u2019evento si svolger\u00e0 nel fine settimana del 16 e 17 settembre ed \u00e8 proposto dalle Parrocchie, <span class=\"ContentPasted0\">dalla Magnifica Comunit\u00e0 e\u00a0<\/span>dalle Amministrazioni comunali della Comunit\u00e0 Territoriale di Fiemme. Il programma comprende questo concerto sacro, a cura della nostra Associazione, la seconda edizione del Pellegrinaggio di Valle e, al culmine, la Santa Messa presso il parco della Pieve di Cavalese, presieduta dall\u2019Arcivescovo di Trento, monsignor Lauro Tisi.<\/p>\n<p>Partendo dal giocoso Magnificat di Francesco Durante, il concerto prevede &#8220;grandi titoli&#8221; come la &#8220;Orgelmesse&#8221; di Franz Joseph Haydn e l&#8217;energica cantata corale &#8220;Der Herr ist mit mir&#8221; di Dietrich Buxtehude. Saranno eseguiti inoltre alcuni brani dedicati alla figura di Maria, di carattere intimo: il &#8220;Haec est Regina virginum&#8221; di Georg Friedrich H\u00e4ndel e \u00a0&#8220;Ave Maris Stella&#8221; di Edward Elgar. Completano il programma il brano tardo-romantico francese &#8220;Tu es Petrus&#8221; di Gabriel Faur\u00e9, compositore di musica vocale per eccellenza, e il commovente &#8220;Vater unser&#8221; del celebre compositore contemporaneo Arvo P\u00e4rt.<\/p>\n<p>Gli esecutori, da molto tempo &#8220;artisti ambiti&#8221; per la programmazione concertistica della nostra Associazione, saranno i cantanti e strumentisti dell&#8217;Ensemble Continuum, in una formazione cameristica. L&#8217;Ensemble, che tra l&#8217;altro festeggia i suoi 20 anni proprio nel 2023, si contraddistingue per la versatilit\u00e0 del repertorio affrontato ed \u00e8 riconosciuto e richiesto sia in Italia che all&#8217;estero. Diriger\u00e0 il Maestro Luigi Azzolini, violinista, violista e da oltre 30 anni direttore di coro e orchestra, che ha collaborato con artisti di fama internazionale e inciso per case discografiche come Naxos, Tactus, Arst e molte altre ancora. Si esibiranno in veste solistica Anna Pellizzari, soprano; Cecilia Rizzetto, soprano; Lorenzo Ziller, baritono;\u00a0Marco Vincenzi, organista concertante.<\/p>\n<p>In breve: una programmazione artistica che sicuramente garantir\u00e0 l&#8217;impatto desiderato per l&#8217;importante occasione.<\/p>\n<p><em><a href=\"https:\/\/www.musedolomiti.it\/wp-content\/uploads\/2020\/02\/Addolorata2023_CurriculaDettagliati.pdf\" target=\"_blank\" rel=\"noopener\">Clicca QUI per leggere i curricula dettagliati<\/a><\/em><\/p>\n<p><span class=\"ContentPasted1\">Il 2021 e il 2022 hanno visto la prima e la seconda edizione del nostro \u201cConcerto di Solidariet\u00e0 in onore della S. Maria Addolorata\u201d, entrambe serate di grande impatto. Quest\u2019anno il concerto diventa per la prima volta una sorta di preparazione artistico-spirituale al pellegrinaggio del giorno successivo,\u00a0<\/span>una ricerca di forza collettiva e di solidariet\u00e0 con il creato tramite la bellezza dell\u2019arte.<\/p>\n<p>Il concerto sar\u00e0 introdotto in tale ottica dal parroco, Don Albino Dell\u2019Eva, e alla fine del suo intervento sar\u00e0 rispettato un minuto di silenzio. La serata, nata da un\u2019idea di Don Albino e della nostra Presidente e condivisa dagli altri due enti organizzatori, \u00e8 motivata da un fatto semplice: tutti\/e proviamo le stesse emozioni e ci sentiamo mossi dalle medesime energie positive se ci confrontiamo con la bellezza dell\u2019arte.<\/p>\n<p><strong>Un sentito ringraziamento alla Parrocchia di S. Maria Assunta a Cavalese, alle Chiese di Fiemme, alla Magnifica Comunit\u00e0 di Fiemme, alla Comunit\u00e0 Territoriale di Fiemme, al Comune di Cavalese, alla Provincia Autonoma di Trento, alla Cassa Rurale Val di Fiemme e all\u2019associazione <a href=\"https:\/\/giulianoorganotesero.it\" target=\"_blank\" rel=\"noopener\">Giuliano per l\u2019Organo di Tesero<\/a>!<\/strong><\/p>\n<p>&nbsp;<\/p>\n<hr \/>\n<h3>Il programma del 17 settembre in sintesi:<\/h3>\n<p>Dalle ore 7:30 in poi: partenza dei pellegrini,\u00a0a piedi e non, da tutte le parti della Valle.\u00a0I pellegrini verranno accolti presso il parco della Pieve a partire dalle ore 14:30, mentre alle ore 15:00 ci sar\u00e0 la S. Messa celebrata da monsignor Lauro Tisi.<span class=\"Apple-converted-space\"><strong> Per chi intende raggiugere il parco della Pieve in pullman \u00e8 obbligatoria la prenotazione entro il 15 settembre.<\/strong> Info (itinerari, orari, mezzi, ecc.): <strong><a id=\"LPNoLPOWALinkPreview\" href=\"http:\/\/www.chiesedifiemme.org\/\">www.chiesedifiemme.org<\/a><\/strong>\u00a0e sulle bacheche delle Chiese e dei Comuni.<\/span><\/p>\n<p><a href=\"https:\/\/www.musedolomiti.it\/evento\/addolorata2023\/pellegrinaggio-addolorata_2023-locandina_a3_page-0001-scaled\/\" target=\"_blank\" rel=\"noopener\"><img loading=\"lazy\" decoding=\"async\" class=\"alignright wp-image-6199\" src=\"https:\/\/www.musedolomiti.it\/wp-content\/uploads\/2023\/08\/Pellegrinaggio-Addolorata_2023-Locandina_A3_page-0001-scaled-1.jpg\" alt=\"\" width=\"428\" height=\"600\" srcset=\"https:\/\/www.musedolomiti.it\/wp-content\/uploads\/2023\/08\/Pellegrinaggio-Addolorata_2023-Locandina_A3_page-0001-scaled-1.jpg 731w, https:\/\/www.musedolomiti.it\/wp-content\/uploads\/2023\/08\/Pellegrinaggio-Addolorata_2023-Locandina_A3_page-0001-scaled-1-214x300.jpg 214w\" sizes=\"auto, (max-width: 428px) 100vw, 428px\" \/><\/a><a href=\"https:\/\/www.musedolomiti.it\/evento\/addolorata2023\/a3_addolorata16092023_def\/\" target=\"_blank\" rel=\"noopener\"><img loading=\"lazy\" decoding=\"async\" class=\"alignleft wp-image-6197\" src=\"https:\/\/www.musedolomiti.it\/wp-content\/uploads\/2023\/08\/A3_Addolorata16092023_DEF-729x1024.jpg\" alt=\"\" width=\"427\" height=\"600\" srcset=\"https:\/\/www.musedolomiti.it\/wp-content\/uploads\/2023\/08\/A3_Addolorata16092023_DEF-729x1024.jpg 729w, https:\/\/www.musedolomiti.it\/wp-content\/uploads\/2023\/08\/A3_Addolorata16092023_DEF-213x300.jpg 213w, https:\/\/www.musedolomiti.it\/wp-content\/uploads\/2023\/08\/A3_Addolorata16092023_DEF-768x1079.jpg 768w, https:\/\/www.musedolomiti.it\/wp-content\/uploads\/2023\/08\/A3_Addolorata16092023_DEF-1093x1536.jpg 1093w, https:\/\/www.musedolomiti.it\/wp-content\/uploads\/2023\/08\/A3_Addolorata16092023_DEF.jpg 1366w\" sizes=\"auto, (max-width: 427px) 100vw, 427px\" \/><\/a><\/p>\n","protected":false},"excerpt":{"rendered":"<p>Sabato 16 Settembre 2023, ore 21 | Pieve di S. Maria Assunta a Cavalese |\u00a0 INGRESSO LIBERO CONCERTO PER L&#8217; ADDOLORATA DI FIEMME Concerto in occasione del secondo Pellegrinaggio di&#8230; <\/p>\n<div class=\"clear\"><\/div>\n<p><a href=\"https:\/\/www.musedolomiti.it\/en\/evento\/addolorata2023\/\" class=\"gdlr-button with-border excerpt-read-more\">Read More<\/a><\/p>\n","protected":false},"author":2,"featured_media":6188,"template":"","meta":{"_acf_changed":false,"_tribe_events_status":"","_tribe_events_status_reason":"","footnotes":""},"tags":[],"tribe_events_cat":[77],"class_list":["post-6186","tribe_events","type-tribe_events","status-publish","has-post-thumbnail","hentry","tribe_events_cat-xi-edizione-2023","cat_xi-edizione-2023"],"acf":[],"yoast_head":"<!-- This site is optimized with the Yoast SEO plugin v27.1.1 - https:\/\/yoast.com\/product\/yoast-seo-wordpress\/ -->\n<title>CONCERTO PER L&#039;ADDOLORATA DI FIEMME - Le Muse e le Dolomiti<\/title>\n<meta name=\"description\" content=\"Scopri tutti gli eventi di Musica Classica organizzati dall&#039;Associazione &quot;Le Muse e le Dolomiti&quot;.\" \/>\n<meta name=\"robots\" content=\"index, follow, max-snippet:-1, max-image-preview:large, max-video-preview:-1\" \/>\n<link rel=\"canonical\" href=\"https:\/\/www.musedolomiti.it\/evento\/addolorata2023\/\" \/>\n<meta property=\"og:locale\" content=\"en_US\" \/>\n<meta property=\"og:type\" content=\"article\" \/>\n<meta property=\"og:title\" content=\"CONCERTO PER L&#039;ADDOLORATA DI FIEMME - Le Muse e le Dolomiti\" \/>\n<meta property=\"og:description\" content=\"Scopri tutti gli eventi di Musica Classica organizzati dall&#039;Associazione &quot;Le Muse e le Dolomiti&quot;.\" \/>\n<meta property=\"og:url\" content=\"https:\/\/www.musedolomiti.it\/evento\/addolorata2023\/\" \/>\n<meta property=\"og:site_name\" content=\"Le Muse e le Dolomiti\" \/>\n<meta property=\"article:publisher\" content=\"https:\/\/it-it.facebook.com\/musedolomiti\/\" \/>\n<meta property=\"article:modified_time\" content=\"2023-09-18T18:44:44+00:00\" \/>\n<meta property=\"og:image\" content=\"https:\/\/www.musedolomiti.it\/wp-content\/uploads\/2023\/08\/1500x100px_Concerto-solidarieta_16set.jpg\" \/>\n\t<meta property=\"og:image:width\" content=\"1920\" \/>\n\t<meta property=\"og:image:height\" content=\"1280\" \/>\n\t<meta property=\"og:image:type\" content=\"image\/jpeg\" \/>\n<meta name=\"twitter:card\" content=\"summary_large_image\" \/>\n<meta name=\"twitter:label1\" content=\"Est. reading time\" \/>\n\t<meta name=\"twitter:data1\" content=\"4 minutes\" \/>\n<script type=\"application\/ld+json\" class=\"yoast-schema-graph\">{\"@context\":\"https:\/\/schema.org\",\"@graph\":[{\"@type\":\"WebPage\",\"@id\":\"https:\/\/www.musedolomiti.it\/evento\/addolorata2023\/\",\"url\":\"https:\/\/www.musedolomiti.it\/evento\/addolorata2023\/\",\"name\":\"CONCERTO PER L'ADDOLORATA DI FIEMME - Le Muse e le Dolomiti\",\"isPartOf\":{\"@id\":\"https:\/\/www.musedolomiti.it\/en\/#website\"},\"primaryImageOfPage\":{\"@id\":\"https:\/\/www.musedolomiti.it\/evento\/addolorata2023\/#primaryimage\"},\"image\":{\"@id\":\"https:\/\/www.musedolomiti.it\/evento\/addolorata2023\/#primaryimage\"},\"thumbnailUrl\":\"https:\/\/www.musedolomiti.it\/wp-content\/uploads\/2023\/08\/1500x100px_Concerto-solidarieta_16set.jpg\",\"datePublished\":\"2023-08-28T07:19:30+00:00\",\"dateModified\":\"2023-09-18T18:44:44+00:00\",\"description\":\"Scopri tutti gli eventi di Musica Classica organizzati dall'Associazione \\\"Le Muse e le Dolomiti\\\".\",\"breadcrumb\":{\"@id\":\"https:\/\/www.musedolomiti.it\/evento\/addolorata2023\/#breadcrumb\"},\"inLanguage\":\"en-US\",\"potentialAction\":[{\"@type\":\"ReadAction\",\"target\":[\"https:\/\/www.musedolomiti.it\/evento\/addolorata2023\/\"]}]},{\"@type\":\"ImageObject\",\"inLanguage\":\"en-US\",\"@id\":\"https:\/\/www.musedolomiti.it\/evento\/addolorata2023\/#primaryimage\",\"url\":\"https:\/\/www.musedolomiti.it\/wp-content\/uploads\/2023\/08\/1500x100px_Concerto-solidarieta_16set.jpg\",\"contentUrl\":\"https:\/\/www.musedolomiti.it\/wp-content\/uploads\/2023\/08\/1500x100px_Concerto-solidarieta_16set.jpg\",\"width\":1920,\"height\":1280},{\"@type\":\"BreadcrumbList\",\"@id\":\"https:\/\/www.musedolomiti.it\/evento\/addolorata2023\/#breadcrumb\",\"itemListElement\":[{\"@type\":\"ListItem\",\"position\":1,\"name\":\"Home\",\"item\":\"https:\/\/www.musedolomiti.it\/en\/\"},{\"@type\":\"ListItem\",\"position\":2,\"name\":\"Eventi\",\"item\":\"https:\/\/www.musedolomiti.it\/calendario\/\"},{\"@type\":\"ListItem\",\"position\":3,\"name\":\"CONCERTO PER L&#8217;ADDOLORATA DI FIEMME\"}]},{\"@type\":\"WebSite\",\"@id\":\"https:\/\/www.musedolomiti.it\/en\/#website\",\"url\":\"https:\/\/www.musedolomiti.it\/en\/\",\"name\":\"Le Muse e le Dolomiti\",\"description\":\"Da Nord a Sud, da Est a Ovest, la Musica e il Belcanto uniscono il mondo.\",\"potentialAction\":[{\"@type\":\"SearchAction\",\"target\":{\"@type\":\"EntryPoint\",\"urlTemplate\":\"https:\/\/www.musedolomiti.it\/en\/?s={search_term_string}\"},\"query-input\":{\"@type\":\"PropertyValueSpecification\",\"valueRequired\":true,\"valueName\":\"search_term_string\"}}],\"inLanguage\":\"en-US\"}]}<\/script>\n<!-- \/ Yoast SEO plugin. -->","yoast_head_json":{"title":"CONCERTO PER L'ADDOLORATA DI FIEMME - Le Muse e le Dolomiti","description":"Scopri tutti gli eventi di Musica Classica organizzati dall'Associazione \"Le Muse e le Dolomiti\".","robots":{"index":"index","follow":"follow","max-snippet":"max-snippet:-1","max-image-preview":"max-image-preview:large","max-video-preview":"max-video-preview:-1"},"canonical":"https:\/\/www.musedolomiti.it\/evento\/addolorata2023\/","og_locale":"en_US","og_type":"article","og_title":"CONCERTO PER L'ADDOLORATA DI FIEMME - Le Muse e le Dolomiti","og_description":"Scopri tutti gli eventi di Musica Classica organizzati dall'Associazione \"Le Muse e le Dolomiti\".","og_url":"https:\/\/www.musedolomiti.it\/evento\/addolorata2023\/","og_site_name":"Le Muse e le Dolomiti","article_publisher":"https:\/\/it-it.facebook.com\/musedolomiti\/","article_modified_time":"2023-09-18T18:44:44+00:00","og_image":[{"width":1920,"height":1280,"url":"https:\/\/www.musedolomiti.it\/wp-content\/uploads\/2023\/08\/1500x100px_Concerto-solidarieta_16set.jpg","type":"image\/jpeg"}],"twitter_card":"summary_large_image","twitter_misc":{"Est. reading time":"4 minutes"},"schema":{"@context":"https:\/\/schema.org","@graph":[{"@type":"WebPage","@id":"https:\/\/www.musedolomiti.it\/evento\/addolorata2023\/","url":"https:\/\/www.musedolomiti.it\/evento\/addolorata2023\/","name":"CONCERTO PER L'ADDOLORATA DI FIEMME - Le Muse e le Dolomiti","isPartOf":{"@id":"https:\/\/www.musedolomiti.it\/en\/#website"},"primaryImageOfPage":{"@id":"https:\/\/www.musedolomiti.it\/evento\/addolorata2023\/#primaryimage"},"image":{"@id":"https:\/\/www.musedolomiti.it\/evento\/addolorata2023\/#primaryimage"},"thumbnailUrl":"https:\/\/www.musedolomiti.it\/wp-content\/uploads\/2023\/08\/1500x100px_Concerto-solidarieta_16set.jpg","datePublished":"2023-08-28T07:19:30+00:00","dateModified":"2023-09-18T18:44:44+00:00","description":"Scopri tutti gli eventi di Musica Classica organizzati dall'Associazione \"Le Muse e le Dolomiti\".","breadcrumb":{"@id":"https:\/\/www.musedolomiti.it\/evento\/addolorata2023\/#breadcrumb"},"inLanguage":"en-US","potentialAction":[{"@type":"ReadAction","target":["https:\/\/www.musedolomiti.it\/evento\/addolorata2023\/"]}]},{"@type":"ImageObject","inLanguage":"en-US","@id":"https:\/\/www.musedolomiti.it\/evento\/addolorata2023\/#primaryimage","url":"https:\/\/www.musedolomiti.it\/wp-content\/uploads\/2023\/08\/1500x100px_Concerto-solidarieta_16set.jpg","contentUrl":"https:\/\/www.musedolomiti.it\/wp-content\/uploads\/2023\/08\/1500x100px_Concerto-solidarieta_16set.jpg","width":1920,"height":1280},{"@type":"BreadcrumbList","@id":"https:\/\/www.musedolomiti.it\/evento\/addolorata2023\/#breadcrumb","itemListElement":[{"@type":"ListItem","position":1,"name":"Home","item":"https:\/\/www.musedolomiti.it\/en\/"},{"@type":"ListItem","position":2,"name":"Eventi","item":"https:\/\/www.musedolomiti.it\/calendario\/"},{"@type":"ListItem","position":3,"name":"CONCERTO PER L&#8217;ADDOLORATA DI FIEMME"}]},{"@type":"WebSite","@id":"https:\/\/www.musedolomiti.it\/en\/#website","url":"https:\/\/www.musedolomiti.it\/en\/","name":"Le Muse e le Dolomiti","description":"Da Nord a Sud, da Est a Ovest, la Musica e il Belcanto uniscono il mondo.","potentialAction":[{"@type":"SearchAction","target":{"@type":"EntryPoint","urlTemplate":"https:\/\/www.musedolomiti.it\/en\/?s={search_term_string}"},"query-input":{"@type":"PropertyValueSpecification","valueRequired":true,"valueName":"search_term_string"}}],"inLanguage":"en-US"}]}},"_links":{"self":[{"href":"https:\/\/www.musedolomiti.it\/en\/wp-json\/wp\/v2\/tribe_events\/6186","targetHints":{"allow":["GET"]}}],"collection":[{"href":"https:\/\/www.musedolomiti.it\/en\/wp-json\/wp\/v2\/tribe_events"}],"about":[{"href":"https:\/\/www.musedolomiti.it\/en\/wp-json\/wp\/v2\/types\/tribe_events"}],"author":[{"embeddable":true,"href":"https:\/\/www.musedolomiti.it\/en\/wp-json\/wp\/v2\/users\/2"}],"version-history":[{"count":10,"href":"https:\/\/www.musedolomiti.it\/en\/wp-json\/wp\/v2\/tribe_events\/6186\/revisions"}],"predecessor-version":[{"id":6229,"href":"https:\/\/www.musedolomiti.it\/en\/wp-json\/wp\/v2\/tribe_events\/6186\/revisions\/6229"}],"wp:featuredmedia":[{"embeddable":true,"href":"https:\/\/www.musedolomiti.it\/en\/wp-json\/wp\/v2\/media\/6188"}],"wp:attachment":[{"href":"https:\/\/www.musedolomiti.it\/en\/wp-json\/wp\/v2\/media?parent=6186"}],"wp:term":[{"taxonomy":"post_tag","embeddable":true,"href":"https:\/\/www.musedolomiti.it\/en\/wp-json\/wp\/v2\/tags?post=6186"},{"taxonomy":"tribe_events_cat","embeddable":true,"href":"https:\/\/www.musedolomiti.it\/en\/wp-json\/wp\/v2\/tribe_events_cat?post=6186"}],"curies":[{"name":"wp","href":"https:\/\/api.w.org\/{rel}","templated":true}]}}