{"id":6279,"date":"2023-12-24T20:21:24","date_gmt":"2023-12-24T19:21:24","guid":{"rendered":"https:\/\/www.musedolomiti.it\/?post_type=tribe_events&#038;p=6279"},"modified":"2024-01-02T10:38:50","modified_gmt":"2024-01-02T09:38:50","slug":"concerto-natalizio-cavalese-2024","status":"publish","type":"tribe_events","link":"https:\/\/www.musedolomiti.it\/en\/evento\/concerto-natalizio-cavalese-2024\/","title":{"rendered":"Concerto Teatrale Natalizio"},"content":{"rendered":"<h5 class=\"p1\"><span class=\"s1\">Domenica 7 Gennaio 2024, ore 15:30 \u00a0| \u00a0Chiesa di S. Vigilio, Cavalese \u00a0|<span class=\"Apple-converted-space\">\u00a0 <\/span>INGRESSO LIBERO<\/span><\/h5>\n<hr \/>\n<h4>Scuola Interregionale di Canto e Teatro<br \/>\n<em>Sedi di Agordo, Caprile, Cavalese, Moena, Vallada Agordina<\/em><\/h4>\n<h4>Maria Christina Cleary, arpa<br \/>\nOda Zoe Hochscheid, direzione coro e regia<\/h4>\n<p><strong>Attenzione: questo concerto inizia alle ore 15:30!<\/strong><\/p>\n<p>Vi aspettiamo per uno spettacolo in atmosfera natalizia&#8230; per iniziare bene l&#8217;anno!<\/p>\n<p>Sar\u00e0 possibile sentire i solisti e i cori della nostra &#8220;Scuola Interregionale di Canto e Teatro&#8221;, lanciata due anni fa. \u00a0I bambini e i ragazzi, dell&#8217;et\u00e0 tra i 6 e i 17 anni, si esibiranno in un repertorio natalizio internazionale che include famosi &#8220;highlights&#8221; come &#8220;Carol of the bells&#8221;, &#8220;O holy night&#8221;, &#8220;Gloria in excelsis Deo&#8221; e molto altro.<\/p>\n<p>Protagonista sar\u00e0 inoltre Maria Christina Cleary, un&#8217;arpista di eccellenza mondiale. Poche settimane fa era ancora presso il rinomato istituto Juilliard negli Stati Uniti a tenere una Master, oggi pomeriggio sar\u00e0 con noi! Leggi il suo importante curriculum<a href=\"https:\/\/www.conservatorioverona.it\/allegati_docenti\/56a9fb99de21c_MARIA%20CHRISTINA%20CLEARY%20-CV%20%20IT%20E%20INGL%202016.pdf\" target=\"_blank\" rel=\"noopener\"> cliccando qui.<\/a><\/p>\n<p>Abbinare l&#8217;arpa alle voci bianche \u00e8 una scelta mirata. Ovviamente per la bellezza e per il fascino dello strumento. Inoltre perch\u00e9 il concerto sar\u00e0 un&#8217;opportunit\u00e0 per le nostre voci bianche di misurarsi con le musiche di Benjamin Britten, il pi\u00f9 brillante compositore per voci bianche del ventesimo secolo. Saranno eseguiti alcuni movimenti dal suo famosissimo ciclo &#8220;A Ceremony of Carols&#8221; (&#8220;una celebrazione canora natalizia&#8221;), un titolo che a livello internazionale rappresenta un riconoscimento di buon livello per qualsiasi coro di voci bianche e che prevede un ruolo importante per l&#8217;arpa.<\/p>\n<p>Preparatevi per un suono caloroso e sicuro da parte delle nostre voci giovanili maschili. &#8230; E naturalmente ci saranno i nostri gruppi junior a portarvi tanta tenerezza, gioia e &#8230;grinta!<\/p>\n<p>Segnaliamo che nel mese di gennaio sono i benvenuti bambini e ragazzi dai 6 anni in poi per fare delle <strong>lezioni di prova gratuite<\/strong>, presso tutte le sedi della nostra Scuola Interregionale (Agordo, Caprile, Cavalese, Moena e Vallada Agordina)! Per ulteriori info, <a href=\"https:\/\/www.musedolomiti.it\/corsi\/voci-bianche-e-giovanili\/\" target=\"_blank\" rel=\"noopener\">cliccate qui<\/a> oppure chiamate subito il numero indicato sul volantino dedicato di seguito.<\/p>\n<p><strong><em>Ringraziamo di cuore Don Albino e la Parrocchia di Cavalese per l&#8217;ospitalit\u00e0 presso la Chiesa di S. Vigilio e presso gli spazi parrocchiali messi a disposizione durante l&#8217;anno per la nostra sede di Cavalese!<\/em><\/strong><\/p>\n<p><a href=\"https:\/\/www.musedolomiti.it\/wp-content\/uploads\/2023\/12\/MuseDolomiti_7gen2024.jpg\"><img loading=\"lazy\" decoding=\"async\" class=\"alignleft size-large wp-image-6290\" src=\"https:\/\/www.musedolomiti.it\/wp-content\/uploads\/2023\/12\/MuseDolomiti_7gen2024-734x1024.jpg\" alt=\"\" width=\"734\" height=\"1024\" srcset=\"https:\/\/www.musedolomiti.it\/wp-content\/uploads\/2023\/12\/MuseDolomiti_7gen2024-734x1024.jpg 734w, https:\/\/www.musedolomiti.it\/wp-content\/uploads\/2023\/12\/MuseDolomiti_7gen2024-215x300.jpg 215w, https:\/\/www.musedolomiti.it\/wp-content\/uploads\/2023\/12\/MuseDolomiti_7gen2024-768x1072.jpg 768w, https:\/\/www.musedolomiti.it\/wp-content\/uploads\/2023\/12\/MuseDolomiti_7gen2024.jpg 1075w\" sizes=\"auto, (max-width: 734px) 100vw, 734px\" \/><\/a> <a href=\"https:\/\/www.musedolomiti.it\/wp-content\/uploads\/2023\/12\/A4_VOCI-BIANCHE_gennaio2024.jpg\"><img loading=\"lazy\" decoding=\"async\" class=\"alignleft size-large wp-image-6292\" src=\"https:\/\/www.musedolomiti.it\/wp-content\/uploads\/2023\/12\/A4_VOCI-BIANCHE_gennaio2024-730x1024.jpg\" alt=\"\" width=\"730\" height=\"1024\" srcset=\"https:\/\/www.musedolomiti.it\/wp-content\/uploads\/2023\/12\/A4_VOCI-BIANCHE_gennaio2024-730x1024.jpg 730w, https:\/\/www.musedolomiti.it\/wp-content\/uploads\/2023\/12\/A4_VOCI-BIANCHE_gennaio2024-214x300.jpg 214w, https:\/\/www.musedolomiti.it\/wp-content\/uploads\/2023\/12\/A4_VOCI-BIANCHE_gennaio2024-768x1078.jpg 768w, https:\/\/www.musedolomiti.it\/wp-content\/uploads\/2023\/12\/A4_VOCI-BIANCHE_gennaio2024-1095x1536.jpg 1095w, https:\/\/www.musedolomiti.it\/wp-content\/uploads\/2023\/12\/A4_VOCI-BIANCHE_gennaio2024.jpg 1275w\" sizes=\"auto, (max-width: 730px) 100vw, 730px\" \/><\/a><\/p>\n","protected":false},"excerpt":{"rendered":"<p>Domenica 7 Gennaio 2024, ore 15:30 \u00a0| \u00a0Chiesa di S. Vigilio, Cavalese \u00a0|\u00a0 INGRESSO LIBERO Scuola Interregionale di Canto e Teatro Sedi di Agordo, Caprile, Cavalese, Moena, Vallada Agordina Maria&#8230; <\/p>\n<div class=\"clear\"><\/div>\n<p><a href=\"https:\/\/www.musedolomiti.it\/en\/evento\/concerto-natalizio-cavalese-2024\/\" class=\"gdlr-button with-border excerpt-read-more\">Read More<\/a><\/p>\n","protected":false},"author":2,"featured_media":6283,"template":"","meta":{"_acf_changed":false,"_tribe_events_status":"","_tribe_events_status_reason":"","footnotes":""},"tags":[],"tribe_events_cat":[61],"class_list":["post-6279","tribe_events","type-tribe_events","status-publish","has-post-thumbnail","hentry","tribe_events_cat-eventi","cat_eventi"],"acf":[],"yoast_head":"<!-- This site is optimized with the Yoast SEO plugin v27.1.1 - https:\/\/yoast.com\/product\/yoast-seo-wordpress\/ -->\n<title>Concerto Teatrale Natalizio - Le Muse e le Dolomiti<\/title>\n<meta name=\"description\" content=\"Scopri tutti gli eventi di Musica Classica organizzati dall&#039;Associazione &quot;Le Muse e le Dolomiti&quot;.\" \/>\n<meta name=\"robots\" content=\"index, follow, max-snippet:-1, max-image-preview:large, max-video-preview:-1\" \/>\n<link rel=\"canonical\" href=\"https:\/\/www.musedolomiti.it\/evento\/concerto-natalizio-cavalese-2024\/\" \/>\n<meta property=\"og:locale\" content=\"en_US\" \/>\n<meta property=\"og:type\" content=\"article\" \/>\n<meta property=\"og:title\" content=\"Concerto Teatrale Natalizio - Le Muse e le Dolomiti\" \/>\n<meta property=\"og:description\" content=\"Scopri tutti gli eventi di Musica Classica organizzati dall&#039;Associazione &quot;Le Muse e le Dolomiti&quot;.\" \/>\n<meta property=\"og:url\" content=\"https:\/\/www.musedolomiti.it\/evento\/concerto-natalizio-cavalese-2024\/\" \/>\n<meta property=\"og:site_name\" content=\"Le Muse e le Dolomiti\" \/>\n<meta property=\"article:publisher\" content=\"https:\/\/it-it.facebook.com\/musedolomiti\/\" \/>\n<meta property=\"article:modified_time\" content=\"2024-01-02T09:38:50+00:00\" \/>\n<meta property=\"og:image\" content=\"https:\/\/www.musedolomiti.it\/wp-content\/uploads\/2023\/12\/2023_08_12_in_paradisum_carano_019-copia.jpg\" \/>\n\t<meta property=\"og:image:width\" content=\"1500\" \/>\n\t<meta property=\"og:image:height\" content=\"1002\" \/>\n\t<meta property=\"og:image:type\" content=\"image\/jpeg\" \/>\n<meta name=\"twitter:card\" content=\"summary_large_image\" \/>\n<meta name=\"twitter:label1\" content=\"Est. reading time\" \/>\n\t<meta name=\"twitter:data1\" content=\"3 minutes\" \/>\n<script type=\"application\/ld+json\" class=\"yoast-schema-graph\">{\"@context\":\"https:\/\/schema.org\",\"@graph\":[{\"@type\":\"WebPage\",\"@id\":\"https:\/\/www.musedolomiti.it\/evento\/concerto-natalizio-cavalese-2024\/\",\"url\":\"https:\/\/www.musedolomiti.it\/evento\/concerto-natalizio-cavalese-2024\/\",\"name\":\"Concerto Teatrale Natalizio - Le Muse e le Dolomiti\",\"isPartOf\":{\"@id\":\"https:\/\/www.musedolomiti.it\/en\/#website\"},\"primaryImageOfPage\":{\"@id\":\"https:\/\/www.musedolomiti.it\/evento\/concerto-natalizio-cavalese-2024\/#primaryimage\"},\"image\":{\"@id\":\"https:\/\/www.musedolomiti.it\/evento\/concerto-natalizio-cavalese-2024\/#primaryimage\"},\"thumbnailUrl\":\"https:\/\/www.musedolomiti.it\/wp-content\/uploads\/2023\/12\/2023_08_12_in_paradisum_carano_019-copia.jpg\",\"datePublished\":\"2023-12-24T19:21:24+00:00\",\"dateModified\":\"2024-01-02T09:38:50+00:00\",\"description\":\"Scopri tutti gli eventi di Musica Classica organizzati dall'Associazione \\\"Le Muse e le Dolomiti\\\".\",\"breadcrumb\":{\"@id\":\"https:\/\/www.musedolomiti.it\/evento\/concerto-natalizio-cavalese-2024\/#breadcrumb\"},\"inLanguage\":\"en-US\",\"potentialAction\":[{\"@type\":\"ReadAction\",\"target\":[\"https:\/\/www.musedolomiti.it\/evento\/concerto-natalizio-cavalese-2024\/\"]}]},{\"@type\":\"ImageObject\",\"inLanguage\":\"en-US\",\"@id\":\"https:\/\/www.musedolomiti.it\/evento\/concerto-natalizio-cavalese-2024\/#primaryimage\",\"url\":\"https:\/\/www.musedolomiti.it\/wp-content\/uploads\/2023\/12\/2023_08_12_in_paradisum_carano_019-copia.jpg\",\"contentUrl\":\"https:\/\/www.musedolomiti.it\/wp-content\/uploads\/2023\/12\/2023_08_12_in_paradisum_carano_019-copia.jpg\",\"width\":1500,\"height\":1002},{\"@type\":\"BreadcrumbList\",\"@id\":\"https:\/\/www.musedolomiti.it\/evento\/concerto-natalizio-cavalese-2024\/#breadcrumb\",\"itemListElement\":[{\"@type\":\"ListItem\",\"position\":1,\"name\":\"Home\",\"item\":\"https:\/\/www.musedolomiti.it\/en\/\"},{\"@type\":\"ListItem\",\"position\":2,\"name\":\"Eventi\",\"item\":\"https:\/\/www.musedolomiti.it\/calendario\/\"},{\"@type\":\"ListItem\",\"position\":3,\"name\":\"Concerto Teatrale Natalizio\"}]},{\"@type\":\"WebSite\",\"@id\":\"https:\/\/www.musedolomiti.it\/en\/#website\",\"url\":\"https:\/\/www.musedolomiti.it\/en\/\",\"name\":\"Le Muse e le Dolomiti\",\"description\":\"Da Nord a Sud, da Est a Ovest, la Musica e il Belcanto uniscono il mondo.\",\"potentialAction\":[{\"@type\":\"SearchAction\",\"target\":{\"@type\":\"EntryPoint\",\"urlTemplate\":\"https:\/\/www.musedolomiti.it\/en\/?s={search_term_string}\"},\"query-input\":{\"@type\":\"PropertyValueSpecification\",\"valueRequired\":true,\"valueName\":\"search_term_string\"}}],\"inLanguage\":\"en-US\"}]}<\/script>\n<!-- \/ Yoast SEO plugin. -->","yoast_head_json":{"title":"Concerto Teatrale Natalizio - Le Muse e le Dolomiti","description":"Scopri tutti gli eventi di Musica Classica organizzati dall'Associazione \"Le Muse e le Dolomiti\".","robots":{"index":"index","follow":"follow","max-snippet":"max-snippet:-1","max-image-preview":"max-image-preview:large","max-video-preview":"max-video-preview:-1"},"canonical":"https:\/\/www.musedolomiti.it\/evento\/concerto-natalizio-cavalese-2024\/","og_locale":"en_US","og_type":"article","og_title":"Concerto Teatrale Natalizio - Le Muse e le Dolomiti","og_description":"Scopri tutti gli eventi di Musica Classica organizzati dall'Associazione \"Le Muse e le Dolomiti\".","og_url":"https:\/\/www.musedolomiti.it\/evento\/concerto-natalizio-cavalese-2024\/","og_site_name":"Le Muse e le Dolomiti","article_publisher":"https:\/\/it-it.facebook.com\/musedolomiti\/","article_modified_time":"2024-01-02T09:38:50+00:00","og_image":[{"width":1500,"height":1002,"url":"https:\/\/www.musedolomiti.it\/wp-content\/uploads\/2023\/12\/2023_08_12_in_paradisum_carano_019-copia.jpg","type":"image\/jpeg"}],"twitter_card":"summary_large_image","twitter_misc":{"Est. reading time":"3 minutes"},"schema":{"@context":"https:\/\/schema.org","@graph":[{"@type":"WebPage","@id":"https:\/\/www.musedolomiti.it\/evento\/concerto-natalizio-cavalese-2024\/","url":"https:\/\/www.musedolomiti.it\/evento\/concerto-natalizio-cavalese-2024\/","name":"Concerto Teatrale Natalizio - Le Muse e le Dolomiti","isPartOf":{"@id":"https:\/\/www.musedolomiti.it\/en\/#website"},"primaryImageOfPage":{"@id":"https:\/\/www.musedolomiti.it\/evento\/concerto-natalizio-cavalese-2024\/#primaryimage"},"image":{"@id":"https:\/\/www.musedolomiti.it\/evento\/concerto-natalizio-cavalese-2024\/#primaryimage"},"thumbnailUrl":"https:\/\/www.musedolomiti.it\/wp-content\/uploads\/2023\/12\/2023_08_12_in_paradisum_carano_019-copia.jpg","datePublished":"2023-12-24T19:21:24+00:00","dateModified":"2024-01-02T09:38:50+00:00","description":"Scopri tutti gli eventi di Musica Classica organizzati dall'Associazione \"Le Muse e le Dolomiti\".","breadcrumb":{"@id":"https:\/\/www.musedolomiti.it\/evento\/concerto-natalizio-cavalese-2024\/#breadcrumb"},"inLanguage":"en-US","potentialAction":[{"@type":"ReadAction","target":["https:\/\/www.musedolomiti.it\/evento\/concerto-natalizio-cavalese-2024\/"]}]},{"@type":"ImageObject","inLanguage":"en-US","@id":"https:\/\/www.musedolomiti.it\/evento\/concerto-natalizio-cavalese-2024\/#primaryimage","url":"https:\/\/www.musedolomiti.it\/wp-content\/uploads\/2023\/12\/2023_08_12_in_paradisum_carano_019-copia.jpg","contentUrl":"https:\/\/www.musedolomiti.it\/wp-content\/uploads\/2023\/12\/2023_08_12_in_paradisum_carano_019-copia.jpg","width":1500,"height":1002},{"@type":"BreadcrumbList","@id":"https:\/\/www.musedolomiti.it\/evento\/concerto-natalizio-cavalese-2024\/#breadcrumb","itemListElement":[{"@type":"ListItem","position":1,"name":"Home","item":"https:\/\/www.musedolomiti.it\/en\/"},{"@type":"ListItem","position":2,"name":"Eventi","item":"https:\/\/www.musedolomiti.it\/calendario\/"},{"@type":"ListItem","position":3,"name":"Concerto Teatrale Natalizio"}]},{"@type":"WebSite","@id":"https:\/\/www.musedolomiti.it\/en\/#website","url":"https:\/\/www.musedolomiti.it\/en\/","name":"Le Muse e le Dolomiti","description":"Da Nord a Sud, da Est a Ovest, la Musica e il Belcanto uniscono il mondo.","potentialAction":[{"@type":"SearchAction","target":{"@type":"EntryPoint","urlTemplate":"https:\/\/www.musedolomiti.it\/en\/?s={search_term_string}"},"query-input":{"@type":"PropertyValueSpecification","valueRequired":true,"valueName":"search_term_string"}}],"inLanguage":"en-US"}]}},"_links":{"self":[{"href":"https:\/\/www.musedolomiti.it\/en\/wp-json\/wp\/v2\/tribe_events\/6279","targetHints":{"allow":["GET"]}}],"collection":[{"href":"https:\/\/www.musedolomiti.it\/en\/wp-json\/wp\/v2\/tribe_events"}],"about":[{"href":"https:\/\/www.musedolomiti.it\/en\/wp-json\/wp\/v2\/types\/tribe_events"}],"author":[{"embeddable":true,"href":"https:\/\/www.musedolomiti.it\/en\/wp-json\/wp\/v2\/users\/2"}],"version-history":[{"count":10,"href":"https:\/\/www.musedolomiti.it\/en\/wp-json\/wp\/v2\/tribe_events\/6279\/revisions"}],"predecessor-version":[{"id":6311,"href":"https:\/\/www.musedolomiti.it\/en\/wp-json\/wp\/v2\/tribe_events\/6279\/revisions\/6311"}],"wp:featuredmedia":[{"embeddable":true,"href":"https:\/\/www.musedolomiti.it\/en\/wp-json\/wp\/v2\/media\/6283"}],"wp:attachment":[{"href":"https:\/\/www.musedolomiti.it\/en\/wp-json\/wp\/v2\/media?parent=6279"}],"wp:term":[{"taxonomy":"post_tag","embeddable":true,"href":"https:\/\/www.musedolomiti.it\/en\/wp-json\/wp\/v2\/tags?post=6279"},{"taxonomy":"tribe_events_cat","embeddable":true,"href":"https:\/\/www.musedolomiti.it\/en\/wp-json\/wp\/v2\/tribe_events_cat?post=6279"}],"curies":[{"name":"wp","href":"https:\/\/api.w.org\/{rel}","templated":true}]}}