{"id":6500,"date":"2024-07-01T10:37:26","date_gmt":"2024-07-01T08:37:26","guid":{"rendered":"https:\/\/www.musedolomiti.it\/?post_type=tribe_events&#038;p=6500"},"modified":"2024-07-01T15:05:08","modified_gmt":"2024-07-01T13:05:08","slug":"cantemus","status":"publish","type":"tribe_events","link":"https:\/\/www.musedolomiti.it\/en\/evento\/cantemus\/","title":{"rendered":"CANTEMUS &#8211; Concerto Interculturale"},"content":{"rendered":"<h5 class=\"p1\"><span class=\"s1\">Venerd\u00ec 5 Luglio 2024, ore 21 | Chiesa Arcidiaconale di Agordo |<span class=\"Apple-converted-space\">\u00a0 <\/span>INGRESSO LIBERO<\/span><\/h5>\n<hr \/>\n<p><strong>CANTEMUS CHILDREN&#8217;S CHOIR<br \/>\nDIRETTO DAL MAESTRO D\u00c9NES SZAB\u00d3<\/strong><\/p>\n<p><strong>***<\/strong><\/p>\n<p><strong>Coro Val Biois<br \/>\n<\/strong>diretto da Attilio Costa<\/p>\n<p><strong>Voci bianche e gioavanili della<br \/>\nScuola Interregionale di Canto e Teatro<br \/>\n<\/strong>dirette da Oda Zoe Hochscheid<br \/>\nAi Yoshida, pianoforte<\/p>\n<p>Una serata da non perdere: stasera si esibir\u00e0 il &#8220;Cantemus Children&#8217;s Choir&#8221; con il fondatore e direttore D\u00e9nes Szabo. \u00a0Questo coro giovanile femminile rappresenta l&#8217;apice mondiale nel settore- \u00e8 come avere l&#8217;orchestra sinfonica della Santa Cecilia ad Agordo.<\/p>\n<p>D\u00e9nes Szab\u00f3, nato a Mak\u00f3, Ungheria, nel 1947, \u00e8 un personaggio di indubbio rilievo nell\u2019ambito corale globale. Dopo gli studi musicali a Szeged, Miskolc e Budapest inizi\u00f2 la sua carriera didattica presso la Scuola Elementare \u201cZolt\u00e1n Kod\u00e1ly\u201d nella citt\u00e0 di Ny\u00edregyh\u00e1za: come molte altre \u201cScuola Kod\u00e1ly\u201d in Ungheria, una scuola d\u2019obbligo che prevede lezioni musicali e vocali ogni giorno.<span class=\"Apple-converted-space\">\u00a0<\/span><\/p>\n<p>Nel 1975, D\u00e9nes fond\u00f2 il suo \u201cCantemus Children\u2019s Choir\u201d, che da allora \u00e8 diventato un istituto corale e un ente artistico indipendente. Dal 2004 Cantemus si esibisce in tutto il mondo con tre formazioni che garantiscono uno standard professionale di altissimo livello: \u201cPro Musica Girls\u2019 Choir\u201d, \u201cCantemus Mixed Voice Choir\u201d e il \u201cCantemus Children\u2019s Choir\u201d, la formazione che sentirete stasera.<\/p>\n<p>Consapevole dell\u2019importanza di condividere e tramandare le conoscenze e capacit\u00e0 uniche che rappresentano il metodo Kod\u00e1ly,\u00a0Cantemus ha inoltre creato un Festival e Concorso biennale presso la loro sede in Ungheria, ed \u00e8 infatti grazie a quest\u2019occasione di incontro internazionale che la serata di venerd\u00ec verr\u00e0 proposta, poich\u00e9 l\u2019organizzatore vi partecip\u00f2 recentemente.<span class=\"Apple-converted-space\">\u00a0<\/span><\/p>\n<p>Si tratta del Coro Misto Polifonico di Trichiana in collaborazione con l\u2019ASAC (L\u2019Associazione Corale \u201combrello\u201d del Veneto) e pi\u00f9 specificatamente, di Paolo Gardenal, presidente del Coro di Trichiana e responsabile dell\u2019ASAC per la provincia di Belluno. L\u2019iniziativa \u00e8 caratterizzata dalla volont\u00e0 di coinvolgere cori locali. A inizio serata si esibir\u00e0 il Coro Val Biois, coro di montagna maschile amatoriale diretto da Attilio Costa.<\/p>\n<p>Paolo ha esteso l&#8217;invito anche alle voci bianche e giovanili della \u201cScuola interregionale di Canto e Teatro\u201d dirette da Oda Zoe Hochscheid (direzione musicale e regia) e accompagnati al pianoforte da Ai Yoshida.<\/p>\n<p>Le voci bianche e giovanili della Scuola Interregionale di Canto e Teatro dell\u2019Associazione \u201cLe Muse e le Dolomiti\u201d sono bambini e ragazzi dai 6 anni in poi. Fondata nel 2021, la scuola unisce gli allievi in un progetto interregionale, con sedi ad Agordo, Caprile, Cavalese, Moena e Vallada Agordina.<span class=\"Apple-converted-space\">\u00a0<\/span><\/p>\n<p>Il percorso formativo prevede il metodo \u201cRobin\u201d, un metodo innovativo di canto e teatro ideato dalla Maestra Oda Zoe Hochscheid, richiesto e usato da svariate realt\u00e0 formative in Italia e all\u2019estero. Inoltre, la Scuola usa il metodo corale Kod\u00e1ly per la lettura del pentagramma. Questo metodo accomuna la Scuola Interregionale de Le Muse e le Dolomiti alla Scuola Corale \u201cCantemus\u201d, stasera presente con noi.<span class=\"Apple-converted-space\">\u00a0<\/span><\/p>\n<p>Sotto la guida della Maestra Oda Zoe Hochscheid, la Scuola Interregionale propone lo studio di un repertorio classico e del mondo per voci bianche e giovanili abbinato all\u2019espressivit\u00e0 teatrale ed \u00e8 fortemente ispirata alla Lirica. Gli allievi della Scuola si esibiscono in concerti e spettacoli \u201ca progetto\u201d con vari direttori, a seconda dell\u2019occasione e spesso a fianco di professionisti dello spettacolo di rilievo internazionale.<\/p>\n<p>La Scuola Interregionale rappresenta un progetto inedito per il territorio, con forte scopo sociale: unire studenti di una vasta zona interregionale di vallate dolomitiche, non sempre connesse tra loro, tramite la formazione artistica.<\/p>\n<p>Stasera vedrete e sentirete gli studenti di tutti i quattro livelli attuali della Scuola: il livello \u201cRobin junior\u201d (et\u00e0 6-9 anni), il Livello \u201cRobin 1\u201d (et\u00e0 7-13 anni), il livello avanzato \u201cRobin 2\u201d (et\u00e0 10-14 anni) e le voci giovanili maschili. Eseguiranno musiche di Britten, Rutter, Bach\/Gounod e altri.<\/p>\n<p><strong>Attualmente le iscrizioni per l&#8217;anno 2024-2025 sono aperte per tutte le sedi (Agordo, Caprile, Cavalese, Moena e Vallada Agordina)! Per info, <a href=\"https:\/\/www.musedolomiti.it\/corsi\/voci-bianche-e-giovanili\/\" target=\"_blank\" rel=\"noopener\">clicca qui.<\/a><\/strong><\/p>\n<hr \/>\n<p><em>Ringraziamo calorosamente il Coro Misto Polifonico di Trichiana e l&#8217;Associazione Corale del Veneto (ASAC), specialmente Paolo Gardenal, per l&#8217;organizzazione della serata e l&#8217;invito a parteciparvi!<\/em><\/p>\n<p><i>Un sentito ringraziamento inoltre alla parrocchia di Agordo, al parroco Don Cesare, a &#8220;Agordo Musica&#8221; e a Andrea Bernardi!<\/i><\/p>\n","protected":false},"excerpt":{"rendered":"<p>Venerd\u00ec 5 Luglio 2024, ore 21 | Chiesa Arcidiaconale di Agordo |\u00a0 INGRESSO LIBERO CANTEMUS CHILDREN&#8217;S CHOIR DIRETTO DAL MAESTRO D\u00c9NES SZAB\u00d3 *** Coro Val Biois diretto da Attilio Costa&#8230; <\/p>\n<div class=\"clear\"><\/div>\n<p><a href=\"https:\/\/www.musedolomiti.it\/en\/evento\/cantemus\/\" class=\"gdlr-button with-border excerpt-read-more\">Read More<\/a><\/p>\n","protected":false},"author":2,"featured_media":6501,"template":"","meta":{"_acf_changed":false,"_tribe_events_status":"","_tribe_events_status_reason":"","footnotes":""},"tags":[],"tribe_events_cat":[61],"class_list":["post-6500","tribe_events","type-tribe_events","status-publish","has-post-thumbnail","hentry","tribe_events_cat-eventi","cat_eventi"],"acf":[],"yoast_head":"<!-- This site is optimized with the Yoast SEO plugin v27.1.1 - https:\/\/yoast.com\/product\/yoast-seo-wordpress\/ -->\n<title>CANTEMUS - Concerto Interculturale - Le Muse e le Dolomiti<\/title>\n<meta name=\"description\" content=\"Scopri tutti gli eventi di Musica Classica organizzati dall&#039;Associazione &quot;Le Muse e le Dolomiti&quot;.\" \/>\n<meta name=\"robots\" content=\"index, follow, max-snippet:-1, max-image-preview:large, max-video-preview:-1\" \/>\n<link rel=\"canonical\" href=\"https:\/\/www.musedolomiti.it\/evento\/cantemus\/\" \/>\n<meta property=\"og:locale\" content=\"en_US\" \/>\n<meta property=\"og:type\" content=\"article\" \/>\n<meta property=\"og:title\" content=\"CANTEMUS - Concerto Interculturale - Le Muse e le Dolomiti\" \/>\n<meta property=\"og:description\" content=\"Scopri tutti gli eventi di Musica Classica organizzati dall&#039;Associazione &quot;Le Muse e le Dolomiti&quot;.\" \/>\n<meta property=\"og:url\" content=\"https:\/\/www.musedolomiti.it\/evento\/cantemus\/\" \/>\n<meta property=\"og:site_name\" content=\"Le Muse e le Dolomiti\" \/>\n<meta property=\"article:publisher\" content=\"https:\/\/it-it.facebook.com\/musedolomiti\/\" \/>\n<meta property=\"article:modified_time\" content=\"2024-07-01T13:05:08+00:00\" \/>\n<meta property=\"og:image\" content=\"https:\/\/www.musedolomiti.it\/wp-content\/uploads\/2024\/07\/445615043_974124494498099_6352683340507519481_n.jpg\" \/>\n\t<meta property=\"og:image:width\" content=\"2048\" \/>\n\t<meta property=\"og:image:height\" content=\"1365\" \/>\n\t<meta property=\"og:image:type\" content=\"image\/jpeg\" \/>\n<meta name=\"twitter:card\" content=\"summary_large_image\" \/>\n<meta name=\"twitter:label1\" content=\"Est. reading time\" \/>\n\t<meta name=\"twitter:data1\" content=\"1 minute\" \/>\n<script type=\"application\/ld+json\" class=\"yoast-schema-graph\">{\"@context\":\"https:\/\/schema.org\",\"@graph\":[{\"@type\":\"WebPage\",\"@id\":\"https:\/\/www.musedolomiti.it\/evento\/cantemus\/\",\"url\":\"https:\/\/www.musedolomiti.it\/evento\/cantemus\/\",\"name\":\"CANTEMUS - Concerto Interculturale - Le Muse e le Dolomiti\",\"isPartOf\":{\"@id\":\"https:\/\/www.musedolomiti.it\/en\/#website\"},\"primaryImageOfPage\":{\"@id\":\"https:\/\/www.musedolomiti.it\/evento\/cantemus\/#primaryimage\"},\"image\":{\"@id\":\"https:\/\/www.musedolomiti.it\/evento\/cantemus\/#primaryimage\"},\"thumbnailUrl\":\"https:\/\/www.musedolomiti.it\/wp-content\/uploads\/2024\/07\/445615043_974124494498099_6352683340507519481_n.jpg\",\"datePublished\":\"2024-07-01T08:37:26+00:00\",\"dateModified\":\"2024-07-01T13:05:08+00:00\",\"description\":\"Scopri tutti gli eventi di Musica Classica organizzati dall'Associazione \\\"Le Muse e le Dolomiti\\\".\",\"breadcrumb\":{\"@id\":\"https:\/\/www.musedolomiti.it\/evento\/cantemus\/#breadcrumb\"},\"inLanguage\":\"en-US\",\"potentialAction\":[{\"@type\":\"ReadAction\",\"target\":[\"https:\/\/www.musedolomiti.it\/evento\/cantemus\/\"]}]},{\"@type\":\"ImageObject\",\"inLanguage\":\"en-US\",\"@id\":\"https:\/\/www.musedolomiti.it\/evento\/cantemus\/#primaryimage\",\"url\":\"https:\/\/www.musedolomiti.it\/wp-content\/uploads\/2024\/07\/445615043_974124494498099_6352683340507519481_n.jpg\",\"contentUrl\":\"https:\/\/www.musedolomiti.it\/wp-content\/uploads\/2024\/07\/445615043_974124494498099_6352683340507519481_n.jpg\",\"width\":2048,\"height\":1365},{\"@type\":\"BreadcrumbList\",\"@id\":\"https:\/\/www.musedolomiti.it\/evento\/cantemus\/#breadcrumb\",\"itemListElement\":[{\"@type\":\"ListItem\",\"position\":1,\"name\":\"Home\",\"item\":\"https:\/\/www.musedolomiti.it\/en\/\"},{\"@type\":\"ListItem\",\"position\":2,\"name\":\"Eventi\",\"item\":\"https:\/\/www.musedolomiti.it\/calendario\/\"},{\"@type\":\"ListItem\",\"position\":3,\"name\":\"CANTEMUS &#8211; Concerto Interculturale\"}]},{\"@type\":\"WebSite\",\"@id\":\"https:\/\/www.musedolomiti.it\/en\/#website\",\"url\":\"https:\/\/www.musedolomiti.it\/en\/\",\"name\":\"Le Muse e le Dolomiti\",\"description\":\"Da Nord a Sud, da Est a Ovest, la Musica e il Belcanto uniscono il mondo.\",\"potentialAction\":[{\"@type\":\"SearchAction\",\"target\":{\"@type\":\"EntryPoint\",\"urlTemplate\":\"https:\/\/www.musedolomiti.it\/en\/?s={search_term_string}\"},\"query-input\":{\"@type\":\"PropertyValueSpecification\",\"valueRequired\":true,\"valueName\":\"search_term_string\"}}],\"inLanguage\":\"en-US\"}]}<\/script>\n<!-- \/ Yoast SEO plugin. -->","yoast_head_json":{"title":"CANTEMUS - Concerto Interculturale - Le Muse e le Dolomiti","description":"Scopri tutti gli eventi di Musica Classica organizzati dall'Associazione \"Le Muse e le Dolomiti\".","robots":{"index":"index","follow":"follow","max-snippet":"max-snippet:-1","max-image-preview":"max-image-preview:large","max-video-preview":"max-video-preview:-1"},"canonical":"https:\/\/www.musedolomiti.it\/evento\/cantemus\/","og_locale":"en_US","og_type":"article","og_title":"CANTEMUS - Concerto Interculturale - Le Muse e le Dolomiti","og_description":"Scopri tutti gli eventi di Musica Classica organizzati dall'Associazione \"Le Muse e le Dolomiti\".","og_url":"https:\/\/www.musedolomiti.it\/evento\/cantemus\/","og_site_name":"Le Muse e le Dolomiti","article_publisher":"https:\/\/it-it.facebook.com\/musedolomiti\/","article_modified_time":"2024-07-01T13:05:08+00:00","og_image":[{"width":2048,"height":1365,"url":"https:\/\/www.musedolomiti.it\/wp-content\/uploads\/2024\/07\/445615043_974124494498099_6352683340507519481_n.jpg","type":"image\/jpeg"}],"twitter_card":"summary_large_image","twitter_misc":{"Est. reading time":"1 minute"},"schema":{"@context":"https:\/\/schema.org","@graph":[{"@type":"WebPage","@id":"https:\/\/www.musedolomiti.it\/evento\/cantemus\/","url":"https:\/\/www.musedolomiti.it\/evento\/cantemus\/","name":"CANTEMUS - Concerto Interculturale - Le Muse e le Dolomiti","isPartOf":{"@id":"https:\/\/www.musedolomiti.it\/en\/#website"},"primaryImageOfPage":{"@id":"https:\/\/www.musedolomiti.it\/evento\/cantemus\/#primaryimage"},"image":{"@id":"https:\/\/www.musedolomiti.it\/evento\/cantemus\/#primaryimage"},"thumbnailUrl":"https:\/\/www.musedolomiti.it\/wp-content\/uploads\/2024\/07\/445615043_974124494498099_6352683340507519481_n.jpg","datePublished":"2024-07-01T08:37:26+00:00","dateModified":"2024-07-01T13:05:08+00:00","description":"Scopri tutti gli eventi di Musica Classica organizzati dall'Associazione \"Le Muse e le Dolomiti\".","breadcrumb":{"@id":"https:\/\/www.musedolomiti.it\/evento\/cantemus\/#breadcrumb"},"inLanguage":"en-US","potentialAction":[{"@type":"ReadAction","target":["https:\/\/www.musedolomiti.it\/evento\/cantemus\/"]}]},{"@type":"ImageObject","inLanguage":"en-US","@id":"https:\/\/www.musedolomiti.it\/evento\/cantemus\/#primaryimage","url":"https:\/\/www.musedolomiti.it\/wp-content\/uploads\/2024\/07\/445615043_974124494498099_6352683340507519481_n.jpg","contentUrl":"https:\/\/www.musedolomiti.it\/wp-content\/uploads\/2024\/07\/445615043_974124494498099_6352683340507519481_n.jpg","width":2048,"height":1365},{"@type":"BreadcrumbList","@id":"https:\/\/www.musedolomiti.it\/evento\/cantemus\/#breadcrumb","itemListElement":[{"@type":"ListItem","position":1,"name":"Home","item":"https:\/\/www.musedolomiti.it\/en\/"},{"@type":"ListItem","position":2,"name":"Eventi","item":"https:\/\/www.musedolomiti.it\/calendario\/"},{"@type":"ListItem","position":3,"name":"CANTEMUS &#8211; Concerto Interculturale"}]},{"@type":"WebSite","@id":"https:\/\/www.musedolomiti.it\/en\/#website","url":"https:\/\/www.musedolomiti.it\/en\/","name":"Le Muse e le Dolomiti","description":"Da Nord a Sud, da Est a Ovest, la Musica e il Belcanto uniscono il mondo.","potentialAction":[{"@type":"SearchAction","target":{"@type":"EntryPoint","urlTemplate":"https:\/\/www.musedolomiti.it\/en\/?s={search_term_string}"},"query-input":{"@type":"PropertyValueSpecification","valueRequired":true,"valueName":"search_term_string"}}],"inLanguage":"en-US"}]}},"_links":{"self":[{"href":"https:\/\/www.musedolomiti.it\/en\/wp-json\/wp\/v2\/tribe_events\/6500","targetHints":{"allow":["GET"]}}],"collection":[{"href":"https:\/\/www.musedolomiti.it\/en\/wp-json\/wp\/v2\/tribe_events"}],"about":[{"href":"https:\/\/www.musedolomiti.it\/en\/wp-json\/wp\/v2\/types\/tribe_events"}],"author":[{"embeddable":true,"href":"https:\/\/www.musedolomiti.it\/en\/wp-json\/wp\/v2\/users\/2"}],"version-history":[{"count":7,"href":"https:\/\/www.musedolomiti.it\/en\/wp-json\/wp\/v2\/tribe_events\/6500\/revisions"}],"predecessor-version":[{"id":6512,"href":"https:\/\/www.musedolomiti.it\/en\/wp-json\/wp\/v2\/tribe_events\/6500\/revisions\/6512"}],"wp:featuredmedia":[{"embeddable":true,"href":"https:\/\/www.musedolomiti.it\/en\/wp-json\/wp\/v2\/media\/6501"}],"wp:attachment":[{"href":"https:\/\/www.musedolomiti.it\/en\/wp-json\/wp\/v2\/media?parent=6500"}],"wp:term":[{"taxonomy":"post_tag","embeddable":true,"href":"https:\/\/www.musedolomiti.it\/en\/wp-json\/wp\/v2\/tags?post=6500"},{"taxonomy":"tribe_events_cat","embeddable":true,"href":"https:\/\/www.musedolomiti.it\/en\/wp-json\/wp\/v2\/tribe_events_cat?post=6500"}],"curies":[{"name":"wp","href":"https:\/\/api.w.org\/{rel}","templated":true}]}}