{"id":6613,"date":"2024-11-27T10:02:03","date_gmt":"2024-11-27T09:02:03","guid":{"rendered":"https:\/\/www.musedolomiti.it\/?post_type=tribe_events&#038;p=6613"},"modified":"2024-12-30T14:13:10","modified_gmt":"2024-12-30T13:13:10","slug":"haenselundgretel","status":"publish","type":"tribe_events","link":"https:\/\/www.musedolomiti.it\/en\/evento\/haenselundgretel\/","title":{"rendered":"H\u00c4NSEL UND GRETEL"},"content":{"rendered":"<h5 class=\"p1\"><span class=\"s1\">Luned\u00ec 6 Gennaio 2025, ore 17 | Teatro Navalge di Moena \u00a0|<span class=\"Apple-converted-space\">\u00a0 <\/span>INGRESSO LIBERO<\/span><\/h5>\n<hr \/>\n<p><strong>BUS NAVETTA!<\/strong><br \/>\n<strong>E&#8217; attivo il servizio &#8220;Navetta Teatro&#8221; andata e ritorno da Piazza Municipio Falcade al prezzo di 5 euro a persona.<\/strong><br \/>\n<strong>Info in fondo a questa pagina web.<\/strong><\/p>\n<hr \/>\n<h2><em><strong>Attenzione: spettacolo pomeridiano<\/strong><\/em><\/h2>\n<h2><b>Engelbert Humperdinck (1854-1921)<br \/>\n<\/b><\/h2>\n<h2><b>H\u00c4NSEL UND GRETEL<\/b><\/h2>\n<h2><b>Opera Lirica su libretto di Adelheid Wette<br \/>\nVersione abbreviata &#8211; durata circa 70 minuti senza pausa<br \/>\nCantato in tedesco con sopratitoli in Italiano<\/b><\/h2>\n<hr \/>\n<p>L&#8217;amatissima e famosissima fiaba dei fratelli Grimm \u00e8 la base dell&#8217;Opera Lirica di Engelbert Humperdinck, un capolavoro che, in periodo Natalizio, \u00e8 tra le opere pi\u00f9 eseguite nei teatri di tutto il mondo.<\/p>\n<p>Senz&#8217;altro sono la qualit\u00e0 e il potere di questa musica che garantiscono, anche dopo un secolo dalla morte del compositore, il suo grande e continuo successo: pagine musicali splendide, coinvolgenti e dal grande gesto emotivo.<\/p>\n<p>Lo spettacolo \u00e8 a cura della &#8220;Scuola Interregionale di Canto e Teatro&#8221; e del regista Giacomo Gamba, gi\u00e0 ospite dell&#8217;Associazione in occasione dello Spettacolo &#8220;Allegria!&#8221; (Agosto 2024).<\/p>\n<p>La &#8220;Scuola Interregionale di Canto e Teatro&#8221; desidera avvicinare bambini e ragazzi al teatro e alla musica, rappresentando un progetto unico nel territorio, con un forte scopo sociale: grazie alle varie sedi di Agordo, Caprile, Cavalese, Moena e Vallada Agordina, la scuola unisce studenti di una vasta zona interregionale di vallate dolomitiche.<\/p>\n<p>I bambini e ragazzi si esibiranno a fianco di professionisti di respiro internazionale.<\/p>\n<p><strong>Lo Spettacolo \u00e8 adatto a un pubblico di tutte le et\u00e0 (et\u00e0 consigliata sopra i 5 anni) e garantisce una forte esperienza emotiva, di alta qualit\u00e0 e con un convincente\u00a0impatto.<\/strong><\/p>\n<p><strong>UN&#8217;OCCASIONE DA NON PERDERE!<\/strong><\/p>\n<p><em>Lo spettacolo \u00e8 realizzato in collaborazione con i Comuni di Moena e Falcade, con Moena Eventi e con PromoFalcade, ai quali va il nostro sentito ringraziamento.<br \/>\nRingraziamo inoltre tutti gli enti\u00a0<\/em><i>patrocinanti del nostro progetto: Il Comun General de Fascia, la Magnifica Comunit\u00e0 di Fiemme e tutti i comuni che ci ospitano: Agordo, Alleghe\/Caprile,\u00a0Cavalese,\u00a0Moena e Vallada Agordina.\u00a0<\/i><\/p>\n<hr \/>\n<p>H\u00e4nsel <strong>MASSIMILIANO ZENDRON,<\/strong> voce bianca<br \/>\nGretel <strong>VERONICA FASSI,<\/strong> voce bianca<br \/>\nLa Madre <strong>ESTER POLLAM, <\/strong>soprano<br \/>\nIl Padre <strong>SAMUELE GANZ,<\/strong> voce giovanile \/ baritono<br \/>\nGli Amici del Padre <strong>OSCAR GANZ, FEDERICO TOMASELLI, <\/strong>voci giovanili<br \/>\nIl Fatino del Sonno <strong>ELISA PANZIERA,<\/strong> voce bianca<br \/>\nLa Strega <strong>ODA ZOE HOCHSCHEID, <\/strong>mezzosoprano<\/p>\n<p>Gli Amici di H\u00e4nsel e Gretel<br \/>\n<strong>ELENA SCARIAN, MARIA CHIARA GANZ, FRANCESCA ACQUISTI, MYA DELLA SANTA, NAIKE PERUCCHINI, AURORA AGRIMI<\/strong> (Voci bianche, Livello &#8220;Robin 2&#8221;)<br \/>\n<strong>ALISSA MICHELUZZI, LAVINIA BATTAGLIA, JESSICA STEFAN, SORAYA SCOLA, ALICE STIEVEN, ELISA PANZIERA<\/strong>\u00a0(Voci bianche, Livello &#8220;Robin 1&#8221;)<\/p>\n<p>Le Creature magiche della foresta<br \/>\n<strong>MARIKA FUSONI, DIANA BERNARDIN, SAKURA NISHIDA, GIULIA XAIZ, IRENE COSTA, ARMIN DORIGO, CECILIA PELLEGRINI, ALYSSA DEL VALLIER, LAURA DE BIASIO, AM\u00c9LIE SCLOZA, JONAH SCLOZA, MELINDA REPICI, ANITA DE CASSAN<\/strong> (Voci bianche, Livello &#8220;Robin junior&#8221;)<\/p>\n<p>Maestro al pianoforte <strong>ENRICO GIBELLATO\u00a0<\/strong><\/p>\n<p>Regia e ideazione scenica <strong>GIACOMO GAMBA<\/strong><\/p>\n<p>Luci e Audio <strong>ZANNA BROS<\/strong><\/p>\n<p>Realizzazione costumi e oggetti scenici <strong>ANGELA CHIOCCHETTI<\/strong><\/p>\n<hr \/>\n<h2>NAVETTA TEATRO DA\/A FALCADE<\/h2>\n<p>Il Teatro Navalge, teatro di riferimento per una vasta zona dolomitica interregionale, \u00e8 facilmente raggiungibile da Falcade con il servizio bus navetta.<\/p>\n<p><strong>Partenza alle ore 15:45 da Piazza Municipio a Falcade, costo 5 euro a persona. <\/strong><\/p>\n<p>Evita la ricerca di un posteggio macchina a Moena in pieno periodo turistico e prenota subito!<\/p>\n<p><strong>La prenotazione \u00e8 obbligatoria e possibile fino alle ore 12 del 6 gennaio 2025.\u00a0<\/strong><br \/>\n<strong>Whatsapp +39 347 4937726<\/strong><br \/>\n<strong>Mail ufficio@musedolomiti.it<\/strong><\/p>\n","protected":false},"excerpt":{"rendered":"<p>Luned\u00ec 6 Gennaio 2025, ore 17 | Teatro Navalge di Moena \u00a0|\u00a0 INGRESSO LIBERO BUS NAVETTA! E&#8217; attivo il servizio &#8220;Navetta Teatro&#8221; andata e ritorno da Piazza Municipio Falcade al&#8230; <\/p>\n<div class=\"clear\"><\/div>\n<p><a href=\"https:\/\/www.musedolomiti.it\/en\/evento\/haenselundgretel\/\" class=\"gdlr-button with-border excerpt-read-more\">Read More<\/a><\/p>\n","protected":false},"author":2,"featured_media":6617,"template":"","meta":{"_acf_changed":false,"_tribe_events_status":"","_tribe_events_status_reason":"","footnotes":""},"tags":[],"tribe_events_cat":[61],"class_list":["post-6613","tribe_events","type-tribe_events","status-publish","has-post-thumbnail","hentry","tribe_events_cat-eventi","cat_eventi"],"acf":[],"yoast_head":"<!-- This site is optimized with the Yoast SEO plugin v27.1.1 - https:\/\/yoast.com\/product\/yoast-seo-wordpress\/ -->\n<title>H\u00c4NSEL UND GRETEL - Le Muse e le Dolomiti<\/title>\n<meta name=\"description\" content=\"Scopri tutti gli eventi di Musica Classica organizzati dall&#039;Associazione &quot;Le Muse e le Dolomiti&quot;.\" \/>\n<meta name=\"robots\" content=\"index, follow, max-snippet:-1, max-image-preview:large, max-video-preview:-1\" \/>\n<link rel=\"canonical\" href=\"https:\/\/www.musedolomiti.it\/evento\/haenselundgretel\/\" \/>\n<meta property=\"og:locale\" content=\"en_US\" \/>\n<meta property=\"og:type\" content=\"article\" \/>\n<meta property=\"og:title\" content=\"H\u00c4NSEL UND GRETEL - Le Muse e le Dolomiti\" \/>\n<meta property=\"og:description\" content=\"Scopri tutti gli eventi di Musica Classica organizzati dall&#039;Associazione &quot;Le Muse e le Dolomiti&quot;.\" \/>\n<meta property=\"og:url\" content=\"https:\/\/www.musedolomiti.it\/evento\/haenselundgretel\/\" \/>\n<meta property=\"og:site_name\" content=\"Le Muse e le Dolomiti\" \/>\n<meta property=\"article:publisher\" content=\"https:\/\/it-it.facebook.com\/musedolomiti\/\" \/>\n<meta property=\"article:modified_time\" content=\"2024-12-30T13:13:10+00:00\" \/>\n<meta property=\"og:image\" content=\"https:\/\/www.musedolomiti.it\/wp-content\/uploads\/2024\/11\/BANNER_Hansel-e-Gretel_6gen.jpeg\" \/>\n\t<meta property=\"og:image:width\" content=\"1280\" \/>\n\t<meta property=\"og:image:height\" content=\"853\" \/>\n\t<meta property=\"og:image:type\" content=\"image\/jpeg\" \/>\n<meta name=\"twitter:card\" content=\"summary_large_image\" \/>\n<meta name=\"twitter:label1\" content=\"Est. reading time\" \/>\n\t<meta name=\"twitter:data1\" content=\"4 minutes\" \/>\n<script type=\"application\/ld+json\" class=\"yoast-schema-graph\">{\"@context\":\"https:\/\/schema.org\",\"@graph\":[{\"@type\":\"WebPage\",\"@id\":\"https:\/\/www.musedolomiti.it\/evento\/haenselundgretel\/\",\"url\":\"https:\/\/www.musedolomiti.it\/evento\/haenselundgretel\/\",\"name\":\"H\u00c4NSEL UND GRETEL - Le Muse e le Dolomiti\",\"isPartOf\":{\"@id\":\"https:\/\/www.musedolomiti.it\/en\/#website\"},\"primaryImageOfPage\":{\"@id\":\"https:\/\/www.musedolomiti.it\/evento\/haenselundgretel\/#primaryimage\"},\"image\":{\"@id\":\"https:\/\/www.musedolomiti.it\/evento\/haenselundgretel\/#primaryimage\"},\"thumbnailUrl\":\"https:\/\/www.musedolomiti.it\/wp-content\/uploads\/2024\/11\/BANNER_Hansel-e-Gretel_6gen.jpeg\",\"datePublished\":\"2024-11-27T09:02:03+00:00\",\"dateModified\":\"2024-12-30T13:13:10+00:00\",\"description\":\"Scopri tutti gli eventi di Musica Classica organizzati dall'Associazione \\\"Le Muse e le Dolomiti\\\".\",\"breadcrumb\":{\"@id\":\"https:\/\/www.musedolomiti.it\/evento\/haenselundgretel\/#breadcrumb\"},\"inLanguage\":\"en-US\",\"potentialAction\":[{\"@type\":\"ReadAction\",\"target\":[\"https:\/\/www.musedolomiti.it\/evento\/haenselundgretel\/\"]}]},{\"@type\":\"ImageObject\",\"inLanguage\":\"en-US\",\"@id\":\"https:\/\/www.musedolomiti.it\/evento\/haenselundgretel\/#primaryimage\",\"url\":\"https:\/\/www.musedolomiti.it\/wp-content\/uploads\/2024\/11\/BANNER_Hansel-e-Gretel_6gen.jpeg\",\"contentUrl\":\"https:\/\/www.musedolomiti.it\/wp-content\/uploads\/2024\/11\/BANNER_Hansel-e-Gretel_6gen.jpeg\",\"width\":1280,\"height\":853},{\"@type\":\"BreadcrumbList\",\"@id\":\"https:\/\/www.musedolomiti.it\/evento\/haenselundgretel\/#breadcrumb\",\"itemListElement\":[{\"@type\":\"ListItem\",\"position\":1,\"name\":\"Home\",\"item\":\"https:\/\/www.musedolomiti.it\/en\/\"},{\"@type\":\"ListItem\",\"position\":2,\"name\":\"Eventi\",\"item\":\"https:\/\/www.musedolomiti.it\/calendario\/\"},{\"@type\":\"ListItem\",\"position\":3,\"name\":\"H\u00c4NSEL UND GRETEL\"}]},{\"@type\":\"WebSite\",\"@id\":\"https:\/\/www.musedolomiti.it\/en\/#website\",\"url\":\"https:\/\/www.musedolomiti.it\/en\/\",\"name\":\"Le Muse e le Dolomiti\",\"description\":\"Da Nord a Sud, da Est a Ovest, la Musica e il Belcanto uniscono il mondo.\",\"potentialAction\":[{\"@type\":\"SearchAction\",\"target\":{\"@type\":\"EntryPoint\",\"urlTemplate\":\"https:\/\/www.musedolomiti.it\/en\/?s={search_term_string}\"},\"query-input\":{\"@type\":\"PropertyValueSpecification\",\"valueRequired\":true,\"valueName\":\"search_term_string\"}}],\"inLanguage\":\"en-US\"}]}<\/script>\n<!-- \/ Yoast SEO plugin. -->","yoast_head_json":{"title":"H\u00c4NSEL UND GRETEL - Le Muse e le Dolomiti","description":"Scopri tutti gli eventi di Musica Classica organizzati dall'Associazione \"Le Muse e le Dolomiti\".","robots":{"index":"index","follow":"follow","max-snippet":"max-snippet:-1","max-image-preview":"max-image-preview:large","max-video-preview":"max-video-preview:-1"},"canonical":"https:\/\/www.musedolomiti.it\/evento\/haenselundgretel\/","og_locale":"en_US","og_type":"article","og_title":"H\u00c4NSEL UND GRETEL - Le Muse e le Dolomiti","og_description":"Scopri tutti gli eventi di Musica Classica organizzati dall'Associazione \"Le Muse e le Dolomiti\".","og_url":"https:\/\/www.musedolomiti.it\/evento\/haenselundgretel\/","og_site_name":"Le Muse e le Dolomiti","article_publisher":"https:\/\/it-it.facebook.com\/musedolomiti\/","article_modified_time":"2024-12-30T13:13:10+00:00","og_image":[{"width":1280,"height":853,"url":"https:\/\/www.musedolomiti.it\/wp-content\/uploads\/2024\/11\/BANNER_Hansel-e-Gretel_6gen.jpeg","type":"image\/jpeg"}],"twitter_card":"summary_large_image","twitter_misc":{"Est. reading time":"4 minutes"},"schema":{"@context":"https:\/\/schema.org","@graph":[{"@type":"WebPage","@id":"https:\/\/www.musedolomiti.it\/evento\/haenselundgretel\/","url":"https:\/\/www.musedolomiti.it\/evento\/haenselundgretel\/","name":"H\u00c4NSEL UND GRETEL - Le Muse e le Dolomiti","isPartOf":{"@id":"https:\/\/www.musedolomiti.it\/en\/#website"},"primaryImageOfPage":{"@id":"https:\/\/www.musedolomiti.it\/evento\/haenselundgretel\/#primaryimage"},"image":{"@id":"https:\/\/www.musedolomiti.it\/evento\/haenselundgretel\/#primaryimage"},"thumbnailUrl":"https:\/\/www.musedolomiti.it\/wp-content\/uploads\/2024\/11\/BANNER_Hansel-e-Gretel_6gen.jpeg","datePublished":"2024-11-27T09:02:03+00:00","dateModified":"2024-12-30T13:13:10+00:00","description":"Scopri tutti gli eventi di Musica Classica organizzati dall'Associazione \"Le Muse e le Dolomiti\".","breadcrumb":{"@id":"https:\/\/www.musedolomiti.it\/evento\/haenselundgretel\/#breadcrumb"},"inLanguage":"en-US","potentialAction":[{"@type":"ReadAction","target":["https:\/\/www.musedolomiti.it\/evento\/haenselundgretel\/"]}]},{"@type":"ImageObject","inLanguage":"en-US","@id":"https:\/\/www.musedolomiti.it\/evento\/haenselundgretel\/#primaryimage","url":"https:\/\/www.musedolomiti.it\/wp-content\/uploads\/2024\/11\/BANNER_Hansel-e-Gretel_6gen.jpeg","contentUrl":"https:\/\/www.musedolomiti.it\/wp-content\/uploads\/2024\/11\/BANNER_Hansel-e-Gretel_6gen.jpeg","width":1280,"height":853},{"@type":"BreadcrumbList","@id":"https:\/\/www.musedolomiti.it\/evento\/haenselundgretel\/#breadcrumb","itemListElement":[{"@type":"ListItem","position":1,"name":"Home","item":"https:\/\/www.musedolomiti.it\/en\/"},{"@type":"ListItem","position":2,"name":"Eventi","item":"https:\/\/www.musedolomiti.it\/calendario\/"},{"@type":"ListItem","position":3,"name":"H\u00c4NSEL UND GRETEL"}]},{"@type":"WebSite","@id":"https:\/\/www.musedolomiti.it\/en\/#website","url":"https:\/\/www.musedolomiti.it\/en\/","name":"Le Muse e le Dolomiti","description":"Da Nord a Sud, da Est a Ovest, la Musica e il Belcanto uniscono il mondo.","potentialAction":[{"@type":"SearchAction","target":{"@type":"EntryPoint","urlTemplate":"https:\/\/www.musedolomiti.it\/en\/?s={search_term_string}"},"query-input":{"@type":"PropertyValueSpecification","valueRequired":true,"valueName":"search_term_string"}}],"inLanguage":"en-US"}]}},"_links":{"self":[{"href":"https:\/\/www.musedolomiti.it\/en\/wp-json\/wp\/v2\/tribe_events\/6613","targetHints":{"allow":["GET"]}}],"collection":[{"href":"https:\/\/www.musedolomiti.it\/en\/wp-json\/wp\/v2\/tribe_events"}],"about":[{"href":"https:\/\/www.musedolomiti.it\/en\/wp-json\/wp\/v2\/types\/tribe_events"}],"author":[{"embeddable":true,"href":"https:\/\/www.musedolomiti.it\/en\/wp-json\/wp\/v2\/users\/2"}],"version-history":[{"count":10,"href":"https:\/\/www.musedolomiti.it\/en\/wp-json\/wp\/v2\/tribe_events\/6613\/revisions"}],"predecessor-version":[{"id":6636,"href":"https:\/\/www.musedolomiti.it\/en\/wp-json\/wp\/v2\/tribe_events\/6613\/revisions\/6636"}],"wp:featuredmedia":[{"embeddable":true,"href":"https:\/\/www.musedolomiti.it\/en\/wp-json\/wp\/v2\/media\/6617"}],"wp:attachment":[{"href":"https:\/\/www.musedolomiti.it\/en\/wp-json\/wp\/v2\/media?parent=6613"}],"wp:term":[{"taxonomy":"post_tag","embeddable":true,"href":"https:\/\/www.musedolomiti.it\/en\/wp-json\/wp\/v2\/tags?post=6613"},{"taxonomy":"tribe_events_cat","embeddable":true,"href":"https:\/\/www.musedolomiti.it\/en\/wp-json\/wp\/v2\/tribe_events_cat?post=6613"}],"curies":[{"name":"wp","href":"https:\/\/api.w.org\/{rel}","templated":true}]}}