{"id":6769,"date":"2025-07-08T23:36:05","date_gmt":"2025-07-08T21:36:05","guid":{"rendered":"https:\/\/www.musedolomiti.it\/?post_type=tribe_events&#038;p=6769"},"modified":"2025-08-03T00:07:47","modified_gmt":"2025-08-02T22:07:47","slug":"brundibar-2025","status":"publish","type":"tribe_events","link":"https:\/\/www.musedolomiti.it\/en\/evento\/brundibar-2025\/","title":{"rendered":"HANS KR\u00c1SA: BRUNDIB\u00c1R"},"content":{"rendered":"<h5 class=\"p1\"><span class=\"s1\">Marted\u00ec 5 Agosto 2025, ore 21 | Teatro Navalge di Moena \u00a0|<span class=\"Apple-converted-space\">\u00a0 <\/span>INGRESSO LIBERO<\/span><\/h5>\n<hr \/>\n<h4>BUS NAVETTA!<br \/>\nE&#8217; attivo il servizio &#8220;Navetta Teatro&#8221; andata e ritorno da Falcade al prezzo di 5 euro a persona.<br \/>\nInfo in fondo a questa pagina web.<\/h4>\n<hr \/>\n<h4><em><strong>NB: Questo Spettacolo \u00e8 adatto ad un pubblico dagli 8 anni in su.<\/strong><\/em><\/h4>\n<h4><strong>HANS KR\u00c1SA: BRUNDIB\u00c1R<br \/>\nOpera Lirica per voci bianche e giovanili su libretto di Adolf Hoffmeister<br \/>\nCantata in lingua ceca, recitata in lingua italiana, con sopratitoli in italiano<\/strong><\/h4>\n<h4><em>Allestimento in occasione degli 80 anni dalla fine della Seconda Guerra Mondiale <\/em><br \/>\n<em>1945-2025<\/em><\/h4>\n<p>Con gli studenti della\u00a0<strong>SCUOLA INTERREGIONALE DI CANTO E TEATRO<\/strong> per voci bianche e giovanili<br \/>\n<em>Sedi di Agordo, Caprile, Cavalese, Moena e Vallada Agordina<\/em><\/p>\n<p>Oscar Ganz <strong>BRUNDIB\u00c1R, SUONATORE D&#8217;ORGANETTO<\/strong><br \/>\nFederico Tomaselli <strong>L&#8217;ASSISTENTE DI BRUNDIB\u00c1R<\/strong><br \/>\nMya Della Santa\u00a0<strong>PEPI\u010cEK<\/strong><br \/>\nElena Scarian <strong>ANINKA, SUA SORELLA<\/strong><br \/>\nAurora Agrimi <strong>VRABEC<\/strong> (il passerotto)<br \/>\nFrancesca Acquisti <strong>KOCOUR<\/strong> (il gatto)<br \/>\nMaria Chiara Ganz <strong>PES AZOR<\/strong> (il cane Azor)<br \/>\nMassimiliano Zendron <strong>STR\u00c1\u017dN\u00cdK<\/strong> (il poliziotto)<br \/>\nNaike Perucchini <strong>ML\u00c9KA\u0158<\/strong> (il lattaio)<br \/>\nAnita De Cassan <strong>PEKA\u0158<\/strong> (il fornaio)<br \/>\nLavinia Battaglia <strong>ZMRZLIN\u00c1\u0158<\/strong> (il gelataio)<br \/>\nAlissa Micheluzzi, Veronica Fassi, Elisa Panziera, Alice Stieven <strong>OKNA<\/strong> (coro finestre)<\/p>\n<p><strong>CORO<\/strong> delle persone per strada<br \/>\nSoraya Scola, Aura Besenzon, Tatiana Grosu, Kimberly Delle Vedove, Alexandra Delle Vedove, Werner Waldthaler, Tobia Misconel, Am\u00e9lie Scloza, Jessica Stefan<br \/>\n<strong>CORO<\/strong> degli scolari<br \/>\nTobia Misconel, Massimiliano Zendron, Lavinia Battaglia, Werner Waldthaler, Anita De Cassan, Jessica Stefan, Naike Perucchini<\/p>\n<p>Preparazione voci bianche e direzione artistica<strong> \u00a0ODA ZOE HOCHSCHEID<br \/>\n<\/strong>Flauto <strong>ORNELLA GOTTARDI<\/strong><br \/>\nVioloncello <strong>FRANCESCO CIECH<br \/>\n<\/strong>Pianoforte<strong> \u00a0ENRICO GIBELLATO<\/strong><br \/>\nRegia<strong> \u00a0GIACOMO GAMBA<br \/>\n<\/strong>Scenografia<strong> \u00a0DUNIO PICCOLIN<\/strong><br \/>\nLuci e Audio<strong> CLAUDIO ZANNA<\/strong><\/p>\n<p>Direttore<strong> \u00a0ANDREA GASPERIN<\/strong><\/p>\n<hr \/>\n<h4>Il nostro progetto straordinario dedicato alla pace: una presa di posizione umanitaria in occasione degli 80 anni dalla fine della Seconda Guerra Mondiale<\/h4>\n<p>Brundib\u00e1r \u00e8 un\u2019opera lirica fiabesca per voci bianche, voci giovanili e strumenti, composta a Praga negli anni \u201930 dello scorso secolo. La storia racconta le vicende dei fratelli Aninka e Pepi\u010dek, che, aiutati da tre animali magici e tanti amici, riescono a sconfiggere il cattivo Brundib\u00e1r. Una favola con un messaggio forte, che mette al primo piano la resilienza, l&#8217;importanza dell&#8217;aiutarsi a vicenda e il potere che nasce quando si sta uniti.<\/p>\n<p>Quest\u2019opera fu usata per scopi di propaganda nazista. Fu eseguita ben 55 volte, nel 1943 e nel 1944, presso il campo di concentramento di Terezin, chiamato anche \u201cla sala d\u2019attesa di Auschwitz\u201d; quasi nessuno del cast e degli collaboratori \u00e8 sopravissuto alla guerra.<\/p>\n<p>La nostra recita sar\u00e0 introdotta da un breve docufilm che spiega il contesto storico dell&#8217;opera con un linguaggio e con una presentazione grafica adatti a bambini e ragazzi dagli 8 anni in poi, allo scopo di diffondere il valore commemorativo di Brundib\u00e1r.<\/p>\n<p>Le Muse e le Dolomiti hanno lanciato nell&#8217;autunno del 2021 una &#8220;Scuola Interregionale di Canto e Teatro&#8221; per voci bianche e giovanili. Un progetto con forte scopo sociale: la scuola unisce studenti di una vasta zona interregionale di vallate dolomitiche, non sempre connesse tra loro, tramite la formazione artistica.<\/p>\n<p>Brundib\u00e1r \u00e8 un progetto straordinario&#8230; per la forza e per la bellezza artistica del titolo in oggetto, per il contesto storico e per la ricorrenza degli 80 anni del 2025, e inoltre perch\u00e9 realizzato con le risorse umane del territorio ovvero: bambini e ragazzi residenti nelle valli dolomitiche circostanti.<span class=\"Apple-converted-space\">\u00a0<\/span><\/p>\n<p><em>L\u2019Associazione ringrazia tutti gli Enti patrocinanti della Scuola Interregionale: i Comuni che ne ospitano una sede, il Comune di Falcade, dove Le Muse e le Dolomiti hanno sede legale, la \u201cMagnifica Comunit\u00e0 di Fiemme\u201d e il \u201cComun General de Fascia\u201d.<br \/>\n<\/em><em>Lo spettacolo \u00e8 realizzato in collaborazione con\u00a0i Comuni di Moena e Falcade e con Moena Eventi. \u00a0<\/em><\/p>\n<hr \/>\n<h4>NAVETTA TEATRO PER CHI ARRIVA DAL BELLUNESE<\/h4>\n<p>Il Teatro Navalge, teatro di riferimento per una vasta zona dolomitica interregionale, \u00e8 facilmente raggiungibile da Falcade con il servizio bus navetta.<\/p>\n<p><strong>Partenza alle ore 19:45 da Piazza Municipio a Falcade, costo 5 euro a persona. <\/strong><\/p>\n<p>Evita la ricerca di un posteggio macchina a Moena in pieno periodo turistico e prenota subito!<\/p>\n<p><strong>La prenotazione \u00e8 obbligatoria e possibile fino alle ore 12 del 5 agosto 2025.\u00a0<\/strong><br \/>\n<strong>Whatsapp +39 347 4937726<\/strong><br \/>\n<strong>Mail organizzazione@musedolomiti.it<\/strong><\/p>\n","protected":false},"excerpt":{"rendered":"<p>Marted\u00ec 5 Agosto 2025, ore 21 | Teatro Navalge di Moena \u00a0|\u00a0 INGRESSO LIBERO BUS NAVETTA! E&#8217; attivo il servizio &#8220;Navetta Teatro&#8221; andata e ritorno da Falcade al prezzo di&#8230; <\/p>\n<div class=\"clear\"><\/div>\n<p><a href=\"https:\/\/www.musedolomiti.it\/en\/evento\/brundibar-2025\/\" class=\"gdlr-button with-border excerpt-read-more\">Read More<\/a><\/p>\n","protected":false},"author":2,"featured_media":6773,"template":"","meta":{"_acf_changed":false,"_tribe_events_status":"","_tribe_events_status_reason":"","footnotes":""},"tags":[],"tribe_events_cat":[79],"class_list":["post-6769","tribe_events","type-tribe_events","status-publish","has-post-thumbnail","hentry","tribe_events_cat-xiii-edizione-2025","cat_xiii-edizione-2025"],"acf":[],"yoast_head":"<!-- This site is optimized with the Yoast SEO plugin v27.1.1 - https:\/\/yoast.com\/product\/yoast-seo-wordpress\/ -->\n<title>HANS KR\u00c1SA: BRUNDIB\u00c1R - Le Muse e le Dolomiti<\/title>\n<meta name=\"description\" content=\"Scopri tutti gli eventi di Musica Classica organizzati dall&#039;Associazione &quot;Le Muse e le Dolomiti&quot;.\" \/>\n<meta name=\"robots\" content=\"index, follow, max-snippet:-1, max-image-preview:large, max-video-preview:-1\" \/>\n<link rel=\"canonical\" href=\"https:\/\/www.musedolomiti.it\/evento\/brundibar-2025\/\" \/>\n<meta property=\"og:locale\" content=\"en_US\" \/>\n<meta property=\"og:type\" content=\"article\" \/>\n<meta property=\"og:title\" content=\"HANS KR\u00c1SA: BRUNDIB\u00c1R - Le Muse e le Dolomiti\" \/>\n<meta property=\"og:description\" content=\"Scopri tutti gli eventi di Musica Classica organizzati dall&#039;Associazione &quot;Le Muse e le Dolomiti&quot;.\" \/>\n<meta property=\"og:url\" content=\"https:\/\/www.musedolomiti.it\/evento\/brundibar-2025\/\" \/>\n<meta property=\"og:site_name\" content=\"Le Muse e le Dolomiti\" \/>\n<meta property=\"article:publisher\" content=\"https:\/\/it-it.facebook.com\/musedolomiti\/\" \/>\n<meta property=\"article:modified_time\" content=\"2025-08-02T22:07:47+00:00\" \/>\n<meta property=\"og:image\" content=\"https:\/\/www.musedolomiti.it\/wp-content\/uploads\/2025\/07\/1500x100px_Dunio-Piccolin.jpg\" \/>\n\t<meta property=\"og:image:width\" content=\"1920\" \/>\n\t<meta property=\"og:image:height\" content=\"1280\" \/>\n\t<meta property=\"og:image:type\" content=\"image\/jpeg\" \/>\n<meta name=\"twitter:card\" content=\"summary_large_image\" \/>\n<meta name=\"twitter:label1\" content=\"Est. reading time\" \/>\n\t<meta name=\"twitter:data1\" content=\"4 minutes\" \/>\n<script type=\"application\/ld+json\" class=\"yoast-schema-graph\">{\"@context\":\"https:\/\/schema.org\",\"@graph\":[{\"@type\":\"WebPage\",\"@id\":\"https:\/\/www.musedolomiti.it\/evento\/brundibar-2025\/\",\"url\":\"https:\/\/www.musedolomiti.it\/evento\/brundibar-2025\/\",\"name\":\"HANS KR\u00c1SA: BRUNDIB\u00c1R - Le Muse e le Dolomiti\",\"isPartOf\":{\"@id\":\"https:\/\/www.musedolomiti.it\/en\/#website\"},\"primaryImageOfPage\":{\"@id\":\"https:\/\/www.musedolomiti.it\/evento\/brundibar-2025\/#primaryimage\"},\"image\":{\"@id\":\"https:\/\/www.musedolomiti.it\/evento\/brundibar-2025\/#primaryimage\"},\"thumbnailUrl\":\"https:\/\/www.musedolomiti.it\/wp-content\/uploads\/2025\/07\/1500x100px_Dunio-Piccolin.jpg\",\"datePublished\":\"2025-07-08T21:36:05+00:00\",\"dateModified\":\"2025-08-02T22:07:47+00:00\",\"description\":\"Scopri tutti gli eventi di Musica Classica organizzati dall'Associazione \\\"Le Muse e le Dolomiti\\\".\",\"breadcrumb\":{\"@id\":\"https:\/\/www.musedolomiti.it\/evento\/brundibar-2025\/#breadcrumb\"},\"inLanguage\":\"en-US\",\"potentialAction\":[{\"@type\":\"ReadAction\",\"target\":[\"https:\/\/www.musedolomiti.it\/evento\/brundibar-2025\/\"]}]},{\"@type\":\"ImageObject\",\"inLanguage\":\"en-US\",\"@id\":\"https:\/\/www.musedolomiti.it\/evento\/brundibar-2025\/#primaryimage\",\"url\":\"https:\/\/www.musedolomiti.it\/wp-content\/uploads\/2025\/07\/1500x100px_Dunio-Piccolin.jpg\",\"contentUrl\":\"https:\/\/www.musedolomiti.it\/wp-content\/uploads\/2025\/07\/1500x100px_Dunio-Piccolin.jpg\",\"width\":1920,\"height\":1280},{\"@type\":\"BreadcrumbList\",\"@id\":\"https:\/\/www.musedolomiti.it\/evento\/brundibar-2025\/#breadcrumb\",\"itemListElement\":[{\"@type\":\"ListItem\",\"position\":1,\"name\":\"Home\",\"item\":\"https:\/\/www.musedolomiti.it\/en\/\"},{\"@type\":\"ListItem\",\"position\":2,\"name\":\"Eventi\",\"item\":\"https:\/\/www.musedolomiti.it\/calendario\/\"},{\"@type\":\"ListItem\",\"position\":3,\"name\":\"HANS KR\u00c1SA: BRUNDIB\u00c1R\"}]},{\"@type\":\"WebSite\",\"@id\":\"https:\/\/www.musedolomiti.it\/en\/#website\",\"url\":\"https:\/\/www.musedolomiti.it\/en\/\",\"name\":\"Le Muse e le Dolomiti\",\"description\":\"Da Nord a Sud, da Est a Ovest, la Musica e il Belcanto uniscono il mondo.\",\"potentialAction\":[{\"@type\":\"SearchAction\",\"target\":{\"@type\":\"EntryPoint\",\"urlTemplate\":\"https:\/\/www.musedolomiti.it\/en\/?s={search_term_string}\"},\"query-input\":{\"@type\":\"PropertyValueSpecification\",\"valueRequired\":true,\"valueName\":\"search_term_string\"}}],\"inLanguage\":\"en-US\"}]}<\/script>\n<!-- \/ Yoast SEO plugin. -->","yoast_head_json":{"title":"HANS KR\u00c1SA: BRUNDIB\u00c1R - Le Muse e le Dolomiti","description":"Scopri tutti gli eventi di Musica Classica organizzati dall'Associazione \"Le Muse e le Dolomiti\".","robots":{"index":"index","follow":"follow","max-snippet":"max-snippet:-1","max-image-preview":"max-image-preview:large","max-video-preview":"max-video-preview:-1"},"canonical":"https:\/\/www.musedolomiti.it\/evento\/brundibar-2025\/","og_locale":"en_US","og_type":"article","og_title":"HANS KR\u00c1SA: BRUNDIB\u00c1R - Le Muse e le Dolomiti","og_description":"Scopri tutti gli eventi di Musica Classica organizzati dall'Associazione \"Le Muse e le Dolomiti\".","og_url":"https:\/\/www.musedolomiti.it\/evento\/brundibar-2025\/","og_site_name":"Le Muse e le Dolomiti","article_publisher":"https:\/\/it-it.facebook.com\/musedolomiti\/","article_modified_time":"2025-08-02T22:07:47+00:00","og_image":[{"width":1920,"height":1280,"url":"https:\/\/www.musedolomiti.it\/wp-content\/uploads\/2025\/07\/1500x100px_Dunio-Piccolin.jpg","type":"image\/jpeg"}],"twitter_card":"summary_large_image","twitter_misc":{"Est. reading time":"4 minutes"},"schema":{"@context":"https:\/\/schema.org","@graph":[{"@type":"WebPage","@id":"https:\/\/www.musedolomiti.it\/evento\/brundibar-2025\/","url":"https:\/\/www.musedolomiti.it\/evento\/brundibar-2025\/","name":"HANS KR\u00c1SA: BRUNDIB\u00c1R - Le Muse e le Dolomiti","isPartOf":{"@id":"https:\/\/www.musedolomiti.it\/en\/#website"},"primaryImageOfPage":{"@id":"https:\/\/www.musedolomiti.it\/evento\/brundibar-2025\/#primaryimage"},"image":{"@id":"https:\/\/www.musedolomiti.it\/evento\/brundibar-2025\/#primaryimage"},"thumbnailUrl":"https:\/\/www.musedolomiti.it\/wp-content\/uploads\/2025\/07\/1500x100px_Dunio-Piccolin.jpg","datePublished":"2025-07-08T21:36:05+00:00","dateModified":"2025-08-02T22:07:47+00:00","description":"Scopri tutti gli eventi di Musica Classica organizzati dall'Associazione \"Le Muse e le Dolomiti\".","breadcrumb":{"@id":"https:\/\/www.musedolomiti.it\/evento\/brundibar-2025\/#breadcrumb"},"inLanguage":"en-US","potentialAction":[{"@type":"ReadAction","target":["https:\/\/www.musedolomiti.it\/evento\/brundibar-2025\/"]}]},{"@type":"ImageObject","inLanguage":"en-US","@id":"https:\/\/www.musedolomiti.it\/evento\/brundibar-2025\/#primaryimage","url":"https:\/\/www.musedolomiti.it\/wp-content\/uploads\/2025\/07\/1500x100px_Dunio-Piccolin.jpg","contentUrl":"https:\/\/www.musedolomiti.it\/wp-content\/uploads\/2025\/07\/1500x100px_Dunio-Piccolin.jpg","width":1920,"height":1280},{"@type":"BreadcrumbList","@id":"https:\/\/www.musedolomiti.it\/evento\/brundibar-2025\/#breadcrumb","itemListElement":[{"@type":"ListItem","position":1,"name":"Home","item":"https:\/\/www.musedolomiti.it\/en\/"},{"@type":"ListItem","position":2,"name":"Eventi","item":"https:\/\/www.musedolomiti.it\/calendario\/"},{"@type":"ListItem","position":3,"name":"HANS KR\u00c1SA: BRUNDIB\u00c1R"}]},{"@type":"WebSite","@id":"https:\/\/www.musedolomiti.it\/en\/#website","url":"https:\/\/www.musedolomiti.it\/en\/","name":"Le Muse e le Dolomiti","description":"Da Nord a Sud, da Est a Ovest, la Musica e il Belcanto uniscono il mondo.","potentialAction":[{"@type":"SearchAction","target":{"@type":"EntryPoint","urlTemplate":"https:\/\/www.musedolomiti.it\/en\/?s={search_term_string}"},"query-input":{"@type":"PropertyValueSpecification","valueRequired":true,"valueName":"search_term_string"}}],"inLanguage":"en-US"}]}},"_links":{"self":[{"href":"https:\/\/www.musedolomiti.it\/en\/wp-json\/wp\/v2\/tribe_events\/6769","targetHints":{"allow":["GET"]}}],"collection":[{"href":"https:\/\/www.musedolomiti.it\/en\/wp-json\/wp\/v2\/tribe_events"}],"about":[{"href":"https:\/\/www.musedolomiti.it\/en\/wp-json\/wp\/v2\/types\/tribe_events"}],"author":[{"embeddable":true,"href":"https:\/\/www.musedolomiti.it\/en\/wp-json\/wp\/v2\/users\/2"}],"version-history":[{"count":10,"href":"https:\/\/www.musedolomiti.it\/en\/wp-json\/wp\/v2\/tribe_events\/6769\/revisions"}],"predecessor-version":[{"id":6827,"href":"https:\/\/www.musedolomiti.it\/en\/wp-json\/wp\/v2\/tribe_events\/6769\/revisions\/6827"}],"wp:featuredmedia":[{"embeddable":true,"href":"https:\/\/www.musedolomiti.it\/en\/wp-json\/wp\/v2\/media\/6773"}],"wp:attachment":[{"href":"https:\/\/www.musedolomiti.it\/en\/wp-json\/wp\/v2\/media?parent=6769"}],"wp:term":[{"taxonomy":"post_tag","embeddable":true,"href":"https:\/\/www.musedolomiti.it\/en\/wp-json\/wp\/v2\/tags?post=6769"},{"taxonomy":"tribe_events_cat","embeddable":true,"href":"https:\/\/www.musedolomiti.it\/en\/wp-json\/wp\/v2\/tribe_events_cat?post=6769"}],"curies":[{"name":"wp","href":"https:\/\/api.w.org\/{rel}","templated":true}]}}