{"id":7039,"date":"2025-12-28T11:18:19","date_gmt":"2025-12-28T10:18:19","guid":{"rendered":"https:\/\/www.musedolomiti.it\/?post_type=tribe_events&#038;p=7039"},"modified":"2026-01-28T22:05:30","modified_gmt":"2026-01-28T21:05:30","slug":"hans-krasa-brundibar-2026-2","status":"publish","type":"tribe_events","link":"https:\/\/www.musedolomiti.it\/en\/evento\/hans-krasa-brundibar-2026-2\/","title":{"rendered":"HANS KR\u00c1SA: BRUNDIB\u00c1R"},"content":{"rendered":"<h5 class=\"p1\"><span class=\"s1\">Domenica 1 Febbraio 2026, ore 17:30 | Teatro Navalge di Moena \u00a0|<span class=\"Apple-converted-space\">\u00a0 <\/span>INGRESSO LIBERO<\/span><\/h5>\n<hr \/>\n<h4>BUS NAVETTA!<br \/>\nE&#8217; attivo il servizio &#8220;Navetta Teatro&#8221; andata e ritorno da Falcade al prezzo di 10 euro complessivi a persona.<br \/>\nInfo in fondo a questa pagina web.<\/h4>\n<hr \/>\n<h4><em><strong>NB: Questo Spettacolo \u00e8 adatto ad un pubblico dagli 8 anni in su.<br \/>\nDurata 60&#8242; senza intervallo.<\/strong><\/em><\/h4>\n<h4><strong>HANS KR\u00c1SA: BRUNDIB\u00c1R<br \/>\nOpera Lirica per voci bianche e giovanili su libretto di Adolf Hoffmeister<br \/>\nCantata in lingua ceca, recitata in lingua italiana, con sopratitoli in italiano<\/strong><\/h4>\n<h4><em>Allestimento in occasione della Giornata della Memoria<\/em><\/h4>\n<p>Con gli studenti della\u00a0<strong>SCUOLA INTERREGIONALE DI CANTO E TEATRO<\/strong> per voci bianche e giovanili<br \/>\n<em>Sedi di Agordo, Caprile, Cavalese, Moena, San Giovanni di Fassa e Vallada Agordina<\/em><\/p>\n<p>Oscar Ganz <strong>BRUNDIB\u00c1R, SUONATORE D&#8217;ORGANETTO<\/strong><br \/>\nMya Della Santa\u00a0<strong>PEPI\u010cEK<\/strong><br \/>\nElena Scarian <strong>ANINKA, SUA SORELLA<br \/>\n<\/strong>Elisa Panziera e Veronica Fassi <strong>OKNA<\/strong> (bambine finestra)<br \/>\nAurora Agrimi <strong>VRABEC<\/strong> (il passerotto)<br \/>\nFrancesca Acquisti <strong>KOCOUR<\/strong> (il gatto)<br \/>\nAlice Stieven <strong>PES AZOR<\/strong> (il cane Azor)<br \/>\nMassimiliano Zendron <strong>STR\u00c1\u017dN\u00cdK<\/strong> (il poliziotto)<br \/>\nWerner Waldthaler <strong>ML\u00c9KA\u0158<\/strong> (il lattaio)<br \/>\nAnita De Cassan <strong>PEKA\u0158<\/strong> (il fornaio)<br \/>\nAura Besenzon <strong>ZMRZLIN\u00c1\u0158<\/strong> (il gelataio)<br \/>\nCamillo Lianza <strong>CORVO<\/strong> (comparsa muta)<\/p>\n<p><strong>CORO<\/strong>\u00a0delle persone per strada<br \/>\n<span data-olk-copy-source=\"MessageBody\">Soraya Scola, Tatiana Grosu, Kimberly Delle Vedove, Alexandra Delle Vedove, Ame\u0301lie Scloza, Abigail Mazzel, Diego Camilli Meletani, Aicha Loutfi, Elias Loutfi, Cecilia Pellegrini, Armin Dorigo, Irene Costa, Laura De Biasio, Marika Fusoni, Diana Bernardin, Ambra Scarian<\/span><br \/>\n<strong>CORO<\/strong>\u00a0degli scolari<br \/>\n<span data-olk-copy-source=\"MessageBody\">Soraya Scola, Aura Besenzon, Tatiana Grosu, Kimberly Delle Vedove, Alexandra Delle Vedove, Werner Waldthaler, Ame\u0301lie Scloza, Anita De Cassan, Cecilia Pellegrini, Massimiliano Zendron<\/span><\/p>\n<p>Preparazione voci bianche e direzione artistica<strong>\u00a0\u00a0ODA ZOE HOCHSCHEID<br \/>\n<\/strong>Flauto\u00a0<strong>ORNELLA GOTTARDI<\/strong><br \/>\nVioloncello\u00a0<strong>FRANCESCO CIECH<br \/>\n<\/strong>Pianoforte<strong>\u00a0\u00a0CLAUDIA RONDELLI<\/strong><br \/>\nRegia<strong>\u00a0\u00a0GIACOMO GAMBA<br \/>\n<\/strong>Scenografia<strong>\u00a0\u00a0DUNIO PICCOLIN<\/strong><br \/>\nLuci e Audio<strong>\u00a0CLAUDIO ZANNA<\/strong><\/p>\n<p>Direttore<strong>\u00a0\u00a0ANDREA GASPERIN<\/strong><\/p>\n<hr \/>\n<h4>Uno spettacolo dedicato alla pace<\/h4>\n<p>Brundib\u00e1r \u00e8 un\u2019opera lirica fiabesca per voci bianche, voci giovanili e strumenti, composta a Praga negli anni \u201930 dello scorso secolo. La storia racconta le vicende dei fratelli Aninka e Pepi\u010dek, che, aiutati da tre animali magici e tanti amici, riescono a sconfiggere il cattivo Brundib\u00e1r. Una favola con un messaggio forte, che mette al primo piano la resilienza, l\u2019importanza dell\u2019aiutarsi a vicenda e il potere che nasce quando si sta uniti.<\/p>\n<p>Quest\u2019opera fu usata per scopi di propaganda nazista. Fu eseguita ben 55 volte, nel 1943 e nel 1944, presso il campo di concentramento di Terezin, chiamato anche \u201cla sala d\u2019attesa di Auschwitz\u201d; quasi nessuno del cast e degli collaboratori \u00e8 sopravissuto alla guerra.<\/p>\n<p>La nostra recita sar\u00e0 introdotta da un breve docufilm che spiega il contesto storico dell\u2019opera con un linguaggio e con una presentazione grafica adatti a bambini e ragazzi dagli 8 anni in poi, allo scopo di diffondere il valore commemorativo di Brundib\u00e1r.<\/p>\n<p>Le Muse e le Dolomiti hanno lanciato nell\u2019autunno del 2021 una \u201cScuola Interregionale di Canto e Teatro\u201d per voci bianche e giovanili. Un progetto con forte scopo sociale: la scuola unisce studenti di una vasta zona interregionale di vallate dolomitiche, non sempre connesse tra loro, tramite la formazione artistica.<\/p>\n<p>Brundib\u00e1r \u00e8 un progetto unico: per la forza e per la bellezza artistica del titolo in oggetto, per il contesto storico, per la potenzialit\u00e0 di educare alla pace e inoltre perch\u00e9 realizzato con le risorse umane del territorio ovvero: bambini e ragazzi residenti nelle valli dolomitiche circostanti.<span class=\"Apple-converted-space\">\u00a0<\/span><\/p>\n<p><em>L\u2019Associazione ringrazia tutti gli Enti patrocinanti della Scuola Interregionale di Canto e Teatro: i Comuni che ne ospitano una sede, il Comune di Falcade, dove Le Muse e le Dolomiti hanno sede legale, la \u201cMagnifica Comunit\u00e0 di Fiemme\u201d e il \u201cComun General de Fascia\u201d.<\/em><em>\u00a0<\/em><\/p>\n<hr \/>\n<h4>NAVETTA TEATRO PER CHI ARRIVA DAL BELLUNESE<\/h4>\n<p>Il Teatro Navalge, teatro di riferimento per una vasta zona dolomitica interregionale, \u00e8 facilmente raggiungibile da Falcade con il servizio bus navetta.<\/p>\n<p><strong>Partenza alle ore 15:45 da Piazza Municipio a Falcade, costo 10 euro a persona. Fino a 18 anni si viaggia gratis.<\/strong><\/p>\n<p>Evita la ricerca di un posteggio macchina a Moena in pieno periodo turistico invernale e prenota subito!<\/p>\n<p><strong>La prenotazione \u00e8 obbligatoria e possibile fino alle ore 12 del 31 gennaio 2026.\u00a0<\/strong><br \/>\n<strong>Whatsapp +39 331 7149587<\/strong><br \/>\n<strong>Mail organizzazione@musedolomiti.it<\/strong><\/p>\n<ul>\n<li>l&#8217;orario di partenza da piazza municipio a Falcade \u00e8 stato anticipato, in rispetto al solito, per evitare il traffico di chiusura impianti sciistici e per assicurarvi di arrivare per tempo in Teatro. La partenza sar\u00e0 alle ore 15:45 e vi aspettiamo poco prima.<\/li>\n<li>La navetta vi lascer\u00e0 all&#8217;ingresso del parcheggio Navalge\u00a0 (2 minuti a piedi dal ingresso del teatro)<\/li>\n<li>Il costo \u00e8 di 10 euro complessivi a persona (5 euro andata, 5 euro ritorno)<\/li>\n<li>fino a 18 anni si viaggia gratis<\/li>\n<li>si pu\u00f2 prenotare anche solo andata, o solo ritorno<\/li>\n<li>chiediamo gentilmente di pagare in contanti all&#8217;arrivo in Teatro<\/li>\n<\/ul>\n","protected":false},"excerpt":{"rendered":"<p>Domenica 1 Febbraio 2026, ore 17:30 | Teatro Navalge di Moena \u00a0|\u00a0 INGRESSO LIBERO BUS NAVETTA! E&#8217; attivo il servizio &#8220;Navetta Teatro&#8221; andata e ritorno da Falcade al prezzo di&#8230; <\/p>\n<div class=\"clear\"><\/div>\n<p><a href=\"https:\/\/www.musedolomiti.it\/en\/evento\/hans-krasa-brundibar-2026-2\/\" class=\"gdlr-button with-border excerpt-read-more\">Read More<\/a><\/p>\n","protected":false},"author":2,"featured_media":6773,"template":"","meta":{"_acf_changed":false,"_tribe_events_status":"","_tribe_events_status_reason":"","footnotes":""},"tags":[],"tribe_events_cat":[61],"class_list":["post-7039","tribe_events","type-tribe_events","status-publish","has-post-thumbnail","hentry","tribe_events_cat-eventi","cat_eventi"],"acf":[],"yoast_head":"<!-- This site is optimized with the Yoast SEO plugin v27.1.1 - https:\/\/yoast.com\/product\/yoast-seo-wordpress\/ -->\n<title>HANS KR\u00c1SA: BRUNDIB\u00c1R - Le Muse e le Dolomiti<\/title>\n<meta name=\"description\" content=\"Scopri tutti gli eventi di Musica Classica organizzati dall&#039;Associazione &quot;Le Muse e le Dolomiti&quot;.\" \/>\n<meta name=\"robots\" content=\"index, follow, max-snippet:-1, max-image-preview:large, max-video-preview:-1\" \/>\n<link rel=\"canonical\" href=\"https:\/\/www.musedolomiti.it\/evento\/hans-krasa-brundibar-2026-2\/\" \/>\n<meta property=\"og:locale\" content=\"en_US\" \/>\n<meta property=\"og:type\" content=\"article\" \/>\n<meta property=\"og:title\" content=\"HANS KR\u00c1SA: BRUNDIB\u00c1R - Le Muse e le Dolomiti\" \/>\n<meta property=\"og:description\" content=\"Scopri tutti gli eventi di Musica Classica organizzati dall&#039;Associazione &quot;Le Muse e le Dolomiti&quot;.\" \/>\n<meta property=\"og:url\" content=\"https:\/\/www.musedolomiti.it\/evento\/hans-krasa-brundibar-2026-2\/\" \/>\n<meta property=\"og:site_name\" content=\"Le Muse e le Dolomiti\" \/>\n<meta property=\"article:publisher\" content=\"https:\/\/it-it.facebook.com\/musedolomiti\/\" \/>\n<meta property=\"article:modified_time\" content=\"2026-01-28T21:05:30+00:00\" \/>\n<meta property=\"og:image\" content=\"https:\/\/www.musedolomiti.it\/wp-content\/uploads\/2025\/07\/1500x100px_Dunio-Piccolin.jpg\" \/>\n\t<meta property=\"og:image:width\" content=\"1920\" \/>\n\t<meta property=\"og:image:height\" content=\"1280\" \/>\n\t<meta property=\"og:image:type\" content=\"image\/jpeg\" \/>\n<meta name=\"twitter:card\" content=\"summary_large_image\" \/>\n<meta name=\"twitter:label1\" content=\"Est. reading time\" \/>\n\t<meta name=\"twitter:data1\" content=\"5 minutes\" \/>\n<script type=\"application\/ld+json\" class=\"yoast-schema-graph\">{\"@context\":\"https:\/\/schema.org\",\"@graph\":[{\"@type\":\"WebPage\",\"@id\":\"https:\/\/www.musedolomiti.it\/evento\/hans-krasa-brundibar-2026-2\/\",\"url\":\"https:\/\/www.musedolomiti.it\/evento\/hans-krasa-brundibar-2026-2\/\",\"name\":\"HANS KR\u00c1SA: BRUNDIB\u00c1R - Le Muse e le Dolomiti\",\"isPartOf\":{\"@id\":\"https:\/\/www.musedolomiti.it\/en\/#website\"},\"primaryImageOfPage\":{\"@id\":\"https:\/\/www.musedolomiti.it\/evento\/hans-krasa-brundibar-2026-2\/#primaryimage\"},\"image\":{\"@id\":\"https:\/\/www.musedolomiti.it\/evento\/hans-krasa-brundibar-2026-2\/#primaryimage\"},\"thumbnailUrl\":\"https:\/\/www.musedolomiti.it\/wp-content\/uploads\/2025\/07\/1500x100px_Dunio-Piccolin.jpg\",\"datePublished\":\"2025-12-28T10:18:19+00:00\",\"dateModified\":\"2026-01-28T21:05:30+00:00\",\"description\":\"Scopri tutti gli eventi di Musica Classica organizzati dall'Associazione \\\"Le Muse e le Dolomiti\\\".\",\"breadcrumb\":{\"@id\":\"https:\/\/www.musedolomiti.it\/evento\/hans-krasa-brundibar-2026-2\/#breadcrumb\"},\"inLanguage\":\"en-US\",\"potentialAction\":[{\"@type\":\"ReadAction\",\"target\":[\"https:\/\/www.musedolomiti.it\/evento\/hans-krasa-brundibar-2026-2\/\"]}]},{\"@type\":\"ImageObject\",\"inLanguage\":\"en-US\",\"@id\":\"https:\/\/www.musedolomiti.it\/evento\/hans-krasa-brundibar-2026-2\/#primaryimage\",\"url\":\"https:\/\/www.musedolomiti.it\/wp-content\/uploads\/2025\/07\/1500x100px_Dunio-Piccolin.jpg\",\"contentUrl\":\"https:\/\/www.musedolomiti.it\/wp-content\/uploads\/2025\/07\/1500x100px_Dunio-Piccolin.jpg\",\"width\":1920,\"height\":1280},{\"@type\":\"BreadcrumbList\",\"@id\":\"https:\/\/www.musedolomiti.it\/evento\/hans-krasa-brundibar-2026-2\/#breadcrumb\",\"itemListElement\":[{\"@type\":\"ListItem\",\"position\":1,\"name\":\"Home\",\"item\":\"https:\/\/www.musedolomiti.it\/en\/\"},{\"@type\":\"ListItem\",\"position\":2,\"name\":\"Eventi\",\"item\":\"https:\/\/www.musedolomiti.it\/calendario\/\"},{\"@type\":\"ListItem\",\"position\":3,\"name\":\"HANS KR\u00c1SA: BRUNDIB\u00c1R\"}]},{\"@type\":\"WebSite\",\"@id\":\"https:\/\/www.musedolomiti.it\/en\/#website\",\"url\":\"https:\/\/www.musedolomiti.it\/en\/\",\"name\":\"Le Muse e le Dolomiti\",\"description\":\"Da Nord a Sud, da Est a Ovest, la Musica e il Belcanto uniscono il mondo.\",\"potentialAction\":[{\"@type\":\"SearchAction\",\"target\":{\"@type\":\"EntryPoint\",\"urlTemplate\":\"https:\/\/www.musedolomiti.it\/en\/?s={search_term_string}\"},\"query-input\":{\"@type\":\"PropertyValueSpecification\",\"valueRequired\":true,\"valueName\":\"search_term_string\"}}],\"inLanguage\":\"en-US\"}]}<\/script>\n<!-- \/ Yoast SEO plugin. -->","yoast_head_json":{"title":"HANS KR\u00c1SA: BRUNDIB\u00c1R - Le Muse e le Dolomiti","description":"Scopri tutti gli eventi di Musica Classica organizzati dall'Associazione \"Le Muse e le Dolomiti\".","robots":{"index":"index","follow":"follow","max-snippet":"max-snippet:-1","max-image-preview":"max-image-preview:large","max-video-preview":"max-video-preview:-1"},"canonical":"https:\/\/www.musedolomiti.it\/evento\/hans-krasa-brundibar-2026-2\/","og_locale":"en_US","og_type":"article","og_title":"HANS KR\u00c1SA: BRUNDIB\u00c1R - Le Muse e le Dolomiti","og_description":"Scopri tutti gli eventi di Musica Classica organizzati dall'Associazione \"Le Muse e le Dolomiti\".","og_url":"https:\/\/www.musedolomiti.it\/evento\/hans-krasa-brundibar-2026-2\/","og_site_name":"Le Muse e le Dolomiti","article_publisher":"https:\/\/it-it.facebook.com\/musedolomiti\/","article_modified_time":"2026-01-28T21:05:30+00:00","og_image":[{"width":1920,"height":1280,"url":"https:\/\/www.musedolomiti.it\/wp-content\/uploads\/2025\/07\/1500x100px_Dunio-Piccolin.jpg","type":"image\/jpeg"}],"twitter_card":"summary_large_image","twitter_misc":{"Est. reading time":"5 minutes"},"schema":{"@context":"https:\/\/schema.org","@graph":[{"@type":"WebPage","@id":"https:\/\/www.musedolomiti.it\/evento\/hans-krasa-brundibar-2026-2\/","url":"https:\/\/www.musedolomiti.it\/evento\/hans-krasa-brundibar-2026-2\/","name":"HANS KR\u00c1SA: BRUNDIB\u00c1R - Le Muse e le Dolomiti","isPartOf":{"@id":"https:\/\/www.musedolomiti.it\/en\/#website"},"primaryImageOfPage":{"@id":"https:\/\/www.musedolomiti.it\/evento\/hans-krasa-brundibar-2026-2\/#primaryimage"},"image":{"@id":"https:\/\/www.musedolomiti.it\/evento\/hans-krasa-brundibar-2026-2\/#primaryimage"},"thumbnailUrl":"https:\/\/www.musedolomiti.it\/wp-content\/uploads\/2025\/07\/1500x100px_Dunio-Piccolin.jpg","datePublished":"2025-12-28T10:18:19+00:00","dateModified":"2026-01-28T21:05:30+00:00","description":"Scopri tutti gli eventi di Musica Classica organizzati dall'Associazione \"Le Muse e le Dolomiti\".","breadcrumb":{"@id":"https:\/\/www.musedolomiti.it\/evento\/hans-krasa-brundibar-2026-2\/#breadcrumb"},"inLanguage":"en-US","potentialAction":[{"@type":"ReadAction","target":["https:\/\/www.musedolomiti.it\/evento\/hans-krasa-brundibar-2026-2\/"]}]},{"@type":"ImageObject","inLanguage":"en-US","@id":"https:\/\/www.musedolomiti.it\/evento\/hans-krasa-brundibar-2026-2\/#primaryimage","url":"https:\/\/www.musedolomiti.it\/wp-content\/uploads\/2025\/07\/1500x100px_Dunio-Piccolin.jpg","contentUrl":"https:\/\/www.musedolomiti.it\/wp-content\/uploads\/2025\/07\/1500x100px_Dunio-Piccolin.jpg","width":1920,"height":1280},{"@type":"BreadcrumbList","@id":"https:\/\/www.musedolomiti.it\/evento\/hans-krasa-brundibar-2026-2\/#breadcrumb","itemListElement":[{"@type":"ListItem","position":1,"name":"Home","item":"https:\/\/www.musedolomiti.it\/en\/"},{"@type":"ListItem","position":2,"name":"Eventi","item":"https:\/\/www.musedolomiti.it\/calendario\/"},{"@type":"ListItem","position":3,"name":"HANS KR\u00c1SA: BRUNDIB\u00c1R"}]},{"@type":"WebSite","@id":"https:\/\/www.musedolomiti.it\/en\/#website","url":"https:\/\/www.musedolomiti.it\/en\/","name":"Le Muse e le Dolomiti","description":"Da Nord a Sud, da Est a Ovest, la Musica e il Belcanto uniscono il mondo.","potentialAction":[{"@type":"SearchAction","target":{"@type":"EntryPoint","urlTemplate":"https:\/\/www.musedolomiti.it\/en\/?s={search_term_string}"},"query-input":{"@type":"PropertyValueSpecification","valueRequired":true,"valueName":"search_term_string"}}],"inLanguage":"en-US"}]}},"_links":{"self":[{"href":"https:\/\/www.musedolomiti.it\/en\/wp-json\/wp\/v2\/tribe_events\/7039","targetHints":{"allow":["GET"]}}],"collection":[{"href":"https:\/\/www.musedolomiti.it\/en\/wp-json\/wp\/v2\/tribe_events"}],"about":[{"href":"https:\/\/www.musedolomiti.it\/en\/wp-json\/wp\/v2\/types\/tribe_events"}],"author":[{"embeddable":true,"href":"https:\/\/www.musedolomiti.it\/en\/wp-json\/wp\/v2\/users\/2"}],"version-history":[{"count":9,"href":"https:\/\/www.musedolomiti.it\/en\/wp-json\/wp\/v2\/tribe_events\/7039\/revisions"}],"predecessor-version":[{"id":7062,"href":"https:\/\/www.musedolomiti.it\/en\/wp-json\/wp\/v2\/tribe_events\/7039\/revisions\/7062"}],"wp:featuredmedia":[{"embeddable":true,"href":"https:\/\/www.musedolomiti.it\/en\/wp-json\/wp\/v2\/media\/6773"}],"wp:attachment":[{"href":"https:\/\/www.musedolomiti.it\/en\/wp-json\/wp\/v2\/media?parent=7039"}],"wp:term":[{"taxonomy":"post_tag","embeddable":true,"href":"https:\/\/www.musedolomiti.it\/en\/wp-json\/wp\/v2\/tags?post=7039"},{"taxonomy":"tribe_events_cat","embeddable":true,"href":"https:\/\/www.musedolomiti.it\/en\/wp-json\/wp\/v2\/tribe_events_cat?post=7039"}],"curies":[{"name":"wp","href":"https:\/\/api.w.org\/{rel}","templated":true}]}}